

{"id":30220,"date":"2020-01-02T11:47:58","date_gmt":"2020-01-02T10:47:58","guid":{"rendered":"http:\/\/visitemporda.com\/recomenacions\/propostes\/territori-i-natura\/el-mar-i-la-costa\/flora-i-fauna\/"},"modified":"2021-05-14T21:40:55","modified_gmt":"2021-05-14T19:40:55","slug":"flora-i-fauna","status":"publish","type":"page","link":"https:\/\/visitemporda.com\/fr\/recomenacions\/propostes\/territori-i-natura\/el-mar-i-la-costa\/flora-i-fauna\/","title":{"rendered":"Flore et faune"},"content":{"rendered":"<p>Depuis la mer, la c\u00f4te est d\u2019une beaut\u00e9 incomparable. Son relief singulier, pr\u00e9domin\u00e9 par les imposantes falaises et les diff\u00e9rents terrains rocailleux, est accompagn\u00e9 par une flore et une faune autochtone.\u00a0 La pr\u00e9sence d\u2019espaces littoraux prot\u00e9g\u00e9s le long du canton contribuent \u00e0 pr\u00e9server les habitats et les esp\u00e8ces locales terrestres comme marines.<\/p>\n<p>La pr\u00e9sence de for\u00eats de <strong>ch\u00eane-li\u00e8ge<\/strong> sur des formations granitiques est une caract\u00e9ristique du sud du canton, remarquable sur le massif de l\u2019Ardenya ou Cadiretes. De son c\u00f4t\u00e9, au nord, la c\u00f4te du Montgr\u00ed s\u2019ouvre sur la mer avec des falaises \u00e9lev\u00e9es d\u2019origine calcaire peupl\u00e9es d\u2019esp\u00e8ces v\u00e9g\u00e9tales telles que le <strong>fenouil de mer, les statices ou le plantain marin.<\/strong>\u00a0 Des animaux comme <strong>le Hibou grand-duc, l\u2019aigle de Bonelli, le cormoran hupp\u00e9 et les chauves-souris<\/strong> habitent cette zone.<\/p>\n<p>Le Parc Naturel du Montgr\u00ed, les \u00celes Medes et le Baix Ter fourmillent d\u2019habitats diff\u00e9rents. Les kilom\u00e8tres de plage sont \u00e9galement bord\u00e9s de formations dunaires littorales. On y trouve de la v\u00e9g\u00e9tation telle que le roseau des sables et des oiseaux comme <strong>le gravelot \u00e0 collier interrompu<\/strong>.<\/p>\n<p>Le contact entre le fleuve Ter et la mer a donn\u00e9 naissance \u00e0 une zone de mar\u00e9cages et de marais dont la valeur \u00e9cologique est consid\u00e9rable. Les oiseaux migrateurs viennent s\u2019y arr\u00eater. C\u2019est le cas de certaines esp\u00e8ces telles que <strong>le canard col vert, le H\u00e9ron garde-b\u0153ufs, le butor ou le Busard des roseaux.<\/strong><\/p>\n<p>Le c\u0153ur du canton fait \u00e9galement partie de diff\u00e9rents espaces prot\u00e9g\u00e9s tels que les Montagnes de Begur ou Castell \u2013 Cap Roig. Le paysage caract\u00e9ristique de la Costa Brava est de plus en plus pr\u00e9domin\u00e9 par des for\u00eats de ch\u00eanes-li\u00e8ges et de pin\u00e8des (surtout de pins blancs et de pins pignons) \u00e9galement accompagn\u00e9es de quelques ch\u00eanes.<\/p>\n<p>Dans ces espaces, la pr\u00e9sence d\u2019esp\u00e8ces animales se r\u00e9sume \u00e0 la pr\u00e9sence de diff\u00e9rents oiseaux tels que, par exemple,<strong> le martinet p\u00e2le, le cormoran hupp\u00e9 ou diff\u00e9rentes esp\u00e8ces de mouettes et de chauves-souris.<\/strong><\/p>\n<p>Mais la mer du Baix Empord\u00e0 cache une importante source de vie dans ses profondeurs. Elle compte beaucoup d\u2019habitats marins, notamment autour des \u00celes Medes, un espace inclus dans le parc naturel qui conserve des coins vivants avec diff\u00e9rents tunnels, grottes et cavit\u00e9s sous-marines. Il y a \u00e9galement beaucoup de <strong><em>Posidonia<\/em>, de corallig\u00e8ne, de gorgones rouges ou de corail rouge.<\/strong> Cet environnement marin comprend \u00e9galement des poissons comme <strong>le noir, la raie pastenague, le corb, le sar \u00e0 grosses l\u00e8vres et la daurade.<\/strong><\/p>\n<p>D\u2019autres zones du littoral conservent \u00e9galement un important patrimoine naturel dans leur fond marin dont <strong>la <em>Posidonia<\/em><\/strong> dans la zone centrale et des formations de <strong>ma\u00ebrl<\/strong> (accumulation d\u2019algues rouges calcaires) au sud.<\/p>\n","protected":false},"excerpt":{"rendered":"<p>Depuis la mer, la c\u00f4te est d\u2019une beaut\u00e9 incomparable. Son relief singulier, pr\u00e9domin\u00e9 par les imposantes falaises et les diff\u00e9rents terrains rocailleux, est accompagn\u00e9 par une flore et une faune autochtone.\u00a0 La pr\u00e9sence d\u2019espaces littoraux prot\u00e9g\u00e9s le long du canton contribuent \u00e0 pr\u00e9server les habitats et les esp\u00e8ces locales terrestres comme marines. La pr\u00e9sence de [&hellip;]<\/p>\n","protected":false},"author":2,"featured_media":13908,"parent":19795,"menu_order":0,"comment_status":"closed","ping_status":"closed","template":"page-templates\/fitxa-campanyes-gastronomiques.php","meta":{"_acf_changed":false,"footnotes":""},"class_list":["post-30220","page","type-page","status-publish","has-post-thumbnail","hentry"],"acf":[],"yoast_head":"<!-- This site is optimized with the Yoast SEO plugin v27.4 - https:\/\/yoast.com\/product\/yoast-seo-wordpress\/ -->\n<title>Flore et faune - Visit Empord\u00e0<\/title>\n<meta name=\"robots\" content=\"index, follow, max-snippet:-1, max-image-preview:large, max-video-preview:-1\" \/>\n<link rel=\"canonical\" href=\"https:\/\/visitemporda.com\/fr\/recomenacions\/propostes\/territori-i-natura\/el-mar-i-la-costa\/flora-i-fauna\/\" \/>\n<meta property=\"og:locale\" content=\"fr_FR\" \/>\n<meta property=\"og:type\" content=\"article\" \/>\n<meta property=\"og:title\" content=\"Flore et faune - Visit Empord\u00e0\" \/>\n<meta property=\"og:description\" content=\"Depuis la mer, la c\u00f4te est d\u2019une beaut\u00e9 incomparable. Son relief singulier, pr\u00e9domin\u00e9 par les imposantes falaises et les diff\u00e9rents terrains rocailleux, est accompagn\u00e9 par une flore et une faune autochtone.\u00a0 La pr\u00e9sence d\u2019espaces littoraux prot\u00e9g\u00e9s le long du canton contribuent \u00e0 pr\u00e9server les habitats et les esp\u00e8ces locales terrestres comme marines. La pr\u00e9sence de [&hellip;]\" \/>\n<meta property=\"og:url\" content=\"https:\/\/visitemporda.com\/fr\/recomenacions\/propostes\/territori-i-natura\/el-mar-i-la-costa\/flora-i-fauna\/\" \/>\n<meta property=\"og:site_name\" content=\"Visit Empord\u00e0\" \/>\n<meta property=\"article:publisher\" content=\"https:\/\/www.facebook.com\/baixempordaturisme\" \/>\n<meta property=\"article:modified_time\" content=\"2021-05-14T19:40:55+00:00\" \/>\n<meta property=\"og:image\" content=\"https:\/\/visitemporda.com\/wp-content\/uploads\/2019\/12\/DSC00276-1024x768.jpg\" \/>\n\t<meta property=\"og:image:width\" content=\"1024\" \/>\n\t<meta property=\"og:image:height\" content=\"768\" \/>\n\t<meta property=\"og:image:type\" content=\"image\/jpeg\" \/>\n<meta name=\"twitter:card\" content=\"summary_large_image\" \/>\n<meta name=\"twitter:site\" content=\"@baixemporda_tur\" \/>\n<meta name=\"twitter:label1\" content=\"Dur\u00e9e de lecture estim\u00e9e\" \/>\n\t<meta name=\"twitter:data1\" content=\"2 minutes\" \/>\n<script type=\"application\/ld+json\" class=\"yoast-schema-graph\">{\"@context\":\"https:\\\/\\\/schema.org\",\"@graph\":[{\"@type\":\"WebPage\",\"@id\":\"https:\\\/\\\/visitemporda.com\\\/fr\\\/recomenacions\\\/propostes\\\/territori-i-natura\\\/el-mar-i-la-costa\\\/flora-i-fauna\\\/\",\"url\":\"https:\\\/\\\/visitemporda.com\\\/fr\\\/recomenacions\\\/propostes\\\/territori-i-natura\\\/el-mar-i-la-costa\\\/flora-i-fauna\\\/\",\"name\":\"Flore et faune - Visit Empord\u00e0\",\"isPartOf\":{\"@id\":\"https:\\\/\\\/visitemporda.com\\\/fr\\\/#website\"},\"primaryImageOfPage\":{\"@id\":\"https:\\\/\\\/visitemporda.com\\\/fr\\\/recomenacions\\\/propostes\\\/territori-i-natura\\\/el-mar-i-la-costa\\\/flora-i-fauna\\\/#primaryimage\"},\"image\":{\"@id\":\"https:\\\/\\\/visitemporda.com\\\/fr\\\/recomenacions\\\/propostes\\\/territori-i-natura\\\/el-mar-i-la-costa\\\/flora-i-fauna\\\/#primaryimage\"},\"thumbnailUrl\":\"https:\\\/\\\/visitemporda.com\\\/wp-content\\\/uploads\\\/2019\\\/12\\\/DSC00276.jpg\",\"datePublished\":\"2020-01-02T10:47:58+00:00\",\"dateModified\":\"2021-05-14T19:40:55+00:00\",\"breadcrumb\":{\"@id\":\"https:\\\/\\\/visitemporda.com\\\/fr\\\/recomenacions\\\/propostes\\\/territori-i-natura\\\/el-mar-i-la-costa\\\/flora-i-fauna\\\/#breadcrumb\"},\"inLanguage\":\"fr-FR\",\"potentialAction\":[{\"@type\":\"ReadAction\",\"target\":[\"https:\\\/\\\/visitemporda.com\\\/fr\\\/recomenacions\\\/propostes\\\/territori-i-natura\\\/el-mar-i-la-costa\\\/flora-i-fauna\\\/\"]}]},{\"@type\":\"ImageObject\",\"inLanguage\":\"fr-FR\",\"@id\":\"https:\\\/\\\/visitemporda.com\\\/fr\\\/recomenacions\\\/propostes\\\/territori-i-natura\\\/el-mar-i-la-costa\\\/flora-i-fauna\\\/#primaryimage\",\"url\":\"https:\\\/\\\/visitemporda.com\\\/wp-content\\\/uploads\\\/2019\\\/12\\\/DSC00276.jpg\",\"contentUrl\":\"https:\\\/\\\/visitemporda.com\\\/wp-content\\\/uploads\\\/2019\\\/12\\\/DSC00276.jpg\",\"width\":4896,\"height\":3672,\"caption\":\"gavina a dalt d'un arbre on hi t\u00e9 un niu\"},{\"@type\":\"BreadcrumbList\",\"@id\":\"https:\\\/\\\/visitemporda.com\\\/fr\\\/recomenacions\\\/propostes\\\/territori-i-natura\\\/el-mar-i-la-costa\\\/flora-i-fauna\\\/#breadcrumb\",\"itemListElement\":[{\"@type\":\"ListItem\",\"position\":1,\"name\":\"Inici\",\"item\":\"https:\\\/\\\/visitemporda.com\\\/fr\\\/\"},{\"@type\":\"ListItem\",\"position\":2,\"name\":\"Recommandations\",\"item\":\"https:\\\/\\\/visitemporda.com\\\/fr\\\/recomenacions\\\/\"},{\"@type\":\"ListItem\",\"position\":3,\"name\":\"Quoi faire\",\"item\":\"https:\\\/\\\/visitemporda.com\\\/fr\\\/recomenacions\\\/propostes\\\/\"},{\"@type\":\"ListItem\",\"position\":4,\"name\":\"Propositions de nature\",\"item\":\"https:\\\/\\\/visitemporda.com\\\/fr\\\/recomenacions\\\/propostes\\\/territori-i-natura\\\/\"},{\"@type\":\"ListItem\",\"position\":5,\"name\":\"La mer et la c\u00f4te\",\"item\":\"https:\\\/\\\/visitemporda.com\\\/fr\\\/recomenacions\\\/propostes\\\/territori-i-natura\\\/el-mar-i-la-costa\\\/\"},{\"@type\":\"ListItem\",\"position\":6,\"name\":\"Flore et faune\"}]},{\"@type\":\"WebSite\",\"@id\":\"https:\\\/\\\/visitemporda.com\\\/fr\\\/#website\",\"url\":\"https:\\\/\\\/visitemporda.com\\\/fr\\\/\",\"name\":\"Visit Empord\u00e0\",\"description\":\"Site officiel du tourisme du Baix Empord\u00e0\",\"publisher\":{\"@id\":\"https:\\\/\\\/visitemporda.com\\\/fr\\\/#organization\"},\"potentialAction\":[{\"@type\":\"SearchAction\",\"target\":{\"@type\":\"EntryPoint\",\"urlTemplate\":\"https:\\\/\\\/visitemporda.com\\\/fr\\\/?s={search_term_string}\"},\"query-input\":{\"@type\":\"PropertyValueSpecification\",\"valueRequired\":true,\"valueName\":\"search_term_string\"}}],\"inLanguage\":\"fr-FR\"},{\"@type\":\"Organization\",\"@id\":\"https:\\\/\\\/visitemporda.com\\\/fr\\\/#organization\",\"name\":\"Consell Comarcal del Baix Empord\u00e0\",\"url\":\"https:\\\/\\\/visitemporda.com\\\/fr\\\/\",\"logo\":{\"@type\":\"ImageObject\",\"inLanguage\":\"fr-FR\",\"@id\":\"https:\\\/\\\/visitemporda.com\\\/fr\\\/#\\\/schema\\\/logo\\\/image\\\/\",\"url\":\"https:\\\/\\\/visitemporda.com\\\/wp-content\\\/uploads\\\/2024\\\/11\\\/Logotip_CCBE.png\",\"contentUrl\":\"https:\\\/\\\/visitemporda.com\\\/wp-content\\\/uploads\\\/2024\\\/11\\\/Logotip_CCBE.png\",\"width\":3617,\"height\":3617,\"caption\":\"Consell Comarcal del Baix Empord\u00e0\"},\"image\":{\"@id\":\"https:\\\/\\\/visitemporda.com\\\/fr\\\/#\\\/schema\\\/logo\\\/image\\\/\"},\"sameAs\":[\"https:\\\/\\\/www.facebook.com\\\/baixempordaturisme\",\"https:\\\/\\\/x.com\\\/baixemporda_tur\",\"https:\\\/\\\/www.instagram.com\\\/visitemporda\"]}]}<\/script>\n<!-- \/ Yoast SEO plugin. -->","yoast_head_json":{"title":"Flore et faune - Visit Empord\u00e0","robots":{"index":"index","follow":"follow","max-snippet":"max-snippet:-1","max-image-preview":"max-image-preview:large","max-video-preview":"max-video-preview:-1"},"canonical":"https:\/\/visitemporda.com\/fr\/recomenacions\/propostes\/territori-i-natura\/el-mar-i-la-costa\/flora-i-fauna\/","og_locale":"fr_FR","og_type":"article","og_title":"Flore et faune - Visit Empord\u00e0","og_description":"Depuis la mer, la c\u00f4te est d\u2019une beaut\u00e9 incomparable. Son relief singulier, pr\u00e9domin\u00e9 par les imposantes falaises et les diff\u00e9rents terrains rocailleux, est accompagn\u00e9 par une flore et une faune autochtone.\u00a0 La pr\u00e9sence d\u2019espaces littoraux prot\u00e9g\u00e9s le long du canton contribuent \u00e0 pr\u00e9server les habitats et les esp\u00e8ces locales terrestres comme marines. La pr\u00e9sence de [&hellip;]","og_url":"https:\/\/visitemporda.com\/fr\/recomenacions\/propostes\/territori-i-natura\/el-mar-i-la-costa\/flora-i-fauna\/","og_site_name":"Visit Empord\u00e0","article_publisher":"https:\/\/www.facebook.com\/baixempordaturisme","article_modified_time":"2021-05-14T19:40:55+00:00","og_image":[{"width":1024,"height":768,"url":"https:\/\/visitemporda.com\/wp-content\/uploads\/2019\/12\/DSC00276-1024x768.jpg","type":"image\/jpeg"}],"twitter_card":"summary_large_image","twitter_site":"@baixemporda_tur","twitter_misc":{"Dur\u00e9e de lecture estim\u00e9e":"2 minutes"},"schema":{"@context":"https:\/\/schema.org","@graph":[{"@type":"WebPage","@id":"https:\/\/visitemporda.com\/fr\/recomenacions\/propostes\/territori-i-natura\/el-mar-i-la-costa\/flora-i-fauna\/","url":"https:\/\/visitemporda.com\/fr\/recomenacions\/propostes\/territori-i-natura\/el-mar-i-la-costa\/flora-i-fauna\/","name":"Flore et faune - Visit Empord\u00e0","isPartOf":{"@id":"https:\/\/visitemporda.com\/fr\/#website"},"primaryImageOfPage":{"@id":"https:\/\/visitemporda.com\/fr\/recomenacions\/propostes\/territori-i-natura\/el-mar-i-la-costa\/flora-i-fauna\/#primaryimage"},"image":{"@id":"https:\/\/visitemporda.com\/fr\/recomenacions\/propostes\/territori-i-natura\/el-mar-i-la-costa\/flora-i-fauna\/#primaryimage"},"thumbnailUrl":"https:\/\/visitemporda.com\/wp-content\/uploads\/2019\/12\/DSC00276.jpg","datePublished":"2020-01-02T10:47:58+00:00","dateModified":"2021-05-14T19:40:55+00:00","breadcrumb":{"@id":"https:\/\/visitemporda.com\/fr\/recomenacions\/propostes\/territori-i-natura\/el-mar-i-la-costa\/flora-i-fauna\/#breadcrumb"},"inLanguage":"fr-FR","potentialAction":[{"@type":"ReadAction","target":["https:\/\/visitemporda.com\/fr\/recomenacions\/propostes\/territori-i-natura\/el-mar-i-la-costa\/flora-i-fauna\/"]}]},{"@type":"ImageObject","inLanguage":"fr-FR","@id":"https:\/\/visitemporda.com\/fr\/recomenacions\/propostes\/territori-i-natura\/el-mar-i-la-costa\/flora-i-fauna\/#primaryimage","url":"https:\/\/visitemporda.com\/wp-content\/uploads\/2019\/12\/DSC00276.jpg","contentUrl":"https:\/\/visitemporda.com\/wp-content\/uploads\/2019\/12\/DSC00276.jpg","width":4896,"height":3672,"caption":"gavina a dalt d'un arbre on hi t\u00e9 un niu"},{"@type":"BreadcrumbList","@id":"https:\/\/visitemporda.com\/fr\/recomenacions\/propostes\/territori-i-natura\/el-mar-i-la-costa\/flora-i-fauna\/#breadcrumb","itemListElement":[{"@type":"ListItem","position":1,"name":"Inici","item":"https:\/\/visitemporda.com\/fr\/"},{"@type":"ListItem","position":2,"name":"Recommandations","item":"https:\/\/visitemporda.com\/fr\/recomenacions\/"},{"@type":"ListItem","position":3,"name":"Quoi faire","item":"https:\/\/visitemporda.com\/fr\/recomenacions\/propostes\/"},{"@type":"ListItem","position":4,"name":"Propositions de nature","item":"https:\/\/visitemporda.com\/fr\/recomenacions\/propostes\/territori-i-natura\/"},{"@type":"ListItem","position":5,"name":"La mer et la c\u00f4te","item":"https:\/\/visitemporda.com\/fr\/recomenacions\/propostes\/territori-i-natura\/el-mar-i-la-costa\/"},{"@type":"ListItem","position":6,"name":"Flore et faune"}]},{"@type":"WebSite","@id":"https:\/\/visitemporda.com\/fr\/#website","url":"https:\/\/visitemporda.com\/fr\/","name":"Visit Empord\u00e0","description":"Site officiel du tourisme du Baix Empord\u00e0","publisher":{"@id":"https:\/\/visitemporda.com\/fr\/#organization"},"potentialAction":[{"@type":"SearchAction","target":{"@type":"EntryPoint","urlTemplate":"https:\/\/visitemporda.com\/fr\/?s={search_term_string}"},"query-input":{"@type":"PropertyValueSpecification","valueRequired":true,"valueName":"search_term_string"}}],"inLanguage":"fr-FR"},{"@type":"Organization","@id":"https:\/\/visitemporda.com\/fr\/#organization","name":"Consell Comarcal del Baix Empord\u00e0","url":"https:\/\/visitemporda.com\/fr\/","logo":{"@type":"ImageObject","inLanguage":"fr-FR","@id":"https:\/\/visitemporda.com\/fr\/#\/schema\/logo\/image\/","url":"https:\/\/visitemporda.com\/wp-content\/uploads\/2024\/11\/Logotip_CCBE.png","contentUrl":"https:\/\/visitemporda.com\/wp-content\/uploads\/2024\/11\/Logotip_CCBE.png","width":3617,"height":3617,"caption":"Consell Comarcal del Baix Empord\u00e0"},"image":{"@id":"https:\/\/visitemporda.com\/fr\/#\/schema\/logo\/image\/"},"sameAs":["https:\/\/www.facebook.com\/baixempordaturisme","https:\/\/x.com\/baixemporda_tur","https:\/\/www.instagram.com\/visitemporda"]}]}},"_links":{"self":[{"href":"https:\/\/visitemporda.com\/fr\/wp-json\/wp\/v2\/pages\/30220","targetHints":{"allow":["GET"]}}],"collection":[{"href":"https:\/\/visitemporda.com\/fr\/wp-json\/wp\/v2\/pages"}],"about":[{"href":"https:\/\/visitemporda.com\/fr\/wp-json\/wp\/v2\/types\/page"}],"author":[{"embeddable":true,"href":"https:\/\/visitemporda.com\/fr\/wp-json\/wp\/v2\/users\/2"}],"replies":[{"embeddable":true,"href":"https:\/\/visitemporda.com\/fr\/wp-json\/wp\/v2\/comments?post=30220"}],"version-history":[{"count":3,"href":"https:\/\/visitemporda.com\/fr\/wp-json\/wp\/v2\/pages\/30220\/revisions"}],"predecessor-version":[{"id":30225,"href":"https:\/\/visitemporda.com\/fr\/wp-json\/wp\/v2\/pages\/30220\/revisions\/30225"}],"up":[{"embeddable":true,"href":"https:\/\/visitemporda.com\/fr\/wp-json\/wp\/v2\/pages\/19795"}],"wp:featuredmedia":[{"embeddable":true,"href":"https:\/\/visitemporda.com\/fr\/wp-json\/wp\/v2\/media\/13908"}],"wp:attachment":[{"href":"https:\/\/visitemporda.com\/fr\/wp-json\/wp\/v2\/media?parent=30220"}],"curies":[{"name":"wp","href":"https:\/\/api.w.org\/{rel}","templated":true}]}}