

{"id":22914,"date":"2020-07-02T13:50:53","date_gmt":"2020-07-02T11:50:53","guid":{"rendered":"http:\/\/visitemporda.com\/professionals\/empreses\/serveis-a-les-empreses\/"},"modified":"2021-05-06T18:15:39","modified_gmt":"2021-05-06T16:15:39","slug":"serveis-a-les-empreses","status":"publish","type":"page","link":"https:\/\/visitemporda.com\/fr\/professionals\/empreses\/serveis-a-les-empreses\/","title":{"rendered":"Services aux entreprises"},"content":{"rendered":"<p><strong><u>Service d\u2019information touristique <\/u><\/strong><\/p>\n<p>Diff\u00e9rente documentation \u00e0 caract\u00e8re informatif et touristique \u00e0 la disposition de toutes les entreprises du canton en vue d\u2019informer leurs clients sur les principaux atouts et ressources du canton.<\/p>\n<p><a href=\"https:\/\/visitemporda.com\/fr\/planifica\/publicacions\/\" target=\"_blank\" rel=\"noopener noreferrer\">Consultez nos publications<\/a><\/p>\n<p><strong><u>Service de diffusion touristique<\/u><\/strong><\/p>\n<p>Diffusion individuelle de tous les \u00e9tablissements touristiques sur le site Web (<a href=\"http:\/\/www.visitemporda.com\/\">www.visitemporda.com<\/a>). Participation \u00e0 des actions d\u2019accompagnement \u00e0 la diffusion du territoire gr\u00e2ce \u00e0 diff\u00e9rents formats num\u00e9riques (Web et r\u00e9seaux sociaux) ou formats imprim\u00e9s (publications et documentation promotionnelle du canton).<\/p>\n<p><strong><u>Service d\u2019aide \u00e0 la cr\u00e9ation de produits<\/u><\/strong><\/p>\n<p>Information et service de conseil aux entreprises touristiques en termes de cr\u00e9ation de produits, sp\u00e9cialisation dans le tourisme actif, culturel, agroalimentaire, accessible et tourisme responsable.<\/p>\n<p><strong><u>Service d\u2019aide \u00e0 la commercialisation<\/u><\/strong><\/p>\n<p>Information sur les march\u00e9s et agences de voyages. Incitation \u00e0 la cr\u00e9ation d\u2019exp\u00e9riences touristiques et participation \u00e0 la diffusion via le site Web touristique du canton.<\/p>\n<p><strong><u>Service d\u2019analyse de donn\u00e9es <\/u><\/strong><\/p>\n<p>Information statistique sur l&rsquo;activit\u00e9 touristique et \u00e9conomique du canton. Mise \u00e0 disposition de rapports assortis de donn\u00e9es et d\u2019indicateurs cantonaux. Pour consulter les donn\u00e9es et t\u00e9l\u00e9charger le rapport\u00a0:<\/p>\n<p><strong><u>Service d\u2019utilisation d\u2019images et de vid\u00e9os<\/u><\/strong><\/p>\n<p>Mise \u00e0 disposition d\u2019images et de vid\u00e9os \u00e0 utiliser en vue de promouvoir les atouts touristiques cantonaux et encourager davantage l&rsquo;activit\u00e9 touristique au sein du territoire.<\/p>\n<p>&nbsp;<\/p>\n<p>&nbsp;<\/p>\n","protected":false},"excerpt":{"rendered":"<p>Service d\u2019information touristique Diff\u00e9rente documentation \u00e0 caract\u00e8re informatif et touristique \u00e0 la disposition de toutes les entreprises du canton en vue d\u2019informer leurs clients sur les principaux atouts et ressources du canton. Consultez nos publications Service de diffusion touristique Diffusion individuelle de tous les \u00e9tablissements touristiques sur le site Web (www.visitemporda.com). Participation \u00e0 des actions [&hellip;]<\/p>\n","protected":false},"author":5,"featured_media":22724,"parent":22910,"menu_order":0,"comment_status":"closed","ping_status":"closed","template":"page-templates\/fitxa-campanyes-gastronomiques.php","meta":{"_acf_changed":false,"footnotes":""},"class_list":["post-22914","page","type-page","status-publish","has-post-thumbnail","hentry"],"acf":[],"yoast_head":"<!-- This site is optimized with the Yoast SEO plugin v27.5 - https:\/\/yoast.com\/product\/yoast-seo-wordpress\/ -->\n<title>Services aux entreprises - Visit Empord\u00e0<\/title>\n<meta name=\"robots\" content=\"index, follow, max-snippet:-1, max-image-preview:large, max-video-preview:-1\" \/>\n<link rel=\"canonical\" href=\"https:\/\/visitemporda.com\/fr\/professionals\/empreses\/serveis-a-les-empreses\/\" \/>\n<meta property=\"og:locale\" content=\"fr_FR\" \/>\n<meta property=\"og:type\" content=\"article\" \/>\n<meta property=\"og:title\" content=\"Services aux entreprises - Visit Empord\u00e0\" \/>\n<meta property=\"og:description\" content=\"Service d\u2019information touristique Diff\u00e9rente documentation \u00e0 caract\u00e8re informatif et touristique \u00e0 la disposition de toutes les entreprises du canton en vue d\u2019informer leurs clients sur les principaux atouts et ressources du canton. Consultez nos publications Service de diffusion touristique Diffusion individuelle de tous les \u00e9tablissements touristiques sur le site Web (www.visitemporda.com). Participation \u00e0 des actions [&hellip;]\" \/>\n<meta property=\"og:url\" content=\"https:\/\/visitemporda.com\/fr\/professionals\/empreses\/serveis-a-les-empreses\/\" \/>\n<meta property=\"og:site_name\" content=\"Visit Empord\u00e0\" \/>\n<meta property=\"article:publisher\" content=\"https:\/\/www.facebook.com\/baixempordaturisme\" \/>\n<meta property=\"article:modified_time\" content=\"2021-05-06T16:15:39+00:00\" \/>\n<meta property=\"og:image\" content=\"https:\/\/visitemporda.com\/wp-content\/uploads\/2021\/04\/Dise\u00f1o-sin-t\u00edtulo-1.jpg\" \/>\n\t<meta property=\"og:image:width\" content=\"1747\" \/>\n\t<meta property=\"og:image:height\" content=\"1240\" \/>\n\t<meta property=\"og:image:type\" content=\"image\/jpeg\" \/>\n<meta name=\"twitter:card\" content=\"summary_large_image\" \/>\n<meta name=\"twitter:site\" content=\"@baixemporda_tur\" \/>\n<meta name=\"twitter:label1\" content=\"Dur\u00e9e de lecture estim\u00e9e\" \/>\n\t<meta name=\"twitter:data1\" content=\"1 minute\" \/>\n<script type=\"application\/ld+json\" class=\"yoast-schema-graph\">{\"@context\":\"https:\\\/\\\/schema.org\",\"@graph\":[{\"@type\":\"WebPage\",\"@id\":\"https:\\\/\\\/visitemporda.com\\\/fr\\\/professionals\\\/empreses\\\/serveis-a-les-empreses\\\/\",\"url\":\"https:\\\/\\\/visitemporda.com\\\/fr\\\/professionals\\\/empreses\\\/serveis-a-les-empreses\\\/\",\"name\":\"Services aux entreprises - Visit Empord\u00e0\",\"isPartOf\":{\"@id\":\"https:\\\/\\\/visitemporda.com\\\/fr\\\/#website\"},\"primaryImageOfPage\":{\"@id\":\"https:\\\/\\\/visitemporda.com\\\/fr\\\/professionals\\\/empreses\\\/serveis-a-les-empreses\\\/#primaryimage\"},\"image\":{\"@id\":\"https:\\\/\\\/visitemporda.com\\\/fr\\\/professionals\\\/empreses\\\/serveis-a-les-empreses\\\/#primaryimage\"},\"thumbnailUrl\":\"https:\\\/\\\/visitemporda.com\\\/wp-content\\\/uploads\\\/2021\\\/04\\\/Dise\u00f1o-sin-t\u00edtulo-1.jpg\",\"datePublished\":\"2020-07-02T11:50:53+00:00\",\"dateModified\":\"2021-05-06T16:15:39+00:00\",\"breadcrumb\":{\"@id\":\"https:\\\/\\\/visitemporda.com\\\/fr\\\/professionals\\\/empreses\\\/serveis-a-les-empreses\\\/#breadcrumb\"},\"inLanguage\":\"fr-FR\",\"potentialAction\":[{\"@type\":\"ReadAction\",\"target\":[\"https:\\\/\\\/visitemporda.com\\\/fr\\\/professionals\\\/empreses\\\/serveis-a-les-empreses\\\/\"]}]},{\"@type\":\"ImageObject\",\"inLanguage\":\"fr-FR\",\"@id\":\"https:\\\/\\\/visitemporda.com\\\/fr\\\/professionals\\\/empreses\\\/serveis-a-les-empreses\\\/#primaryimage\",\"url\":\"https:\\\/\\\/visitemporda.com\\\/wp-content\\\/uploads\\\/2021\\\/04\\\/Dise\u00f1o-sin-t\u00edtulo-1.jpg\",\"contentUrl\":\"https:\\\/\\\/visitemporda.com\\\/wp-content\\\/uploads\\\/2021\\\/04\\\/Dise\u00f1o-sin-t\u00edtulo-1.jpg\",\"width\":1747,\"height\":1240,\"caption\":\"Carpeta blanca amb el logotip empord\u00e0 amb una m\u00e0 que l'agafa\"},{\"@type\":\"BreadcrumbList\",\"@id\":\"https:\\\/\\\/visitemporda.com\\\/fr\\\/professionals\\\/empreses\\\/serveis-a-les-empreses\\\/#breadcrumb\",\"itemListElement\":[{\"@type\":\"ListItem\",\"position\":1,\"name\":\"Inici\",\"item\":\"https:\\\/\\\/visitemporda.com\\\/fr\\\/\"},{\"@type\":\"ListItem\",\"position\":2,\"name\":\"Professionnels\",\"item\":\"https:\\\/\\\/visitemporda.com\\\/fr\\\/professionals\\\/\"},{\"@type\":\"ListItem\",\"position\":3,\"name\":\"Entreprises touristiques\",\"item\":\"https:\\\/\\\/visitemporda.com\\\/fr\\\/professionals\\\/empreses\\\/\"},{\"@type\":\"ListItem\",\"position\":4,\"name\":\"Services aux entreprises\"}]},{\"@type\":\"WebSite\",\"@id\":\"https:\\\/\\\/visitemporda.com\\\/fr\\\/#website\",\"url\":\"https:\\\/\\\/visitemporda.com\\\/fr\\\/\",\"name\":\"Visit Empord\u00e0\",\"description\":\"Site officiel du tourisme du Baix Empord\u00e0\",\"publisher\":{\"@id\":\"https:\\\/\\\/visitemporda.com\\\/fr\\\/#organization\"},\"potentialAction\":[{\"@type\":\"SearchAction\",\"target\":{\"@type\":\"EntryPoint\",\"urlTemplate\":\"https:\\\/\\\/visitemporda.com\\\/fr\\\/?s={search_term_string}\"},\"query-input\":{\"@type\":\"PropertyValueSpecification\",\"valueRequired\":true,\"valueName\":\"search_term_string\"}}],\"inLanguage\":\"fr-FR\"},{\"@type\":\"Organization\",\"@id\":\"https:\\\/\\\/visitemporda.com\\\/fr\\\/#organization\",\"name\":\"Consell Comarcal del Baix Empord\u00e0\",\"url\":\"https:\\\/\\\/visitemporda.com\\\/fr\\\/\",\"logo\":{\"@type\":\"ImageObject\",\"inLanguage\":\"fr-FR\",\"@id\":\"https:\\\/\\\/visitemporda.com\\\/fr\\\/#\\\/schema\\\/logo\\\/image\\\/\",\"url\":\"https:\\\/\\\/visitemporda.com\\\/wp-content\\\/uploads\\\/2024\\\/11\\\/Logotip_CCBE.png\",\"contentUrl\":\"https:\\\/\\\/visitemporda.com\\\/wp-content\\\/uploads\\\/2024\\\/11\\\/Logotip_CCBE.png\",\"width\":3617,\"height\":3617,\"caption\":\"Consell Comarcal del Baix Empord\u00e0\"},\"image\":{\"@id\":\"https:\\\/\\\/visitemporda.com\\\/fr\\\/#\\\/schema\\\/logo\\\/image\\\/\"},\"sameAs\":[\"https:\\\/\\\/www.facebook.com\\\/baixempordaturisme\",\"https:\\\/\\\/x.com\\\/baixemporda_tur\",\"https:\\\/\\\/www.instagram.com\\\/visitemporda\"]}]}<\/script>\n<!-- \/ Yoast SEO plugin. -->","yoast_head_json":{"title":"Services aux entreprises - Visit Empord\u00e0","robots":{"index":"index","follow":"follow","max-snippet":"max-snippet:-1","max-image-preview":"max-image-preview:large","max-video-preview":"max-video-preview:-1"},"canonical":"https:\/\/visitemporda.com\/fr\/professionals\/empreses\/serveis-a-les-empreses\/","og_locale":"fr_FR","og_type":"article","og_title":"Services aux entreprises - Visit Empord\u00e0","og_description":"Service d\u2019information touristique Diff\u00e9rente documentation \u00e0 caract\u00e8re informatif et touristique \u00e0 la disposition de toutes les entreprises du canton en vue d\u2019informer leurs clients sur les principaux atouts et ressources du canton. Consultez nos publications Service de diffusion touristique Diffusion individuelle de tous les \u00e9tablissements touristiques sur le site Web (www.visitemporda.com). Participation \u00e0 des actions [&hellip;]","og_url":"https:\/\/visitemporda.com\/fr\/professionals\/empreses\/serveis-a-les-empreses\/","og_site_name":"Visit Empord\u00e0","article_publisher":"https:\/\/www.facebook.com\/baixempordaturisme","article_modified_time":"2021-05-06T16:15:39+00:00","og_image":[{"width":1747,"height":1240,"url":"https:\/\/visitemporda.com\/wp-content\/uploads\/2021\/04\/Dise\u00f1o-sin-t\u00edtulo-1.jpg","type":"image\/jpeg"}],"twitter_card":"summary_large_image","twitter_site":"@baixemporda_tur","twitter_misc":{"Dur\u00e9e de lecture estim\u00e9e":"1 minute"},"schema":{"@context":"https:\/\/schema.org","@graph":[{"@type":"WebPage","@id":"https:\/\/visitemporda.com\/fr\/professionals\/empreses\/serveis-a-les-empreses\/","url":"https:\/\/visitemporda.com\/fr\/professionals\/empreses\/serveis-a-les-empreses\/","name":"Services aux entreprises - Visit Empord\u00e0","isPartOf":{"@id":"https:\/\/visitemporda.com\/fr\/#website"},"primaryImageOfPage":{"@id":"https:\/\/visitemporda.com\/fr\/professionals\/empreses\/serveis-a-les-empreses\/#primaryimage"},"image":{"@id":"https:\/\/visitemporda.com\/fr\/professionals\/empreses\/serveis-a-les-empreses\/#primaryimage"},"thumbnailUrl":"https:\/\/visitemporda.com\/wp-content\/uploads\/2021\/04\/Dise\u00f1o-sin-t\u00edtulo-1.jpg","datePublished":"2020-07-02T11:50:53+00:00","dateModified":"2021-05-06T16:15:39+00:00","breadcrumb":{"@id":"https:\/\/visitemporda.com\/fr\/professionals\/empreses\/serveis-a-les-empreses\/#breadcrumb"},"inLanguage":"fr-FR","potentialAction":[{"@type":"ReadAction","target":["https:\/\/visitemporda.com\/fr\/professionals\/empreses\/serveis-a-les-empreses\/"]}]},{"@type":"ImageObject","inLanguage":"fr-FR","@id":"https:\/\/visitemporda.com\/fr\/professionals\/empreses\/serveis-a-les-empreses\/#primaryimage","url":"https:\/\/visitemporda.com\/wp-content\/uploads\/2021\/04\/Dise\u00f1o-sin-t\u00edtulo-1.jpg","contentUrl":"https:\/\/visitemporda.com\/wp-content\/uploads\/2021\/04\/Dise\u00f1o-sin-t\u00edtulo-1.jpg","width":1747,"height":1240,"caption":"Carpeta blanca amb el logotip empord\u00e0 amb una m\u00e0 que l'agafa"},{"@type":"BreadcrumbList","@id":"https:\/\/visitemporda.com\/fr\/professionals\/empreses\/serveis-a-les-empreses\/#breadcrumb","itemListElement":[{"@type":"ListItem","position":1,"name":"Inici","item":"https:\/\/visitemporda.com\/fr\/"},{"@type":"ListItem","position":2,"name":"Professionnels","item":"https:\/\/visitemporda.com\/fr\/professionals\/"},{"@type":"ListItem","position":3,"name":"Entreprises touristiques","item":"https:\/\/visitemporda.com\/fr\/professionals\/empreses\/"},{"@type":"ListItem","position":4,"name":"Services aux entreprises"}]},{"@type":"WebSite","@id":"https:\/\/visitemporda.com\/fr\/#website","url":"https:\/\/visitemporda.com\/fr\/","name":"Visit Empord\u00e0","description":"Site officiel du tourisme du Baix Empord\u00e0","publisher":{"@id":"https:\/\/visitemporda.com\/fr\/#organization"},"potentialAction":[{"@type":"SearchAction","target":{"@type":"EntryPoint","urlTemplate":"https:\/\/visitemporda.com\/fr\/?s={search_term_string}"},"query-input":{"@type":"PropertyValueSpecification","valueRequired":true,"valueName":"search_term_string"}}],"inLanguage":"fr-FR"},{"@type":"Organization","@id":"https:\/\/visitemporda.com\/fr\/#organization","name":"Consell Comarcal del Baix Empord\u00e0","url":"https:\/\/visitemporda.com\/fr\/","logo":{"@type":"ImageObject","inLanguage":"fr-FR","@id":"https:\/\/visitemporda.com\/fr\/#\/schema\/logo\/image\/","url":"https:\/\/visitemporda.com\/wp-content\/uploads\/2024\/11\/Logotip_CCBE.png","contentUrl":"https:\/\/visitemporda.com\/wp-content\/uploads\/2024\/11\/Logotip_CCBE.png","width":3617,"height":3617,"caption":"Consell Comarcal del Baix Empord\u00e0"},"image":{"@id":"https:\/\/visitemporda.com\/fr\/#\/schema\/logo\/image\/"},"sameAs":["https:\/\/www.facebook.com\/baixempordaturisme","https:\/\/x.com\/baixemporda_tur","https:\/\/www.instagram.com\/visitemporda"]}]}},"_links":{"self":[{"href":"https:\/\/visitemporda.com\/fr\/wp-json\/wp\/v2\/pages\/22914","targetHints":{"allow":["GET"]}}],"collection":[{"href":"https:\/\/visitemporda.com\/fr\/wp-json\/wp\/v2\/pages"}],"about":[{"href":"https:\/\/visitemporda.com\/fr\/wp-json\/wp\/v2\/types\/page"}],"author":[{"embeddable":true,"href":"https:\/\/visitemporda.com\/fr\/wp-json\/wp\/v2\/users\/5"}],"replies":[{"embeddable":true,"href":"https:\/\/visitemporda.com\/fr\/wp-json\/wp\/v2\/comments?post=22914"}],"version-history":[{"count":4,"href":"https:\/\/visitemporda.com\/fr\/wp-json\/wp\/v2\/pages\/22914\/revisions"}],"predecessor-version":[{"id":29998,"href":"https:\/\/visitemporda.com\/fr\/wp-json\/wp\/v2\/pages\/22914\/revisions\/29998"}],"up":[{"embeddable":true,"href":"https:\/\/visitemporda.com\/fr\/wp-json\/wp\/v2\/pages\/22910"}],"wp:featuredmedia":[{"embeddable":true,"href":"https:\/\/visitemporda.com\/fr\/wp-json\/wp\/v2\/media\/22724"}],"wp:attachment":[{"href":"https:\/\/visitemporda.com\/fr\/wp-json\/wp\/v2\/media?parent=22914"}],"curies":[{"name":"wp","href":"https:\/\/api.w.org\/{rel}","templated":true}]}}