

{"id":19936,"date":"2020-07-02T14:37:33","date_gmt":"2020-07-02T12:37:33","guid":{"rendered":"http:\/\/visitemporda.com\/dossiers\/"},"modified":"2021-07-30T11:54:34","modified_gmt":"2021-07-30T09:54:34","slug":"dossiers","status":"publish","type":"page","link":"https:\/\/visitemporda.com\/fr\/professionals\/mitjans-i-operadors-turistics\/dossiers\/","title":{"rendered":"Dossiers"},"content":{"rendered":"<p>L\u2019\u00c0rea de Turisme del Consell Comarcal del Baix Empord\u00e0 (Secteur du Tourisme du Conseil Cantonal du Baix Empord\u00e0) met \u00e0 la disposition d\u2019entreprises des agences de voyages et des moyens de communication, des informations touristiques sous forme de dossiers de diff\u00e9rents secteurs dans le but de mieux promouvoir la destination gr\u00e2ce \u00e0 des professionnels touristiques qui y travaillent.<\/p>\n<p><a href=\"https:\/\/visitemporda.com\/wp-content\/uploads\/2021\/05\/DOSSIER-GASTRONOMIC_FRA_2019.pdf\" target=\"_blank\" rel=\"noopener noreferrer\">Dossier: La Cuisine du Baix Empord\u00e0<\/a><\/p>\n","protected":false},"excerpt":{"rendered":"<p>L\u2019\u00c0rea de Turisme del Consell Comarcal del Baix Empord\u00e0 (Secteur du Tourisme du Conseil Cantonal du Baix Empord\u00e0) met \u00e0 la disposition d\u2019entreprises des agences de voyages et des moyens de communication, des informations touristiques sous forme de dossiers de diff\u00e9rents secteurs dans le but de mieux promouvoir la destination gr\u00e2ce \u00e0 des professionnels touristiques [&hellip;]<\/p>\n","protected":false},"author":5,"featured_media":34821,"parent":19997,"menu_order":0,"comment_status":"closed","ping_status":"closed","template":"page-templates\/fitxa-campanyes-gastronomiques.php","meta":{"_acf_changed":false,"footnotes":""},"class_list":["post-19936","page","type-page","status-publish","has-post-thumbnail","hentry"],"acf":[],"yoast_head":"<!-- This site is optimized with the Yoast SEO plugin v27.5 - https:\/\/yoast.com\/product\/yoast-seo-wordpress\/ -->\n<title>Dossiers - Visit Empord\u00e0<\/title>\n<meta name=\"robots\" content=\"index, follow, max-snippet:-1, max-image-preview:large, max-video-preview:-1\" \/>\n<link rel=\"canonical\" href=\"https:\/\/visitemporda.com\/fr\/professionals\/mitjans-i-operadors-turistics\/dossiers\/\" \/>\n<meta property=\"og:locale\" content=\"fr_FR\" \/>\n<meta property=\"og:type\" content=\"article\" \/>\n<meta property=\"og:title\" content=\"Dossiers - Visit Empord\u00e0\" \/>\n<meta property=\"og:description\" content=\"L\u2019\u00c0rea de Turisme del Consell Comarcal del Baix Empord\u00e0 (Secteur du Tourisme du Conseil Cantonal du Baix Empord\u00e0) met \u00e0 la disposition d\u2019entreprises des agences de voyages et des moyens de communication, des informations touristiques sous forme de dossiers de diff\u00e9rents secteurs dans le but de mieux promouvoir la destination gr\u00e2ce \u00e0 des professionnels touristiques [&hellip;]\" \/>\n<meta property=\"og:url\" content=\"https:\/\/visitemporda.com\/fr\/professionals\/mitjans-i-operadors-turistics\/dossiers\/\" \/>\n<meta property=\"og:site_name\" content=\"Visit Empord\u00e0\" \/>\n<meta property=\"article:publisher\" content=\"https:\/\/www.facebook.com\/baixempordaturisme\" \/>\n<meta property=\"article:modified_time\" content=\"2021-07-30T09:54:34+00:00\" \/>\n<meta property=\"og:image\" content=\"https:\/\/visitemporda.com\/wp-content\/uploads\/2021\/07\/DOSSIER-GASTRONOMIC_FRA_2019_page-0001.jpg\" \/>\n\t<meta property=\"og:image:width\" content=\"1241\" \/>\n\t<meta property=\"og:image:height\" content=\"1754\" \/>\n\t<meta property=\"og:image:type\" content=\"image\/jpeg\" \/>\n<meta name=\"twitter:card\" content=\"summary_large_image\" \/>\n<meta name=\"twitter:site\" content=\"@baixemporda_tur\" \/>\n<script type=\"application\/ld+json\" class=\"yoast-schema-graph\">{\"@context\":\"https:\\\/\\\/schema.org\",\"@graph\":[{\"@type\":\"WebPage\",\"@id\":\"https:\\\/\\\/visitemporda.com\\\/fr\\\/professionals\\\/mitjans-i-operadors-turistics\\\/dossiers\\\/\",\"url\":\"https:\\\/\\\/visitemporda.com\\\/fr\\\/professionals\\\/mitjans-i-operadors-turistics\\\/dossiers\\\/\",\"name\":\"Dossiers - Visit Empord\u00e0\",\"isPartOf\":{\"@id\":\"https:\\\/\\\/visitemporda.com\\\/fr\\\/#website\"},\"primaryImageOfPage\":{\"@id\":\"https:\\\/\\\/visitemporda.com\\\/fr\\\/professionals\\\/mitjans-i-operadors-turistics\\\/dossiers\\\/#primaryimage\"},\"image\":{\"@id\":\"https:\\\/\\\/visitemporda.com\\\/fr\\\/professionals\\\/mitjans-i-operadors-turistics\\\/dossiers\\\/#primaryimage\"},\"thumbnailUrl\":\"https:\\\/\\\/visitemporda.com\\\/wp-content\\\/uploads\\\/2021\\\/07\\\/DOSSIER-GASTRONOMIC_FRA_2019_page-0001.jpg\",\"datePublished\":\"2020-07-02T12:37:33+00:00\",\"dateModified\":\"2021-07-30T09:54:34+00:00\",\"breadcrumb\":{\"@id\":\"https:\\\/\\\/visitemporda.com\\\/fr\\\/professionals\\\/mitjans-i-operadors-turistics\\\/dossiers\\\/#breadcrumb\"},\"inLanguage\":\"fr-FR\",\"potentialAction\":[{\"@type\":\"ReadAction\",\"target\":[\"https:\\\/\\\/visitemporda.com\\\/fr\\\/professionals\\\/mitjans-i-operadors-turistics\\\/dossiers\\\/\"]}]},{\"@type\":\"ImageObject\",\"inLanguage\":\"fr-FR\",\"@id\":\"https:\\\/\\\/visitemporda.com\\\/fr\\\/professionals\\\/mitjans-i-operadors-turistics\\\/dossiers\\\/#primaryimage\",\"url\":\"https:\\\/\\\/visitemporda.com\\\/wp-content\\\/uploads\\\/2021\\\/07\\\/DOSSIER-GASTRONOMIC_FRA_2019_page-0001.jpg\",\"contentUrl\":\"https:\\\/\\\/visitemporda.com\\\/wp-content\\\/uploads\\\/2021\\\/07\\\/DOSSIER-GASTRONOMIC_FRA_2019_page-0001.jpg\",\"width\":1241,\"height\":1754,\"caption\":\"dossier gastronomique\"},{\"@type\":\"BreadcrumbList\",\"@id\":\"https:\\\/\\\/visitemporda.com\\\/fr\\\/professionals\\\/mitjans-i-operadors-turistics\\\/dossiers\\\/#breadcrumb\",\"itemListElement\":[{\"@type\":\"ListItem\",\"position\":1,\"name\":\"Inici\",\"item\":\"https:\\\/\\\/visitemporda.com\\\/fr\\\/\"},{\"@type\":\"ListItem\",\"position\":2,\"name\":\"Professionnels\",\"item\":\"https:\\\/\\\/visitemporda.com\\\/fr\\\/professionals\\\/\"},{\"@type\":\"ListItem\",\"position\":3,\"name\":\"Moyens et agences de voyages\",\"item\":\"https:\\\/\\\/visitemporda.com\\\/fr\\\/professionals\\\/mitjans-i-operadors-turistics\\\/\"},{\"@type\":\"ListItem\",\"position\":4,\"name\":\"Dossiers\"}]},{\"@type\":\"WebSite\",\"@id\":\"https:\\\/\\\/visitemporda.com\\\/fr\\\/#website\",\"url\":\"https:\\\/\\\/visitemporda.com\\\/fr\\\/\",\"name\":\"Visit Empord\u00e0\",\"description\":\"Site officiel du tourisme du Baix Empord\u00e0\",\"publisher\":{\"@id\":\"https:\\\/\\\/visitemporda.com\\\/fr\\\/#organization\"},\"potentialAction\":[{\"@type\":\"SearchAction\",\"target\":{\"@type\":\"EntryPoint\",\"urlTemplate\":\"https:\\\/\\\/visitemporda.com\\\/fr\\\/?s={search_term_string}\"},\"query-input\":{\"@type\":\"PropertyValueSpecification\",\"valueRequired\":true,\"valueName\":\"search_term_string\"}}],\"inLanguage\":\"fr-FR\"},{\"@type\":\"Organization\",\"@id\":\"https:\\\/\\\/visitemporda.com\\\/fr\\\/#organization\",\"name\":\"Consell Comarcal del Baix Empord\u00e0\",\"url\":\"https:\\\/\\\/visitemporda.com\\\/fr\\\/\",\"logo\":{\"@type\":\"ImageObject\",\"inLanguage\":\"fr-FR\",\"@id\":\"https:\\\/\\\/visitemporda.com\\\/fr\\\/#\\\/schema\\\/logo\\\/image\\\/\",\"url\":\"https:\\\/\\\/visitemporda.com\\\/wp-content\\\/uploads\\\/2024\\\/11\\\/Logotip_CCBE.png\",\"contentUrl\":\"https:\\\/\\\/visitemporda.com\\\/wp-content\\\/uploads\\\/2024\\\/11\\\/Logotip_CCBE.png\",\"width\":3617,\"height\":3617,\"caption\":\"Consell Comarcal del Baix Empord\u00e0\"},\"image\":{\"@id\":\"https:\\\/\\\/visitemporda.com\\\/fr\\\/#\\\/schema\\\/logo\\\/image\\\/\"},\"sameAs\":[\"https:\\\/\\\/www.facebook.com\\\/baixempordaturisme\",\"https:\\\/\\\/x.com\\\/baixemporda_tur\",\"https:\\\/\\\/www.instagram.com\\\/visitemporda\"]}]}<\/script>\n<!-- \/ Yoast SEO plugin. -->","yoast_head_json":{"title":"Dossiers - Visit Empord\u00e0","robots":{"index":"index","follow":"follow","max-snippet":"max-snippet:-1","max-image-preview":"max-image-preview:large","max-video-preview":"max-video-preview:-1"},"canonical":"https:\/\/visitemporda.com\/fr\/professionals\/mitjans-i-operadors-turistics\/dossiers\/","og_locale":"fr_FR","og_type":"article","og_title":"Dossiers - Visit Empord\u00e0","og_description":"L\u2019\u00c0rea de Turisme del Consell Comarcal del Baix Empord\u00e0 (Secteur du Tourisme du Conseil Cantonal du Baix Empord\u00e0) met \u00e0 la disposition d\u2019entreprises des agences de voyages et des moyens de communication, des informations touristiques sous forme de dossiers de diff\u00e9rents secteurs dans le but de mieux promouvoir la destination gr\u00e2ce \u00e0 des professionnels touristiques [&hellip;]","og_url":"https:\/\/visitemporda.com\/fr\/professionals\/mitjans-i-operadors-turistics\/dossiers\/","og_site_name":"Visit Empord\u00e0","article_publisher":"https:\/\/www.facebook.com\/baixempordaturisme","article_modified_time":"2021-07-30T09:54:34+00:00","og_image":[{"width":1241,"height":1754,"url":"https:\/\/visitemporda.com\/wp-content\/uploads\/2021\/07\/DOSSIER-GASTRONOMIC_FRA_2019_page-0001.jpg","type":"image\/jpeg"}],"twitter_card":"summary_large_image","twitter_site":"@baixemporda_tur","schema":{"@context":"https:\/\/schema.org","@graph":[{"@type":"WebPage","@id":"https:\/\/visitemporda.com\/fr\/professionals\/mitjans-i-operadors-turistics\/dossiers\/","url":"https:\/\/visitemporda.com\/fr\/professionals\/mitjans-i-operadors-turistics\/dossiers\/","name":"Dossiers - Visit Empord\u00e0","isPartOf":{"@id":"https:\/\/visitemporda.com\/fr\/#website"},"primaryImageOfPage":{"@id":"https:\/\/visitemporda.com\/fr\/professionals\/mitjans-i-operadors-turistics\/dossiers\/#primaryimage"},"image":{"@id":"https:\/\/visitemporda.com\/fr\/professionals\/mitjans-i-operadors-turistics\/dossiers\/#primaryimage"},"thumbnailUrl":"https:\/\/visitemporda.com\/wp-content\/uploads\/2021\/07\/DOSSIER-GASTRONOMIC_FRA_2019_page-0001.jpg","datePublished":"2020-07-02T12:37:33+00:00","dateModified":"2021-07-30T09:54:34+00:00","breadcrumb":{"@id":"https:\/\/visitemporda.com\/fr\/professionals\/mitjans-i-operadors-turistics\/dossiers\/#breadcrumb"},"inLanguage":"fr-FR","potentialAction":[{"@type":"ReadAction","target":["https:\/\/visitemporda.com\/fr\/professionals\/mitjans-i-operadors-turistics\/dossiers\/"]}]},{"@type":"ImageObject","inLanguage":"fr-FR","@id":"https:\/\/visitemporda.com\/fr\/professionals\/mitjans-i-operadors-turistics\/dossiers\/#primaryimage","url":"https:\/\/visitemporda.com\/wp-content\/uploads\/2021\/07\/DOSSIER-GASTRONOMIC_FRA_2019_page-0001.jpg","contentUrl":"https:\/\/visitemporda.com\/wp-content\/uploads\/2021\/07\/DOSSIER-GASTRONOMIC_FRA_2019_page-0001.jpg","width":1241,"height":1754,"caption":"dossier gastronomique"},{"@type":"BreadcrumbList","@id":"https:\/\/visitemporda.com\/fr\/professionals\/mitjans-i-operadors-turistics\/dossiers\/#breadcrumb","itemListElement":[{"@type":"ListItem","position":1,"name":"Inici","item":"https:\/\/visitemporda.com\/fr\/"},{"@type":"ListItem","position":2,"name":"Professionnels","item":"https:\/\/visitemporda.com\/fr\/professionals\/"},{"@type":"ListItem","position":3,"name":"Moyens et agences de voyages","item":"https:\/\/visitemporda.com\/fr\/professionals\/mitjans-i-operadors-turistics\/"},{"@type":"ListItem","position":4,"name":"Dossiers"}]},{"@type":"WebSite","@id":"https:\/\/visitemporda.com\/fr\/#website","url":"https:\/\/visitemporda.com\/fr\/","name":"Visit Empord\u00e0","description":"Site officiel du tourisme du Baix Empord\u00e0","publisher":{"@id":"https:\/\/visitemporda.com\/fr\/#organization"},"potentialAction":[{"@type":"SearchAction","target":{"@type":"EntryPoint","urlTemplate":"https:\/\/visitemporda.com\/fr\/?s={search_term_string}"},"query-input":{"@type":"PropertyValueSpecification","valueRequired":true,"valueName":"search_term_string"}}],"inLanguage":"fr-FR"},{"@type":"Organization","@id":"https:\/\/visitemporda.com\/fr\/#organization","name":"Consell Comarcal del Baix Empord\u00e0","url":"https:\/\/visitemporda.com\/fr\/","logo":{"@type":"ImageObject","inLanguage":"fr-FR","@id":"https:\/\/visitemporda.com\/fr\/#\/schema\/logo\/image\/","url":"https:\/\/visitemporda.com\/wp-content\/uploads\/2024\/11\/Logotip_CCBE.png","contentUrl":"https:\/\/visitemporda.com\/wp-content\/uploads\/2024\/11\/Logotip_CCBE.png","width":3617,"height":3617,"caption":"Consell Comarcal del Baix Empord\u00e0"},"image":{"@id":"https:\/\/visitemporda.com\/fr\/#\/schema\/logo\/image\/"},"sameAs":["https:\/\/www.facebook.com\/baixempordaturisme","https:\/\/x.com\/baixemporda_tur","https:\/\/www.instagram.com\/visitemporda"]}]}},"_links":{"self":[{"href":"https:\/\/visitemporda.com\/fr\/wp-json\/wp\/v2\/pages\/19936","targetHints":{"allow":["GET"]}}],"collection":[{"href":"https:\/\/visitemporda.com\/fr\/wp-json\/wp\/v2\/pages"}],"about":[{"href":"https:\/\/visitemporda.com\/fr\/wp-json\/wp\/v2\/types\/page"}],"author":[{"embeddable":true,"href":"https:\/\/visitemporda.com\/fr\/wp-json\/wp\/v2\/users\/5"}],"replies":[{"embeddable":true,"href":"https:\/\/visitemporda.com\/fr\/wp-json\/wp\/v2\/comments?post=19936"}],"version-history":[{"count":3,"href":"https:\/\/visitemporda.com\/fr\/wp-json\/wp\/v2\/pages\/19936\/revisions"}],"predecessor-version":[{"id":30294,"href":"https:\/\/visitemporda.com\/fr\/wp-json\/wp\/v2\/pages\/19936\/revisions\/30294"}],"up":[{"embeddable":true,"href":"https:\/\/visitemporda.com\/fr\/wp-json\/wp\/v2\/pages\/19997"}],"wp:featuredmedia":[{"embeddable":true,"href":"https:\/\/visitemporda.com\/fr\/wp-json\/wp\/v2\/media\/34821"}],"wp:attachment":[{"href":"https:\/\/visitemporda.com\/fr\/wp-json\/wp\/v2\/media?parent=19936"}],"curies":[{"name":"wp","href":"https:\/\/api.w.org\/{rel}","templated":true}]}}