

{"id":19790,"date":"2020-08-07T15:20:00","date_gmt":"2020-08-07T13:20:00","guid":{"rendered":"http:\/\/visitemporda.com\/propostes\/territori-i-natura\/espais-naturals-protegits\/parc-natural-del-montgri-les-illes-medes-i-el-baix-ter\/"},"modified":"2020-09-16T13:06:56","modified_gmt":"2020-09-16T11:06:56","slug":"parc-natural-del-montgri-les-illes-medes-i-el-baix-ter","status":"publish","type":"page","link":"https:\/\/visitemporda.com\/fr\/recomenacions\/propostes\/territori-i-natura\/espais-naturals-protegits\/parc-natural-del-montgri-les-illes-medes-i-el-baix-ter\/","title":{"rendered":"Parc Naturel du Montgr\u00ed, les \u00celes Medes et le Baix Ter"},"content":{"rendered":"<p>Trois paysages dans un parc qui, en r\u00e9alit\u00e9, sont tr\u00e8s vari\u00e9s. Le massif du Montgr\u00ed, les \u00celes Medes et la plaine du Baix Ter sont un moyen de souligner la caract\u00e9ristique principale de ce parc naturel\u00a0: la diversit\u00e9. Des paysages, des esp\u00e8ces, des habitats, des villages, des possibilit\u00e9s, des mani\u00e8res de conna\u00eetre le parc et de l\u2019aimer.<\/p>\n<p>D\u00e9couvrir la c\u00f4te du Montgr\u00ed de l&rsquo;Escala \u00e0 l&rsquo;Estartit ; marcher sur les plages de sable fin entre l&rsquo;Estartit et Pals, qui s\u00e9parent la mer des mar\u00e9cages, les marais et les marais salants qui se trouvent juste \u00e0 c\u00f4t\u00e9.<\/p>\n<p>S\u2019immerger dans les \u00eeles Medes et sur la c\u00f4te du Montgr\u00ed, et profiter des belv\u00e9d\u00e8res naturels offerts par le Parc, notamment le ch\u00e2teau du Montgr\u00ed et la Roca Maura, pour profiter du paysage qui se pr\u00e9sente sous la forme d\u2019une mosa\u00efque agricole qui entoure le Parc et la derni\u00e8re partie du cours du fleuve Ter.<\/p>\n<p>Vous pourrez voyager dans le temps, en passant des grottes n\u00e9olithiques \u00e0 un ch\u00e2teau m\u00e9di\u00e9val, imaginer comment les villageois se d\u00e9fendaient contre les pirates en visitant les tours de d\u00e9fense et vous perdre dans les rues des villages m\u00e9di\u00e9vaux qui semblent avoir \u00e9t\u00e9 \u00e9pargn\u00e9s par le temps.<\/p>\n<p>Le parc compte\u00a038\u00a0habitats naturels,\u00a017\u00a0d&rsquo;int\u00e9r\u00eat europ\u00e9en et quatre \u00e0 pr\u00e9server de toute urgence. Le Parc comprend\u00a032\u00a0\u00e9l\u00e9ments patrimoniaux d\u00e9clar\u00e9s BCIN (Bien Culturel d\u2019Int\u00e9r\u00eat National). Nous vous conseillons de visiter Can Quintana Museu de la Mediterr\u00e0nia, si\u00e8ge du Centre d&rsquo;Interpr\u00e9tation du Parc Naturel, et d&rsquo;explorer le Parc en parcourant \u00e0 pied ou \u00e0 v\u00e9lo les quelque\u00a0180\u00a0kilom\u00e8tres d\u2019itin\u00e9raires balis\u00e9s.<\/p>\n","protected":false},"excerpt":{"rendered":"<p>Trois paysages dans un parc qui, en r\u00e9alit\u00e9, sont tr\u00e8s vari\u00e9s. Le massif du Montgr\u00ed, les \u00celes Medes et la plaine du Baix Ter sont un moyen de souligner la caract\u00e9ristique principale de ce parc naturel\u00a0: la diversit\u00e9. Des paysages, des esp\u00e8ces, des habitats, des villages, des possibilit\u00e9s, des mani\u00e8res de conna\u00eetre le parc et [&hellip;]<\/p>\n","protected":false},"author":5,"featured_media":18222,"parent":19782,"menu_order":0,"comment_status":"closed","ping_status":"closed","template":"page-templates\/fitxa-campanyes-gastronomiques.php","meta":{"_acf_changed":false,"footnotes":""},"class_list":["post-19790","page","type-page","status-publish","has-post-thumbnail","hentry"],"acf":[],"yoast_head":"<!-- This site is optimized with the Yoast SEO plugin v27.5 - https:\/\/yoast.com\/product\/yoast-seo-wordpress\/ -->\n<title>Parc Naturel du Montgr\u00ed, les \u00celes Medes et le Baix Ter - Visit Empord\u00e0<\/title>\n<meta name=\"robots\" content=\"index, follow, max-snippet:-1, max-image-preview:large, max-video-preview:-1\" \/>\n<link rel=\"canonical\" href=\"https:\/\/visitemporda.com\/fr\/recomenacions\/propostes\/territori-i-natura\/espais-naturals-protegits\/parc-natural-del-montgri-les-illes-medes-i-el-baix-ter\/\" \/>\n<meta property=\"og:locale\" content=\"fr_FR\" \/>\n<meta property=\"og:type\" content=\"article\" \/>\n<meta property=\"og:title\" content=\"Parc Naturel du Montgr\u00ed, les \u00celes Medes et le Baix Ter - Visit Empord\u00e0\" \/>\n<meta property=\"og:description\" content=\"Trois paysages dans un parc qui, en r\u00e9alit\u00e9, sont tr\u00e8s vari\u00e9s. Le massif du Montgr\u00ed, les \u00celes Medes et la plaine du Baix Ter sont un moyen de souligner la caract\u00e9ristique principale de ce parc naturel\u00a0: la diversit\u00e9. Des paysages, des esp\u00e8ces, des habitats, des villages, des possibilit\u00e9s, des mani\u00e8res de conna\u00eetre le parc et [&hellip;]\" \/>\n<meta property=\"og:url\" content=\"https:\/\/visitemporda.com\/fr\/recomenacions\/propostes\/territori-i-natura\/espais-naturals-protegits\/parc-natural-del-montgri-les-illes-medes-i-el-baix-ter\/\" \/>\n<meta property=\"og:site_name\" content=\"Visit Empord\u00e0\" \/>\n<meta property=\"article:publisher\" content=\"https:\/\/www.facebook.com\/baixempordaturisme\" \/>\n<meta property=\"article:modified_time\" content=\"2020-09-16T11:06:56+00:00\" \/>\n<meta property=\"og:image\" content=\"https:\/\/visitemporda.com\/wp-content\/uploads\/2020\/08\/IMG_3629-2-1024x683.jpg\" \/>\n\t<meta property=\"og:image:width\" content=\"1024\" \/>\n\t<meta property=\"og:image:height\" content=\"683\" \/>\n\t<meta property=\"og:image:type\" content=\"image\/jpeg\" \/>\n<meta name=\"twitter:card\" content=\"summary_large_image\" \/>\n<meta name=\"twitter:site\" content=\"@baixemporda_tur\" \/>\n<meta name=\"twitter:label1\" content=\"Dur\u00e9e de lecture estim\u00e9e\" \/>\n\t<meta name=\"twitter:data1\" content=\"2 minutes\" \/>\n<script type=\"application\/ld+json\" class=\"yoast-schema-graph\">{\"@context\":\"https:\\\/\\\/schema.org\",\"@graph\":[{\"@type\":\"WebPage\",\"@id\":\"https:\\\/\\\/visitemporda.com\\\/fr\\\/recomenacions\\\/propostes\\\/territori-i-natura\\\/espais-naturals-protegits\\\/parc-natural-del-montgri-les-illes-medes-i-el-baix-ter\\\/\",\"url\":\"https:\\\/\\\/visitemporda.com\\\/fr\\\/recomenacions\\\/propostes\\\/territori-i-natura\\\/espais-naturals-protegits\\\/parc-natural-del-montgri-les-illes-medes-i-el-baix-ter\\\/\",\"name\":\"Parc Naturel du Montgr\u00ed, les \u00celes Medes et le Baix Ter - Visit Empord\u00e0\",\"isPartOf\":{\"@id\":\"https:\\\/\\\/visitemporda.com\\\/fr\\\/#website\"},\"primaryImageOfPage\":{\"@id\":\"https:\\\/\\\/visitemporda.com\\\/fr\\\/recomenacions\\\/propostes\\\/territori-i-natura\\\/espais-naturals-protegits\\\/parc-natural-del-montgri-les-illes-medes-i-el-baix-ter\\\/#primaryimage\"},\"image\":{\"@id\":\"https:\\\/\\\/visitemporda.com\\\/fr\\\/recomenacions\\\/propostes\\\/territori-i-natura\\\/espais-naturals-protegits\\\/parc-natural-del-montgri-les-illes-medes-i-el-baix-ter\\\/#primaryimage\"},\"thumbnailUrl\":\"https:\\\/\\\/visitemporda.com\\\/wp-content\\\/uploads\\\/2020\\\/08\\\/IMG_3629-2.jpg\",\"datePublished\":\"2020-08-07T13:20:00+00:00\",\"dateModified\":\"2020-09-16T11:06:56+00:00\",\"breadcrumb\":{\"@id\":\"https:\\\/\\\/visitemporda.com\\\/fr\\\/recomenacions\\\/propostes\\\/territori-i-natura\\\/espais-naturals-protegits\\\/parc-natural-del-montgri-les-illes-medes-i-el-baix-ter\\\/#breadcrumb\"},\"inLanguage\":\"fr-FR\",\"potentialAction\":[{\"@type\":\"ReadAction\",\"target\":[\"https:\\\/\\\/visitemporda.com\\\/fr\\\/recomenacions\\\/propostes\\\/territori-i-natura\\\/espais-naturals-protegits\\\/parc-natural-del-montgri-les-illes-medes-i-el-baix-ter\\\/\"]}]},{\"@type\":\"ImageObject\",\"inLanguage\":\"fr-FR\",\"@id\":\"https:\\\/\\\/visitemporda.com\\\/fr\\\/recomenacions\\\/propostes\\\/territori-i-natura\\\/espais-naturals-protegits\\\/parc-natural-del-montgri-les-illes-medes-i-el-baix-ter\\\/#primaryimage\",\"url\":\"https:\\\/\\\/visitemporda.com\\\/wp-content\\\/uploads\\\/2020\\\/08\\\/IMG_3629-2.jpg\",\"contentUrl\":\"https:\\\/\\\/visitemporda.com\\\/wp-content\\\/uploads\\\/2020\\\/08\\\/IMG_3629-2.jpg\",\"width\":3000,\"height\":2000,\"caption\":\"Parc Natural del Montgr\u00ed, les illes medes i el baix ter. Al fons de la imatge les illes medes i a primer pla aigua i vegetaci\u00f3 en mig de l'aigua\"},{\"@type\":\"BreadcrumbList\",\"@id\":\"https:\\\/\\\/visitemporda.com\\\/fr\\\/recomenacions\\\/propostes\\\/territori-i-natura\\\/espais-naturals-protegits\\\/parc-natural-del-montgri-les-illes-medes-i-el-baix-ter\\\/#breadcrumb\",\"itemListElement\":[{\"@type\":\"ListItem\",\"position\":1,\"name\":\"Inici\",\"item\":\"https:\\\/\\\/visitemporda.com\\\/fr\\\/\"},{\"@type\":\"ListItem\",\"position\":2,\"name\":\"Recommandations\",\"item\":\"https:\\\/\\\/visitemporda.com\\\/fr\\\/recomenacions\\\/\"},{\"@type\":\"ListItem\",\"position\":3,\"name\":\"Quoi faire\",\"item\":\"https:\\\/\\\/visitemporda.com\\\/fr\\\/recomenacions\\\/propostes\\\/\"},{\"@type\":\"ListItem\",\"position\":4,\"name\":\"Propositions de nature\",\"item\":\"https:\\\/\\\/visitemporda.com\\\/fr\\\/recomenacions\\\/propostes\\\/territori-i-natura\\\/\"},{\"@type\":\"ListItem\",\"position\":5,\"name\":\"Espaces naturels prot\u00e9g\u00e9s\",\"item\":\"https:\\\/\\\/visitemporda.com\\\/fr\\\/recomenacions\\\/propostes\\\/territori-i-natura\\\/espais-naturals-protegits\\\/\"},{\"@type\":\"ListItem\",\"position\":6,\"name\":\"Parc Naturel du Montgr\u00ed, les \u00celes Medes et le Baix Ter\"}]},{\"@type\":\"WebSite\",\"@id\":\"https:\\\/\\\/visitemporda.com\\\/fr\\\/#website\",\"url\":\"https:\\\/\\\/visitemporda.com\\\/fr\\\/\",\"name\":\"Visit Empord\u00e0\",\"description\":\"Site officiel du tourisme du Baix Empord\u00e0\",\"publisher\":{\"@id\":\"https:\\\/\\\/visitemporda.com\\\/fr\\\/#organization\"},\"potentialAction\":[{\"@type\":\"SearchAction\",\"target\":{\"@type\":\"EntryPoint\",\"urlTemplate\":\"https:\\\/\\\/visitemporda.com\\\/fr\\\/?s={search_term_string}\"},\"query-input\":{\"@type\":\"PropertyValueSpecification\",\"valueRequired\":true,\"valueName\":\"search_term_string\"}}],\"inLanguage\":\"fr-FR\"},{\"@type\":\"Organization\",\"@id\":\"https:\\\/\\\/visitemporda.com\\\/fr\\\/#organization\",\"name\":\"Consell Comarcal del Baix Empord\u00e0\",\"url\":\"https:\\\/\\\/visitemporda.com\\\/fr\\\/\",\"logo\":{\"@type\":\"ImageObject\",\"inLanguage\":\"fr-FR\",\"@id\":\"https:\\\/\\\/visitemporda.com\\\/fr\\\/#\\\/schema\\\/logo\\\/image\\\/\",\"url\":\"https:\\\/\\\/visitemporda.com\\\/wp-content\\\/uploads\\\/2024\\\/11\\\/Logotip_CCBE.png\",\"contentUrl\":\"https:\\\/\\\/visitemporda.com\\\/wp-content\\\/uploads\\\/2024\\\/11\\\/Logotip_CCBE.png\",\"width\":3617,\"height\":3617,\"caption\":\"Consell Comarcal del Baix Empord\u00e0\"},\"image\":{\"@id\":\"https:\\\/\\\/visitemporda.com\\\/fr\\\/#\\\/schema\\\/logo\\\/image\\\/\"},\"sameAs\":[\"https:\\\/\\\/www.facebook.com\\\/baixempordaturisme\",\"https:\\\/\\\/x.com\\\/baixemporda_tur\",\"https:\\\/\\\/www.instagram.com\\\/visitemporda\"]}]}<\/script>\n<!-- \/ Yoast SEO plugin. -->","yoast_head_json":{"title":"Parc Naturel du Montgr\u00ed, les \u00celes Medes et le Baix Ter - Visit Empord\u00e0","robots":{"index":"index","follow":"follow","max-snippet":"max-snippet:-1","max-image-preview":"max-image-preview:large","max-video-preview":"max-video-preview:-1"},"canonical":"https:\/\/visitemporda.com\/fr\/recomenacions\/propostes\/territori-i-natura\/espais-naturals-protegits\/parc-natural-del-montgri-les-illes-medes-i-el-baix-ter\/","og_locale":"fr_FR","og_type":"article","og_title":"Parc Naturel du Montgr\u00ed, les \u00celes Medes et le Baix Ter - Visit Empord\u00e0","og_description":"Trois paysages dans un parc qui, en r\u00e9alit\u00e9, sont tr\u00e8s vari\u00e9s. Le massif du Montgr\u00ed, les \u00celes Medes et la plaine du Baix Ter sont un moyen de souligner la caract\u00e9ristique principale de ce parc naturel\u00a0: la diversit\u00e9. Des paysages, des esp\u00e8ces, des habitats, des villages, des possibilit\u00e9s, des mani\u00e8res de conna\u00eetre le parc et [&hellip;]","og_url":"https:\/\/visitemporda.com\/fr\/recomenacions\/propostes\/territori-i-natura\/espais-naturals-protegits\/parc-natural-del-montgri-les-illes-medes-i-el-baix-ter\/","og_site_name":"Visit Empord\u00e0","article_publisher":"https:\/\/www.facebook.com\/baixempordaturisme","article_modified_time":"2020-09-16T11:06:56+00:00","og_image":[{"width":1024,"height":683,"url":"https:\/\/visitemporda.com\/wp-content\/uploads\/2020\/08\/IMG_3629-2-1024x683.jpg","type":"image\/jpeg"}],"twitter_card":"summary_large_image","twitter_site":"@baixemporda_tur","twitter_misc":{"Dur\u00e9e de lecture estim\u00e9e":"2 minutes"},"schema":{"@context":"https:\/\/schema.org","@graph":[{"@type":"WebPage","@id":"https:\/\/visitemporda.com\/fr\/recomenacions\/propostes\/territori-i-natura\/espais-naturals-protegits\/parc-natural-del-montgri-les-illes-medes-i-el-baix-ter\/","url":"https:\/\/visitemporda.com\/fr\/recomenacions\/propostes\/territori-i-natura\/espais-naturals-protegits\/parc-natural-del-montgri-les-illes-medes-i-el-baix-ter\/","name":"Parc Naturel du Montgr\u00ed, les \u00celes Medes et le Baix Ter - Visit Empord\u00e0","isPartOf":{"@id":"https:\/\/visitemporda.com\/fr\/#website"},"primaryImageOfPage":{"@id":"https:\/\/visitemporda.com\/fr\/recomenacions\/propostes\/territori-i-natura\/espais-naturals-protegits\/parc-natural-del-montgri-les-illes-medes-i-el-baix-ter\/#primaryimage"},"image":{"@id":"https:\/\/visitemporda.com\/fr\/recomenacions\/propostes\/territori-i-natura\/espais-naturals-protegits\/parc-natural-del-montgri-les-illes-medes-i-el-baix-ter\/#primaryimage"},"thumbnailUrl":"https:\/\/visitemporda.com\/wp-content\/uploads\/2020\/08\/IMG_3629-2.jpg","datePublished":"2020-08-07T13:20:00+00:00","dateModified":"2020-09-16T11:06:56+00:00","breadcrumb":{"@id":"https:\/\/visitemporda.com\/fr\/recomenacions\/propostes\/territori-i-natura\/espais-naturals-protegits\/parc-natural-del-montgri-les-illes-medes-i-el-baix-ter\/#breadcrumb"},"inLanguage":"fr-FR","potentialAction":[{"@type":"ReadAction","target":["https:\/\/visitemporda.com\/fr\/recomenacions\/propostes\/territori-i-natura\/espais-naturals-protegits\/parc-natural-del-montgri-les-illes-medes-i-el-baix-ter\/"]}]},{"@type":"ImageObject","inLanguage":"fr-FR","@id":"https:\/\/visitemporda.com\/fr\/recomenacions\/propostes\/territori-i-natura\/espais-naturals-protegits\/parc-natural-del-montgri-les-illes-medes-i-el-baix-ter\/#primaryimage","url":"https:\/\/visitemporda.com\/wp-content\/uploads\/2020\/08\/IMG_3629-2.jpg","contentUrl":"https:\/\/visitemporda.com\/wp-content\/uploads\/2020\/08\/IMG_3629-2.jpg","width":3000,"height":2000,"caption":"Parc Natural del Montgr\u00ed, les illes medes i el baix ter. Al fons de la imatge les illes medes i a primer pla aigua i vegetaci\u00f3 en mig de l'aigua"},{"@type":"BreadcrumbList","@id":"https:\/\/visitemporda.com\/fr\/recomenacions\/propostes\/territori-i-natura\/espais-naturals-protegits\/parc-natural-del-montgri-les-illes-medes-i-el-baix-ter\/#breadcrumb","itemListElement":[{"@type":"ListItem","position":1,"name":"Inici","item":"https:\/\/visitemporda.com\/fr\/"},{"@type":"ListItem","position":2,"name":"Recommandations","item":"https:\/\/visitemporda.com\/fr\/recomenacions\/"},{"@type":"ListItem","position":3,"name":"Quoi faire","item":"https:\/\/visitemporda.com\/fr\/recomenacions\/propostes\/"},{"@type":"ListItem","position":4,"name":"Propositions de nature","item":"https:\/\/visitemporda.com\/fr\/recomenacions\/propostes\/territori-i-natura\/"},{"@type":"ListItem","position":5,"name":"Espaces naturels prot\u00e9g\u00e9s","item":"https:\/\/visitemporda.com\/fr\/recomenacions\/propostes\/territori-i-natura\/espais-naturals-protegits\/"},{"@type":"ListItem","position":6,"name":"Parc Naturel du Montgr\u00ed, les \u00celes Medes et le Baix Ter"}]},{"@type":"WebSite","@id":"https:\/\/visitemporda.com\/fr\/#website","url":"https:\/\/visitemporda.com\/fr\/","name":"Visit Empord\u00e0","description":"Site officiel du tourisme du Baix Empord\u00e0","publisher":{"@id":"https:\/\/visitemporda.com\/fr\/#organization"},"potentialAction":[{"@type":"SearchAction","target":{"@type":"EntryPoint","urlTemplate":"https:\/\/visitemporda.com\/fr\/?s={search_term_string}"},"query-input":{"@type":"PropertyValueSpecification","valueRequired":true,"valueName":"search_term_string"}}],"inLanguage":"fr-FR"},{"@type":"Organization","@id":"https:\/\/visitemporda.com\/fr\/#organization","name":"Consell Comarcal del Baix Empord\u00e0","url":"https:\/\/visitemporda.com\/fr\/","logo":{"@type":"ImageObject","inLanguage":"fr-FR","@id":"https:\/\/visitemporda.com\/fr\/#\/schema\/logo\/image\/","url":"https:\/\/visitemporda.com\/wp-content\/uploads\/2024\/11\/Logotip_CCBE.png","contentUrl":"https:\/\/visitemporda.com\/wp-content\/uploads\/2024\/11\/Logotip_CCBE.png","width":3617,"height":3617,"caption":"Consell Comarcal del Baix Empord\u00e0"},"image":{"@id":"https:\/\/visitemporda.com\/fr\/#\/schema\/logo\/image\/"},"sameAs":["https:\/\/www.facebook.com\/baixempordaturisme","https:\/\/x.com\/baixemporda_tur","https:\/\/www.instagram.com\/visitemporda"]}]}},"_links":{"self":[{"href":"https:\/\/visitemporda.com\/fr\/wp-json\/wp\/v2\/pages\/19790","targetHints":{"allow":["GET"]}}],"collection":[{"href":"https:\/\/visitemporda.com\/fr\/wp-json\/wp\/v2\/pages"}],"about":[{"href":"https:\/\/visitemporda.com\/fr\/wp-json\/wp\/v2\/types\/page"}],"author":[{"embeddable":true,"href":"https:\/\/visitemporda.com\/fr\/wp-json\/wp\/v2\/users\/5"}],"replies":[{"embeddable":true,"href":"https:\/\/visitemporda.com\/fr\/wp-json\/wp\/v2\/comments?post=19790"}],"version-history":[{"count":2,"href":"https:\/\/visitemporda.com\/fr\/wp-json\/wp\/v2\/pages\/19790\/revisions"}],"predecessor-version":[{"id":19792,"href":"https:\/\/visitemporda.com\/fr\/wp-json\/wp\/v2\/pages\/19790\/revisions\/19792"}],"up":[{"embeddable":true,"href":"https:\/\/visitemporda.com\/fr\/wp-json\/wp\/v2\/pages\/19782"}],"wp:featuredmedia":[{"embeddable":true,"href":"https:\/\/visitemporda.com\/fr\/wp-json\/wp\/v2\/media\/18222"}],"wp:attachment":[{"href":"https:\/\/visitemporda.com\/fr\/wp-json\/wp\/v2\/media?parent=19790"}],"curies":[{"name":"wp","href":"https:\/\/api.w.org\/{rel}","templated":true}]}}