

{"id":19608,"date":"2019-10-08T15:51:04","date_gmt":"2019-10-08T13:51:04","guid":{"rendered":"http:\/\/visitemporda.com\/patrimoni-cultural\/festes-i-tradicions\/setmana-santa\/"},"modified":"2021-07-30T12:18:11","modified_gmt":"2021-07-30T10:18:11","slug":"setmana-santa","status":"publish","type":"page","link":"https:\/\/visitemporda.com\/fr\/recomenacions\/propostes\/patrimoni-cultural\/festes-i-tradicions\/setmana-santa\/","title":{"rendered":"Semaine Sainte"},"content":{"rendered":"<p>La Semaine Sainte est la principale festivit\u00e9 de la religion chr\u00e9tienne qui rappelle les derniers jours de vie de J\u00e9sus Christ, sa mort et sa r\u00e9surrection. Les c\u00e9l\u00e9brations commencent le Vendredi de Douleurs et le Dimanche des Rameaux, m\u00eame si le gros de la f\u00eate a lieu la semaine suivante. Le Jeudi Saint, le jeudi de Semaine Sainte, on comm\u00e9more la Sainte-C\u00e8ne et on c\u00e9l\u00e8bre diff\u00e9rentes festivit\u00e9s tout autour du canton telle que la Danse de la mort \u00e0 Verges. Ce jour est suivi du Vendredi Saint au cours duquel une grande partie des processions a lieu. Trois jours plus tard, la Semaine Sainte se cl\u00f4ture avec la c\u00e9l\u00e9bration du Dimanche et du Lundi de P\u00e2ques, qui symbolise la R\u00e9surrection du Christ.<\/p>\n<p>Les \u00e9v\u00e9nements typiques de la Semaine Sainte, outre les messes sp\u00e9cifiques, sont <strong>les processions<\/strong>, au cours desquelles les confr\u00e9ries d\u2019eccl\u00e9siastiques transportent des figures religieuses. Les processions s\u2019accompagnent souvent de d\u00e9fil\u00e9s de <em>manaies<\/em>, qui rappellent les soldats romains. On donne \u00e9galement des pi\u00e8ces de th\u00e9\u00e2tre liturgiques qui repr\u00e9sentent les derniers jours du Christ ou Passion du Christ.<\/p>\n<p>Un autre \u00e9l\u00e9ment caract\u00e9ristique de la Semaine Sainte est <strong>la mona de Pasqua<\/strong>, brioche que les parrains offrent \u00e0 leurs filleuls consomm\u00e9e le dernier jour de la p\u00e9riode de f\u00eate.<\/p>\n<p>La c\u00e9l\u00e9bration de la Semaine Sainte pr\u00e9sente certains \u00e9l\u00e9ments typiques du Baix Empord\u00e0. Par exemple, il est de tradition d\u2019\u00e9laborer et de consommer des <strong>brunyols<\/strong> \u2013et non des beignets\u2013 pendant le Car\u00eame, notamment pendant la Semaine Sainte. Il s\u2019agit de p\u00e2tes sucr\u00e9es sph\u00e9riques et aplaties \u00e0 la texture compacte. Elles se diff\u00e9rencient d\u2019autres g\u00e2teaux similaires de par leur go\u00fbt d\u2019anis et l\u2019absence de trou.<\/p>\n<p>Parmi les traditions locales du Baix Empord\u00e0, il convient de souligner la <strong>Procession de Verges,<\/strong> qui parcourt les rues de sa vieille ville. Elle est devenue c\u00e9l\u00e8bre gr\u00e2ce \u00e0 l\u2019un de ses pas, la Danse de la Mort, au cours duquel cinq personnages habill\u00e9s en squelettes dansent au son d\u2019une timbale et symbolisent, avec diff\u00e9rents attributs, l\u2019implacabilit\u00e9 et la finitude du temps. La singularit\u00e9 de cette danse macabre, d\u2019origine m\u00e9di\u00e9vale, lui a valu la distinction de F\u00eate Patrimoniale d\u2019Int\u00e9r\u00eat National.<\/p>\n<p>D\u2019autre part, le village de Bellcaire d\u2019Empord\u00e0 organise pendant la Semaine Sainte le spectacle <strong>Bandera de Catalunya (Drapeau catalan- La fin du comt\u00e9 d&rsquo;Emp\u00faries),<\/strong> fond\u00e9 sur la pi\u00e8ce homonyme \u00e9crite par Esteve Albert et repr\u00e9sent\u00e9 pour la premi\u00e8re fois en\u00a01979. L\u2019\u00e9v\u00e9nement retrace la fin du comt\u00e9 d&rsquo;Emp\u00faries.<\/p>\n","protected":false},"excerpt":{"rendered":"<p>La Semaine Sainte est la principale festivit\u00e9 de la religion chr\u00e9tienne qui rappelle les derniers jours de vie de J\u00e9sus Christ, sa mort et sa r\u00e9surrection. Les c\u00e9l\u00e9brations commencent le Vendredi de Douleurs et le Dimanche des Rameaux, m\u00eame si le gros de la f\u00eate a lieu la semaine suivante. Le Jeudi Saint, le jeudi [&hellip;]<\/p>\n","protected":false},"author":2,"featured_media":7580,"parent":19600,"menu_order":0,"comment_status":"closed","ping_status":"closed","template":"page-templates\/fitxa-campanyes-gastronomiques.php","meta":{"_acf_changed":false,"footnotes":""},"class_list":["post-19608","page","type-page","status-publish","has-post-thumbnail","hentry"],"acf":[],"yoast_head":"<!-- This site is optimized with the Yoast SEO plugin v27.5 - https:\/\/yoast.com\/product\/yoast-seo-wordpress\/ -->\n<title>Semaine Sainte - Visit Empord\u00e0<\/title>\n<meta name=\"robots\" content=\"index, follow, max-snippet:-1, max-image-preview:large, max-video-preview:-1\" \/>\n<link rel=\"canonical\" href=\"https:\/\/visitemporda.com\/fr\/recomenacions\/propostes\/patrimoni-cultural\/festes-i-tradicions\/setmana-santa\/\" \/>\n<meta property=\"og:locale\" content=\"fr_FR\" \/>\n<meta property=\"og:type\" content=\"article\" \/>\n<meta property=\"og:title\" content=\"Semaine Sainte - Visit Empord\u00e0\" \/>\n<meta property=\"og:description\" content=\"La Semaine Sainte est la principale festivit\u00e9 de la religion chr\u00e9tienne qui rappelle les derniers jours de vie de J\u00e9sus Christ, sa mort et sa r\u00e9surrection. Les c\u00e9l\u00e9brations commencent le Vendredi de Douleurs et le Dimanche des Rameaux, m\u00eame si le gros de la f\u00eate a lieu la semaine suivante. Le Jeudi Saint, le jeudi [&hellip;]\" \/>\n<meta property=\"og:url\" content=\"https:\/\/visitemporda.com\/fr\/recomenacions\/propostes\/patrimoni-cultural\/festes-i-tradicions\/setmana-santa\/\" \/>\n<meta property=\"og:site_name\" content=\"Visit Empord\u00e0\" \/>\n<meta property=\"article:publisher\" content=\"https:\/\/www.facebook.com\/baixempordaturisme\" \/>\n<meta property=\"article:modified_time\" content=\"2021-07-30T10:18:11+00:00\" \/>\n<meta property=\"og:image\" content=\"https:\/\/visitemporda.com\/wp-content\/uploads\/2019\/10\/ladansadelamort_xavicalzada-1024x681.jpg\" \/>\n\t<meta property=\"og:image:width\" content=\"1024\" \/>\n\t<meta property=\"og:image:height\" content=\"681\" \/>\n\t<meta property=\"og:image:type\" content=\"image\/jpeg\" \/>\n<meta name=\"twitter:card\" content=\"summary_large_image\" \/>\n<meta name=\"twitter:site\" content=\"@baixemporda_tur\" \/>\n<meta name=\"twitter:label1\" content=\"Dur\u00e9e de lecture estim\u00e9e\" \/>\n\t<meta name=\"twitter:data1\" content=\"2 minutes\" \/>\n<script type=\"application\/ld+json\" class=\"yoast-schema-graph\">{\"@context\":\"https:\\\/\\\/schema.org\",\"@graph\":[{\"@type\":\"WebPage\",\"@id\":\"https:\\\/\\\/visitemporda.com\\\/fr\\\/recomenacions\\\/propostes\\\/patrimoni-cultural\\\/festes-i-tradicions\\\/setmana-santa\\\/\",\"url\":\"https:\\\/\\\/visitemporda.com\\\/fr\\\/recomenacions\\\/propostes\\\/patrimoni-cultural\\\/festes-i-tradicions\\\/setmana-santa\\\/\",\"name\":\"Semaine Sainte - Visit Empord\u00e0\",\"isPartOf\":{\"@id\":\"https:\\\/\\\/visitemporda.com\\\/fr\\\/#website\"},\"primaryImageOfPage\":{\"@id\":\"https:\\\/\\\/visitemporda.com\\\/fr\\\/recomenacions\\\/propostes\\\/patrimoni-cultural\\\/festes-i-tradicions\\\/setmana-santa\\\/#primaryimage\"},\"image\":{\"@id\":\"https:\\\/\\\/visitemporda.com\\\/fr\\\/recomenacions\\\/propostes\\\/patrimoni-cultural\\\/festes-i-tradicions\\\/setmana-santa\\\/#primaryimage\"},\"thumbnailUrl\":\"https:\\\/\\\/visitemporda.com\\\/wp-content\\\/uploads\\\/2019\\\/10\\\/ladansadelamort_xavicalzada.jpg\",\"datePublished\":\"2019-10-08T13:51:04+00:00\",\"dateModified\":\"2021-07-30T10:18:11+00:00\",\"breadcrumb\":{\"@id\":\"https:\\\/\\\/visitemporda.com\\\/fr\\\/recomenacions\\\/propostes\\\/patrimoni-cultural\\\/festes-i-tradicions\\\/setmana-santa\\\/#breadcrumb\"},\"inLanguage\":\"fr-FR\",\"potentialAction\":[{\"@type\":\"ReadAction\",\"target\":[\"https:\\\/\\\/visitemporda.com\\\/fr\\\/recomenacions\\\/propostes\\\/patrimoni-cultural\\\/festes-i-tradicions\\\/setmana-santa\\\/\"]}]},{\"@type\":\"ImageObject\",\"inLanguage\":\"fr-FR\",\"@id\":\"https:\\\/\\\/visitemporda.com\\\/fr\\\/recomenacions\\\/propostes\\\/patrimoni-cultural\\\/festes-i-tradicions\\\/setmana-santa\\\/#primaryimage\",\"url\":\"https:\\\/\\\/visitemporda.com\\\/wp-content\\\/uploads\\\/2019\\\/10\\\/ladansadelamort_xavicalzada.jpg\",\"contentUrl\":\"https:\\\/\\\/visitemporda.com\\\/wp-content\\\/uploads\\\/2019\\\/10\\\/ladansadelamort_xavicalzada.jpg\",\"width\":4256,\"height\":2832,\"caption\":\"la dansa de la mort. Els quatre esquelets que ballen\"},{\"@type\":\"BreadcrumbList\",\"@id\":\"https:\\\/\\\/visitemporda.com\\\/fr\\\/recomenacions\\\/propostes\\\/patrimoni-cultural\\\/festes-i-tradicions\\\/setmana-santa\\\/#breadcrumb\",\"itemListElement\":[{\"@type\":\"ListItem\",\"position\":1,\"name\":\"Inici\",\"item\":\"https:\\\/\\\/visitemporda.com\\\/fr\\\/\"},{\"@type\":\"ListItem\",\"position\":2,\"name\":\"Recommandations\",\"item\":\"https:\\\/\\\/visitemporda.com\\\/fr\\\/recomenacions\\\/\"},{\"@type\":\"ListItem\",\"position\":3,\"name\":\"Quoi faire\",\"item\":\"https:\\\/\\\/visitemporda.com\\\/fr\\\/recomenacions\\\/propostes\\\/\"},{\"@type\":\"ListItem\",\"position\":4,\"name\":\"Patrimoine culturel\",\"item\":\"https:\\\/\\\/visitemporda.com\\\/fr\\\/recomenacions\\\/propostes\\\/patrimoni-cultural\\\/\"},{\"@type\":\"ListItem\",\"position\":5,\"name\":\"F\u00eates et traditions\",\"item\":\"https:\\\/\\\/visitemporda.com\\\/fr\\\/recomenacions\\\/propostes\\\/patrimoni-cultural\\\/festes-i-tradicions\\\/\"},{\"@type\":\"ListItem\",\"position\":6,\"name\":\"Semaine Sainte\"}]},{\"@type\":\"WebSite\",\"@id\":\"https:\\\/\\\/visitemporda.com\\\/fr\\\/#website\",\"url\":\"https:\\\/\\\/visitemporda.com\\\/fr\\\/\",\"name\":\"Visit Empord\u00e0\",\"description\":\"Site officiel du tourisme du Baix Empord\u00e0\",\"publisher\":{\"@id\":\"https:\\\/\\\/visitemporda.com\\\/fr\\\/#organization\"},\"potentialAction\":[{\"@type\":\"SearchAction\",\"target\":{\"@type\":\"EntryPoint\",\"urlTemplate\":\"https:\\\/\\\/visitemporda.com\\\/fr\\\/?s={search_term_string}\"},\"query-input\":{\"@type\":\"PropertyValueSpecification\",\"valueRequired\":true,\"valueName\":\"search_term_string\"}}],\"inLanguage\":\"fr-FR\"},{\"@type\":\"Organization\",\"@id\":\"https:\\\/\\\/visitemporda.com\\\/fr\\\/#organization\",\"name\":\"Consell Comarcal del Baix Empord\u00e0\",\"url\":\"https:\\\/\\\/visitemporda.com\\\/fr\\\/\",\"logo\":{\"@type\":\"ImageObject\",\"inLanguage\":\"fr-FR\",\"@id\":\"https:\\\/\\\/visitemporda.com\\\/fr\\\/#\\\/schema\\\/logo\\\/image\\\/\",\"url\":\"https:\\\/\\\/visitemporda.com\\\/wp-content\\\/uploads\\\/2024\\\/11\\\/Logotip_CCBE.png\",\"contentUrl\":\"https:\\\/\\\/visitemporda.com\\\/wp-content\\\/uploads\\\/2024\\\/11\\\/Logotip_CCBE.png\",\"width\":3617,\"height\":3617,\"caption\":\"Consell Comarcal del Baix Empord\u00e0\"},\"image\":{\"@id\":\"https:\\\/\\\/visitemporda.com\\\/fr\\\/#\\\/schema\\\/logo\\\/image\\\/\"},\"sameAs\":[\"https:\\\/\\\/www.facebook.com\\\/baixempordaturisme\",\"https:\\\/\\\/x.com\\\/baixemporda_tur\",\"https:\\\/\\\/www.instagram.com\\\/visitemporda\"]}]}<\/script>\n<!-- \/ Yoast SEO plugin. -->","yoast_head_json":{"title":"Semaine Sainte - Visit Empord\u00e0","robots":{"index":"index","follow":"follow","max-snippet":"max-snippet:-1","max-image-preview":"max-image-preview:large","max-video-preview":"max-video-preview:-1"},"canonical":"https:\/\/visitemporda.com\/fr\/recomenacions\/propostes\/patrimoni-cultural\/festes-i-tradicions\/setmana-santa\/","og_locale":"fr_FR","og_type":"article","og_title":"Semaine Sainte - Visit Empord\u00e0","og_description":"La Semaine Sainte est la principale festivit\u00e9 de la religion chr\u00e9tienne qui rappelle les derniers jours de vie de J\u00e9sus Christ, sa mort et sa r\u00e9surrection. Les c\u00e9l\u00e9brations commencent le Vendredi de Douleurs et le Dimanche des Rameaux, m\u00eame si le gros de la f\u00eate a lieu la semaine suivante. Le Jeudi Saint, le jeudi [&hellip;]","og_url":"https:\/\/visitemporda.com\/fr\/recomenacions\/propostes\/patrimoni-cultural\/festes-i-tradicions\/setmana-santa\/","og_site_name":"Visit Empord\u00e0","article_publisher":"https:\/\/www.facebook.com\/baixempordaturisme","article_modified_time":"2021-07-30T10:18:11+00:00","og_image":[{"width":1024,"height":681,"url":"https:\/\/visitemporda.com\/wp-content\/uploads\/2019\/10\/ladansadelamort_xavicalzada-1024x681.jpg","type":"image\/jpeg"}],"twitter_card":"summary_large_image","twitter_site":"@baixemporda_tur","twitter_misc":{"Dur\u00e9e de lecture estim\u00e9e":"2 minutes"},"schema":{"@context":"https:\/\/schema.org","@graph":[{"@type":"WebPage","@id":"https:\/\/visitemporda.com\/fr\/recomenacions\/propostes\/patrimoni-cultural\/festes-i-tradicions\/setmana-santa\/","url":"https:\/\/visitemporda.com\/fr\/recomenacions\/propostes\/patrimoni-cultural\/festes-i-tradicions\/setmana-santa\/","name":"Semaine Sainte - Visit Empord\u00e0","isPartOf":{"@id":"https:\/\/visitemporda.com\/fr\/#website"},"primaryImageOfPage":{"@id":"https:\/\/visitemporda.com\/fr\/recomenacions\/propostes\/patrimoni-cultural\/festes-i-tradicions\/setmana-santa\/#primaryimage"},"image":{"@id":"https:\/\/visitemporda.com\/fr\/recomenacions\/propostes\/patrimoni-cultural\/festes-i-tradicions\/setmana-santa\/#primaryimage"},"thumbnailUrl":"https:\/\/visitemporda.com\/wp-content\/uploads\/2019\/10\/ladansadelamort_xavicalzada.jpg","datePublished":"2019-10-08T13:51:04+00:00","dateModified":"2021-07-30T10:18:11+00:00","breadcrumb":{"@id":"https:\/\/visitemporda.com\/fr\/recomenacions\/propostes\/patrimoni-cultural\/festes-i-tradicions\/setmana-santa\/#breadcrumb"},"inLanguage":"fr-FR","potentialAction":[{"@type":"ReadAction","target":["https:\/\/visitemporda.com\/fr\/recomenacions\/propostes\/patrimoni-cultural\/festes-i-tradicions\/setmana-santa\/"]}]},{"@type":"ImageObject","inLanguage":"fr-FR","@id":"https:\/\/visitemporda.com\/fr\/recomenacions\/propostes\/patrimoni-cultural\/festes-i-tradicions\/setmana-santa\/#primaryimage","url":"https:\/\/visitemporda.com\/wp-content\/uploads\/2019\/10\/ladansadelamort_xavicalzada.jpg","contentUrl":"https:\/\/visitemporda.com\/wp-content\/uploads\/2019\/10\/ladansadelamort_xavicalzada.jpg","width":4256,"height":2832,"caption":"la dansa de la mort. Els quatre esquelets que ballen"},{"@type":"BreadcrumbList","@id":"https:\/\/visitemporda.com\/fr\/recomenacions\/propostes\/patrimoni-cultural\/festes-i-tradicions\/setmana-santa\/#breadcrumb","itemListElement":[{"@type":"ListItem","position":1,"name":"Inici","item":"https:\/\/visitemporda.com\/fr\/"},{"@type":"ListItem","position":2,"name":"Recommandations","item":"https:\/\/visitemporda.com\/fr\/recomenacions\/"},{"@type":"ListItem","position":3,"name":"Quoi faire","item":"https:\/\/visitemporda.com\/fr\/recomenacions\/propostes\/"},{"@type":"ListItem","position":4,"name":"Patrimoine culturel","item":"https:\/\/visitemporda.com\/fr\/recomenacions\/propostes\/patrimoni-cultural\/"},{"@type":"ListItem","position":5,"name":"F\u00eates et traditions","item":"https:\/\/visitemporda.com\/fr\/recomenacions\/propostes\/patrimoni-cultural\/festes-i-tradicions\/"},{"@type":"ListItem","position":6,"name":"Semaine Sainte"}]},{"@type":"WebSite","@id":"https:\/\/visitemporda.com\/fr\/#website","url":"https:\/\/visitemporda.com\/fr\/","name":"Visit Empord\u00e0","description":"Site officiel du tourisme du Baix Empord\u00e0","publisher":{"@id":"https:\/\/visitemporda.com\/fr\/#organization"},"potentialAction":[{"@type":"SearchAction","target":{"@type":"EntryPoint","urlTemplate":"https:\/\/visitemporda.com\/fr\/?s={search_term_string}"},"query-input":{"@type":"PropertyValueSpecification","valueRequired":true,"valueName":"search_term_string"}}],"inLanguage":"fr-FR"},{"@type":"Organization","@id":"https:\/\/visitemporda.com\/fr\/#organization","name":"Consell Comarcal del Baix Empord\u00e0","url":"https:\/\/visitemporda.com\/fr\/","logo":{"@type":"ImageObject","inLanguage":"fr-FR","@id":"https:\/\/visitemporda.com\/fr\/#\/schema\/logo\/image\/","url":"https:\/\/visitemporda.com\/wp-content\/uploads\/2024\/11\/Logotip_CCBE.png","contentUrl":"https:\/\/visitemporda.com\/wp-content\/uploads\/2024\/11\/Logotip_CCBE.png","width":3617,"height":3617,"caption":"Consell Comarcal del Baix Empord\u00e0"},"image":{"@id":"https:\/\/visitemporda.com\/fr\/#\/schema\/logo\/image\/"},"sameAs":["https:\/\/www.facebook.com\/baixempordaturisme","https:\/\/x.com\/baixemporda_tur","https:\/\/www.instagram.com\/visitemporda"]}]}},"_links":{"self":[{"href":"https:\/\/visitemporda.com\/fr\/wp-json\/wp\/v2\/pages\/19608","targetHints":{"allow":["GET"]}}],"collection":[{"href":"https:\/\/visitemporda.com\/fr\/wp-json\/wp\/v2\/pages"}],"about":[{"href":"https:\/\/visitemporda.com\/fr\/wp-json\/wp\/v2\/types\/page"}],"author":[{"embeddable":true,"href":"https:\/\/visitemporda.com\/fr\/wp-json\/wp\/v2\/users\/2"}],"replies":[{"embeddable":true,"href":"https:\/\/visitemporda.com\/fr\/wp-json\/wp\/v2\/comments?post=19608"}],"version-history":[{"count":2,"href":"https:\/\/visitemporda.com\/fr\/wp-json\/wp\/v2\/pages\/19608\/revisions"}],"predecessor-version":[{"id":34863,"href":"https:\/\/visitemporda.com\/fr\/wp-json\/wp\/v2\/pages\/19608\/revisions\/34863"}],"up":[{"embeddable":true,"href":"https:\/\/visitemporda.com\/fr\/wp-json\/wp\/v2\/pages\/19600"}],"wp:featuredmedia":[{"embeddable":true,"href":"https:\/\/visitemporda.com\/fr\/wp-json\/wp\/v2\/media\/7580"}],"wp:attachment":[{"href":"https:\/\/visitemporda.com\/fr\/wp-json\/wp\/v2\/media?parent=19608"}],"curies":[{"name":"wp","href":"https:\/\/api.w.org\/{rel}","templated":true}]}}