

{"id":19606,"date":"2019-10-08T15:49:13","date_gmt":"2019-10-08T13:49:13","guid":{"rendered":"http:\/\/visitemporda.com\/patrimoni-cultural\/festes-i-tradicions\/carnaval\/"},"modified":"2021-07-30T12:16:54","modified_gmt":"2021-07-30T10:16:54","slug":"carnaval","status":"publish","type":"page","link":"https:\/\/visitemporda.com\/fr\/recomenacions\/propostes\/patrimoni-cultural\/festes-i-tradicions\/carnaval\/","title":{"rendered":"Le Carnaval"},"content":{"rendered":"<p>La f\u00eate la plus farfelue de l\u2019ann\u00e9e, le Carnaval, puise ses racines dans les f\u00eates romaines des saturnales et dans la tradition jud\u00e9o-chr\u00e9tienne. Il s\u2019agit d\u2019une p\u00e9riode festive, pr\u00e9alable \u00e0 l\u2019aust\u00e9rit\u00e9 du Car\u00eame, au cours de laquelle les normes sociales s\u2019estompent et tous les exc\u00e8s semblent permis. Elle commence habituellement avec le <strong>jeudi gras<\/strong> et se caract\u00e9rise par le fait de manger des aliments qui r\u00e9unissent la viande et les \u0153ufs (ex. boudin aux \u0153ufs).<\/p>\n<p>En Catalogne, le carnaval est pr\u00e9sid\u00e9 par le Roi Carnestoltes, personnage fictif qui inaugure la f\u00eate le samedi, qui est jug\u00e9 et condamn\u00e9 le mardi suivant. Sa mort et son enterrement, \u00e9v\u00e9nements connus sous le nom d\u2019<strong>enterrement de la sardine<\/strong>, cl\u00f4ture le carnaval (mercredi des cendres) et laisse place au Car\u00eame. Les d\u00e9fil\u00e9s de carrosses et de groupes de musique repr\u00e9sentent l\u2019autre grand moment de la f\u00eate\u00a0: un v\u00e9ritable spectacle de dessin, de chor\u00e9graphie et de musique.<\/p>\n<p>Le Baix Empord\u00e0 vibre au rythme des d\u00e9fil\u00e9s de carnaval qui ont atteint un \u00e9cho consid\u00e9rable, surtout sur la c\u00f4te, dans des villages comme Sant Feliu de Gu\u00edxols, Platja d\u2019Aro, Palam\u00f3s, Sant Antoni de Calonge ou Santa Cristina d\u2019Aro, qui attirent public et groupes d\u2019amis des quatre coins du monde.<\/p>\n","protected":false},"excerpt":{"rendered":"<p>La f\u00eate la plus farfelue de l\u2019ann\u00e9e, le Carnaval, puise ses racines dans les f\u00eates romaines des saturnales et dans la tradition jud\u00e9o-chr\u00e9tienne. Il s\u2019agit d\u2019une p\u00e9riode festive, pr\u00e9alable \u00e0 l\u2019aust\u00e9rit\u00e9 du Car\u00eame, au cours de laquelle les normes sociales s\u2019estompent et tous les exc\u00e8s semblent permis. Elle commence habituellement avec le jeudi gras et [&hellip;]<\/p>\n","protected":false},"author":2,"featured_media":14161,"parent":19600,"menu_order":0,"comment_status":"closed","ping_status":"closed","template":"page-templates\/fitxa-campanyes-gastronomiques.php","meta":{"_acf_changed":false,"footnotes":""},"class_list":["post-19606","page","type-page","status-publish","has-post-thumbnail","hentry"],"acf":[],"yoast_head":"<!-- This site is optimized with the Yoast SEO plugin v27.5 - https:\/\/yoast.com\/product\/yoast-seo-wordpress\/ -->\n<title>Le Carnaval - Visit Empord\u00e0<\/title>\n<meta name=\"robots\" content=\"index, follow, max-snippet:-1, max-image-preview:large, max-video-preview:-1\" \/>\n<link rel=\"canonical\" href=\"https:\/\/visitemporda.com\/fr\/recomenacions\/propostes\/patrimoni-cultural\/festes-i-tradicions\/carnaval\/\" \/>\n<meta property=\"og:locale\" content=\"fr_FR\" \/>\n<meta property=\"og:type\" content=\"article\" \/>\n<meta property=\"og:title\" content=\"Le Carnaval - Visit Empord\u00e0\" \/>\n<meta property=\"og:description\" content=\"La f\u00eate la plus farfelue de l\u2019ann\u00e9e, le Carnaval, puise ses racines dans les f\u00eates romaines des saturnales et dans la tradition jud\u00e9o-chr\u00e9tienne. Il s\u2019agit d\u2019une p\u00e9riode festive, pr\u00e9alable \u00e0 l\u2019aust\u00e9rit\u00e9 du Car\u00eame, au cours de laquelle les normes sociales s\u2019estompent et tous les exc\u00e8s semblent permis. Elle commence habituellement avec le jeudi gras et [&hellip;]\" \/>\n<meta property=\"og:url\" content=\"https:\/\/visitemporda.com\/fr\/recomenacions\/propostes\/patrimoni-cultural\/festes-i-tradicions\/carnaval\/\" \/>\n<meta property=\"og:site_name\" content=\"Visit Empord\u00e0\" \/>\n<meta property=\"article:publisher\" content=\"https:\/\/www.facebook.com\/baixempordaturisme\" \/>\n<meta property=\"article:modified_time\" content=\"2021-07-30T10:16:54+00:00\" \/>\n<meta property=\"og:image\" content=\"https:\/\/visitemporda.com\/wp-content\/uploads\/2019\/12\/Platja-dAro.-Jordi-Geli.-Ajuntament-Castell-Platja-dAro.-Arxiu-Imatges-PTCBG_G-2.jpg\" \/>\n\t<meta property=\"og:image:width\" content=\"2480\" \/>\n\t<meta property=\"og:image:height\" content=\"1654\" \/>\n\t<meta property=\"og:image:type\" content=\"image\/jpeg\" \/>\n<meta name=\"twitter:card\" content=\"summary_large_image\" \/>\n<meta name=\"twitter:site\" content=\"@baixemporda_tur\" \/>\n<meta name=\"twitter:label1\" content=\"Dur\u00e9e de lecture estim\u00e9e\" \/>\n\t<meta name=\"twitter:data1\" content=\"1 minute\" \/>\n<script type=\"application\/ld+json\" class=\"yoast-schema-graph\">{\"@context\":\"https:\\\/\\\/schema.org\",\"@graph\":[{\"@type\":\"WebPage\",\"@id\":\"https:\\\/\\\/visitemporda.com\\\/fr\\\/recomenacions\\\/propostes\\\/patrimoni-cultural\\\/festes-i-tradicions\\\/carnaval\\\/\",\"url\":\"https:\\\/\\\/visitemporda.com\\\/fr\\\/recomenacions\\\/propostes\\\/patrimoni-cultural\\\/festes-i-tradicions\\\/carnaval\\\/\",\"name\":\"Le Carnaval - Visit Empord\u00e0\",\"isPartOf\":{\"@id\":\"https:\\\/\\\/visitemporda.com\\\/fr\\\/#website\"},\"primaryImageOfPage\":{\"@id\":\"https:\\\/\\\/visitemporda.com\\\/fr\\\/recomenacions\\\/propostes\\\/patrimoni-cultural\\\/festes-i-tradicions\\\/carnaval\\\/#primaryimage\"},\"image\":{\"@id\":\"https:\\\/\\\/visitemporda.com\\\/fr\\\/recomenacions\\\/propostes\\\/patrimoni-cultural\\\/festes-i-tradicions\\\/carnaval\\\/#primaryimage\"},\"thumbnailUrl\":\"https:\\\/\\\/visitemporda.com\\\/wp-content\\\/uploads\\\/2019\\\/12\\\/Platja-dAro.-Jordi-Geli.-Ajuntament-Castell-Platja-dAro.-Arxiu-Imatges-PTCBG_G-2.jpg\",\"datePublished\":\"2019-10-08T13:49:13+00:00\",\"dateModified\":\"2021-07-30T10:16:54+00:00\",\"breadcrumb\":{\"@id\":\"https:\\\/\\\/visitemporda.com\\\/fr\\\/recomenacions\\\/propostes\\\/patrimoni-cultural\\\/festes-i-tradicions\\\/carnaval\\\/#breadcrumb\"},\"inLanguage\":\"fr-FR\",\"potentialAction\":[{\"@type\":\"ReadAction\",\"target\":[\"https:\\\/\\\/visitemporda.com\\\/fr\\\/recomenacions\\\/propostes\\\/patrimoni-cultural\\\/festes-i-tradicions\\\/carnaval\\\/\"]}]},{\"@type\":\"ImageObject\",\"inLanguage\":\"fr-FR\",\"@id\":\"https:\\\/\\\/visitemporda.com\\\/fr\\\/recomenacions\\\/propostes\\\/patrimoni-cultural\\\/festes-i-tradicions\\\/carnaval\\\/#primaryimage\",\"url\":\"https:\\\/\\\/visitemporda.com\\\/wp-content\\\/uploads\\\/2019\\\/12\\\/Platja-dAro.-Jordi-Geli.-Ajuntament-Castell-Platja-dAro.-Arxiu-Imatges-PTCBG_G-2.jpg\",\"contentUrl\":\"https:\\\/\\\/visitemporda.com\\\/wp-content\\\/uploads\\\/2019\\\/12\\\/Platja-dAro.-Jordi-Geli.-Ajuntament-Castell-Platja-dAro.-Arxiu-Imatges-PTCBG_G-2.jpg\",\"width\":2480,\"height\":1654,\"caption\":\"Carnaval de Platja d'Aro. 3 persones disfressades d'\u00e8poca\"},{\"@type\":\"BreadcrumbList\",\"@id\":\"https:\\\/\\\/visitemporda.com\\\/fr\\\/recomenacions\\\/propostes\\\/patrimoni-cultural\\\/festes-i-tradicions\\\/carnaval\\\/#breadcrumb\",\"itemListElement\":[{\"@type\":\"ListItem\",\"position\":1,\"name\":\"Inici\",\"item\":\"https:\\\/\\\/visitemporda.com\\\/fr\\\/\"},{\"@type\":\"ListItem\",\"position\":2,\"name\":\"Recommandations\",\"item\":\"https:\\\/\\\/visitemporda.com\\\/fr\\\/recomenacions\\\/\"},{\"@type\":\"ListItem\",\"position\":3,\"name\":\"Quoi faire\",\"item\":\"https:\\\/\\\/visitemporda.com\\\/fr\\\/recomenacions\\\/propostes\\\/\"},{\"@type\":\"ListItem\",\"position\":4,\"name\":\"Patrimoine culturel\",\"item\":\"https:\\\/\\\/visitemporda.com\\\/fr\\\/recomenacions\\\/propostes\\\/patrimoni-cultural\\\/\"},{\"@type\":\"ListItem\",\"position\":5,\"name\":\"F\u00eates et traditions\",\"item\":\"https:\\\/\\\/visitemporda.com\\\/fr\\\/recomenacions\\\/propostes\\\/patrimoni-cultural\\\/festes-i-tradicions\\\/\"},{\"@type\":\"ListItem\",\"position\":6,\"name\":\"Le Carnaval\"}]},{\"@type\":\"WebSite\",\"@id\":\"https:\\\/\\\/visitemporda.com\\\/fr\\\/#website\",\"url\":\"https:\\\/\\\/visitemporda.com\\\/fr\\\/\",\"name\":\"Visit Empord\u00e0\",\"description\":\"Site officiel du tourisme du Baix Empord\u00e0\",\"publisher\":{\"@id\":\"https:\\\/\\\/visitemporda.com\\\/fr\\\/#organization\"},\"potentialAction\":[{\"@type\":\"SearchAction\",\"target\":{\"@type\":\"EntryPoint\",\"urlTemplate\":\"https:\\\/\\\/visitemporda.com\\\/fr\\\/?s={search_term_string}\"},\"query-input\":{\"@type\":\"PropertyValueSpecification\",\"valueRequired\":true,\"valueName\":\"search_term_string\"}}],\"inLanguage\":\"fr-FR\"},{\"@type\":\"Organization\",\"@id\":\"https:\\\/\\\/visitemporda.com\\\/fr\\\/#organization\",\"name\":\"Consell Comarcal del Baix Empord\u00e0\",\"url\":\"https:\\\/\\\/visitemporda.com\\\/fr\\\/\",\"logo\":{\"@type\":\"ImageObject\",\"inLanguage\":\"fr-FR\",\"@id\":\"https:\\\/\\\/visitemporda.com\\\/fr\\\/#\\\/schema\\\/logo\\\/image\\\/\",\"url\":\"https:\\\/\\\/visitemporda.com\\\/wp-content\\\/uploads\\\/2024\\\/11\\\/Logotip_CCBE.png\",\"contentUrl\":\"https:\\\/\\\/visitemporda.com\\\/wp-content\\\/uploads\\\/2024\\\/11\\\/Logotip_CCBE.png\",\"width\":3617,\"height\":3617,\"caption\":\"Consell Comarcal del Baix Empord\u00e0\"},\"image\":{\"@id\":\"https:\\\/\\\/visitemporda.com\\\/fr\\\/#\\\/schema\\\/logo\\\/image\\\/\"},\"sameAs\":[\"https:\\\/\\\/www.facebook.com\\\/baixempordaturisme\",\"https:\\\/\\\/x.com\\\/baixemporda_tur\",\"https:\\\/\\\/www.instagram.com\\\/visitemporda\"]}]}<\/script>\n<!-- \/ Yoast SEO plugin. -->","yoast_head_json":{"title":"Le Carnaval - Visit Empord\u00e0","robots":{"index":"index","follow":"follow","max-snippet":"max-snippet:-1","max-image-preview":"max-image-preview:large","max-video-preview":"max-video-preview:-1"},"canonical":"https:\/\/visitemporda.com\/fr\/recomenacions\/propostes\/patrimoni-cultural\/festes-i-tradicions\/carnaval\/","og_locale":"fr_FR","og_type":"article","og_title":"Le Carnaval - Visit Empord\u00e0","og_description":"La f\u00eate la plus farfelue de l\u2019ann\u00e9e, le Carnaval, puise ses racines dans les f\u00eates romaines des saturnales et dans la tradition jud\u00e9o-chr\u00e9tienne. Il s\u2019agit d\u2019une p\u00e9riode festive, pr\u00e9alable \u00e0 l\u2019aust\u00e9rit\u00e9 du Car\u00eame, au cours de laquelle les normes sociales s\u2019estompent et tous les exc\u00e8s semblent permis. Elle commence habituellement avec le jeudi gras et [&hellip;]","og_url":"https:\/\/visitemporda.com\/fr\/recomenacions\/propostes\/patrimoni-cultural\/festes-i-tradicions\/carnaval\/","og_site_name":"Visit Empord\u00e0","article_publisher":"https:\/\/www.facebook.com\/baixempordaturisme","article_modified_time":"2021-07-30T10:16:54+00:00","og_image":[{"width":2480,"height":1654,"url":"https:\/\/visitemporda.com\/wp-content\/uploads\/2019\/12\/Platja-dAro.-Jordi-Geli.-Ajuntament-Castell-Platja-dAro.-Arxiu-Imatges-PTCBG_G-2.jpg","type":"image\/jpeg"}],"twitter_card":"summary_large_image","twitter_site":"@baixemporda_tur","twitter_misc":{"Dur\u00e9e de lecture estim\u00e9e":"1 minute"},"schema":{"@context":"https:\/\/schema.org","@graph":[{"@type":"WebPage","@id":"https:\/\/visitemporda.com\/fr\/recomenacions\/propostes\/patrimoni-cultural\/festes-i-tradicions\/carnaval\/","url":"https:\/\/visitemporda.com\/fr\/recomenacions\/propostes\/patrimoni-cultural\/festes-i-tradicions\/carnaval\/","name":"Le Carnaval - Visit Empord\u00e0","isPartOf":{"@id":"https:\/\/visitemporda.com\/fr\/#website"},"primaryImageOfPage":{"@id":"https:\/\/visitemporda.com\/fr\/recomenacions\/propostes\/patrimoni-cultural\/festes-i-tradicions\/carnaval\/#primaryimage"},"image":{"@id":"https:\/\/visitemporda.com\/fr\/recomenacions\/propostes\/patrimoni-cultural\/festes-i-tradicions\/carnaval\/#primaryimage"},"thumbnailUrl":"https:\/\/visitemporda.com\/wp-content\/uploads\/2019\/12\/Platja-dAro.-Jordi-Geli.-Ajuntament-Castell-Platja-dAro.-Arxiu-Imatges-PTCBG_G-2.jpg","datePublished":"2019-10-08T13:49:13+00:00","dateModified":"2021-07-30T10:16:54+00:00","breadcrumb":{"@id":"https:\/\/visitemporda.com\/fr\/recomenacions\/propostes\/patrimoni-cultural\/festes-i-tradicions\/carnaval\/#breadcrumb"},"inLanguage":"fr-FR","potentialAction":[{"@type":"ReadAction","target":["https:\/\/visitemporda.com\/fr\/recomenacions\/propostes\/patrimoni-cultural\/festes-i-tradicions\/carnaval\/"]}]},{"@type":"ImageObject","inLanguage":"fr-FR","@id":"https:\/\/visitemporda.com\/fr\/recomenacions\/propostes\/patrimoni-cultural\/festes-i-tradicions\/carnaval\/#primaryimage","url":"https:\/\/visitemporda.com\/wp-content\/uploads\/2019\/12\/Platja-dAro.-Jordi-Geli.-Ajuntament-Castell-Platja-dAro.-Arxiu-Imatges-PTCBG_G-2.jpg","contentUrl":"https:\/\/visitemporda.com\/wp-content\/uploads\/2019\/12\/Platja-dAro.-Jordi-Geli.-Ajuntament-Castell-Platja-dAro.-Arxiu-Imatges-PTCBG_G-2.jpg","width":2480,"height":1654,"caption":"Carnaval de Platja d'Aro. 3 persones disfressades d'\u00e8poca"},{"@type":"BreadcrumbList","@id":"https:\/\/visitemporda.com\/fr\/recomenacions\/propostes\/patrimoni-cultural\/festes-i-tradicions\/carnaval\/#breadcrumb","itemListElement":[{"@type":"ListItem","position":1,"name":"Inici","item":"https:\/\/visitemporda.com\/fr\/"},{"@type":"ListItem","position":2,"name":"Recommandations","item":"https:\/\/visitemporda.com\/fr\/recomenacions\/"},{"@type":"ListItem","position":3,"name":"Quoi faire","item":"https:\/\/visitemporda.com\/fr\/recomenacions\/propostes\/"},{"@type":"ListItem","position":4,"name":"Patrimoine culturel","item":"https:\/\/visitemporda.com\/fr\/recomenacions\/propostes\/patrimoni-cultural\/"},{"@type":"ListItem","position":5,"name":"F\u00eates et traditions","item":"https:\/\/visitemporda.com\/fr\/recomenacions\/propostes\/patrimoni-cultural\/festes-i-tradicions\/"},{"@type":"ListItem","position":6,"name":"Le Carnaval"}]},{"@type":"WebSite","@id":"https:\/\/visitemporda.com\/fr\/#website","url":"https:\/\/visitemporda.com\/fr\/","name":"Visit Empord\u00e0","description":"Site officiel du tourisme du Baix Empord\u00e0","publisher":{"@id":"https:\/\/visitemporda.com\/fr\/#organization"},"potentialAction":[{"@type":"SearchAction","target":{"@type":"EntryPoint","urlTemplate":"https:\/\/visitemporda.com\/fr\/?s={search_term_string}"},"query-input":{"@type":"PropertyValueSpecification","valueRequired":true,"valueName":"search_term_string"}}],"inLanguage":"fr-FR"},{"@type":"Organization","@id":"https:\/\/visitemporda.com\/fr\/#organization","name":"Consell Comarcal del Baix Empord\u00e0","url":"https:\/\/visitemporda.com\/fr\/","logo":{"@type":"ImageObject","inLanguage":"fr-FR","@id":"https:\/\/visitemporda.com\/fr\/#\/schema\/logo\/image\/","url":"https:\/\/visitemporda.com\/wp-content\/uploads\/2024\/11\/Logotip_CCBE.png","contentUrl":"https:\/\/visitemporda.com\/wp-content\/uploads\/2024\/11\/Logotip_CCBE.png","width":3617,"height":3617,"caption":"Consell Comarcal del Baix Empord\u00e0"},"image":{"@id":"https:\/\/visitemporda.com\/fr\/#\/schema\/logo\/image\/"},"sameAs":["https:\/\/www.facebook.com\/baixempordaturisme","https:\/\/x.com\/baixemporda_tur","https:\/\/www.instagram.com\/visitemporda"]}]}},"_links":{"self":[{"href":"https:\/\/visitemporda.com\/fr\/wp-json\/wp\/v2\/pages\/19606","targetHints":{"allow":["GET"]}}],"collection":[{"href":"https:\/\/visitemporda.com\/fr\/wp-json\/wp\/v2\/pages"}],"about":[{"href":"https:\/\/visitemporda.com\/fr\/wp-json\/wp\/v2\/types\/page"}],"author":[{"embeddable":true,"href":"https:\/\/visitemporda.com\/fr\/wp-json\/wp\/v2\/users\/2"}],"replies":[{"embeddable":true,"href":"https:\/\/visitemporda.com\/fr\/wp-json\/wp\/v2\/comments?post=19606"}],"version-history":[{"count":2,"href":"https:\/\/visitemporda.com\/fr\/wp-json\/wp\/v2\/pages\/19606\/revisions"}],"predecessor-version":[{"id":34862,"href":"https:\/\/visitemporda.com\/fr\/wp-json\/wp\/v2\/pages\/19606\/revisions\/34862"}],"up":[{"embeddable":true,"href":"https:\/\/visitemporda.com\/fr\/wp-json\/wp\/v2\/pages\/19600"}],"wp:featuredmedia":[{"embeddable":true,"href":"https:\/\/visitemporda.com\/fr\/wp-json\/wp\/v2\/media\/14161"}],"wp:attachment":[{"href":"https:\/\/visitemporda.com\/fr\/wp-json\/wp\/v2\/media?parent=19606"}],"curies":[{"name":"wp","href":"https:\/\/api.w.org\/{rel}","templated":true}]}}