

{"id":19531,"date":"2019-12-31T09:10:56","date_gmt":"2019-12-31T08:10:56","guid":{"rendered":"http:\/\/visitemporda.com\/recomenacions\/mal-temps\/pluja\/"},"modified":"2021-08-03T12:49:15","modified_gmt":"2021-08-03T10:49:15","slug":"pluja","status":"publish","type":"page","link":"https:\/\/visitemporda.com\/fr\/recomenacions\/mal-temps\/pluja\/","title":{"rendered":"Pluie"},"content":{"rendered":"<p>Il arrive que la pluie s\u2019invite. L\u2019\u00e9t\u00e9, elle peut faire acte de pr\u00e9sence sous forme de temp\u00eates, intenses mais br\u00e8ves.\u00a0 Alors, abritez-vous sans tarder mais, pas pour longtemps, rassurez-vous\u00a0! Vous pourrez reprendre votre activit\u00e9 tout de suite apr\u00e8s.<\/p>\n<p>En cas de pluie l\u00e9g\u00e8re, il est possible de s&rsquo;adonner \u00e0 la plupart des activit\u00e9s d\u00e9crites par temps nuageux.\u00a0 En outre, la majorit\u00e9 des principales rues commerciales des villages c\u00f4tiers r\u00e9unit les boutiques et les commerces qui tiennent lieu de refuges le long de la rue sans pour autant en emp\u00eacher la visite.<\/p>\n<p>La pluie est bienfaitrice pour les champs, les cultures et les cours d&rsquo;eau. Par cons\u00e9quent, il est bon d&rsquo;appr\u00e9cier ces moments de pluie.<\/p>\n<p>\u00c9vitez de prendre des risques lorsqu\u2019elle est torrentielle. Les mus\u00e9es et \u00e9tablissements culturels sont une alternative qui vous occupera un bon moment.<\/p>\n<p>De nombreux autres \u00e9tablissements, priv\u00e9s cette fois-ci, proposent \u00e9galement un \u00e9ventail de services dans leurs locaux pour oublier la pluie\u00a0: spa, massages, salles de sport ou espaces r\u00e9cr\u00e9atifs<\/p>\n","protected":false},"excerpt":{"rendered":"<p>Il arrive que la pluie s\u2019invite. L\u2019\u00e9t\u00e9, elle peut faire acte de pr\u00e9sence sous forme de temp\u00eates, intenses mais br\u00e8ves.\u00a0 Alors, abritez-vous sans tarder mais, pas pour longtemps, rassurez-vous\u00a0! Vous pourrez reprendre votre activit\u00e9 tout de suite apr\u00e8s. En cas de pluie l\u00e9g\u00e8re, il est possible de s&rsquo;adonner \u00e0 la plupart des activit\u00e9s d\u00e9crites par [&hellip;]<\/p>\n","protected":false},"author":2,"featured_media":13690,"parent":19511,"menu_order":0,"comment_status":"closed","ping_status":"closed","template":"page-templates\/fitxa-campanyes-gastronomiques.php","meta":{"_acf_changed":false,"footnotes":""},"class_list":["post-19531","page","type-page","status-publish","has-post-thumbnail","hentry"],"acf":[],"yoast_head":"<!-- This site is optimized with the Yoast SEO plugin v27.4 - https:\/\/yoast.com\/product\/yoast-seo-wordpress\/ -->\n<title>Pluie - Visit Empord\u00e0<\/title>\n<meta name=\"robots\" content=\"index, follow, max-snippet:-1, max-image-preview:large, max-video-preview:-1\" \/>\n<link rel=\"canonical\" href=\"https:\/\/visitemporda.com\/fr\/recomenacions\/mal-temps\/pluja\/\" \/>\n<meta property=\"og:locale\" content=\"fr_FR\" \/>\n<meta property=\"og:type\" content=\"article\" \/>\n<meta property=\"og:title\" content=\"Pluie - Visit Empord\u00e0\" \/>\n<meta property=\"og:description\" content=\"Il arrive que la pluie s\u2019invite. L\u2019\u00e9t\u00e9, elle peut faire acte de pr\u00e9sence sous forme de temp\u00eates, intenses mais br\u00e8ves.\u00a0 Alors, abritez-vous sans tarder mais, pas pour longtemps, rassurez-vous\u00a0! Vous pourrez reprendre votre activit\u00e9 tout de suite apr\u00e8s. En cas de pluie l\u00e9g\u00e8re, il est possible de s&rsquo;adonner \u00e0 la plupart des activit\u00e9s d\u00e9crites par [&hellip;]\" \/>\n<meta property=\"og:url\" content=\"https:\/\/visitemporda.com\/fr\/recomenacions\/mal-temps\/pluja\/\" \/>\n<meta property=\"og:site_name\" content=\"Visit Empord\u00e0\" \/>\n<meta property=\"article:publisher\" content=\"https:\/\/www.facebook.com\/baixempordaturisme\" \/>\n<meta property=\"article:modified_time\" content=\"2021-08-03T10:49:15+00:00\" \/>\n<meta property=\"og:image\" content=\"https:\/\/visitemporda.com\/wp-content\/uploads\/2019\/12\/20190313_121055-1024x768.jpg\" \/>\n\t<meta property=\"og:image:width\" content=\"1024\" \/>\n\t<meta property=\"og:image:height\" content=\"768\" \/>\n\t<meta property=\"og:image:type\" content=\"image\/jpeg\" \/>\n<meta name=\"twitter:card\" content=\"summary_large_image\" \/>\n<meta name=\"twitter:site\" content=\"@baixemporda_tur\" \/>\n<meta name=\"twitter:label1\" content=\"Dur\u00e9e de lecture estim\u00e9e\" \/>\n\t<meta name=\"twitter:data1\" content=\"1 minute\" \/>\n<script type=\"application\/ld+json\" class=\"yoast-schema-graph\">{\"@context\":\"https:\\\/\\\/schema.org\",\"@graph\":[{\"@type\":\"WebPage\",\"@id\":\"https:\\\/\\\/visitemporda.com\\\/fr\\\/recomenacions\\\/mal-temps\\\/pluja\\\/\",\"url\":\"https:\\\/\\\/visitemporda.com\\\/fr\\\/recomenacions\\\/mal-temps\\\/pluja\\\/\",\"name\":\"Pluie - Visit Empord\u00e0\",\"isPartOf\":{\"@id\":\"https:\\\/\\\/visitemporda.com\\\/fr\\\/#website\"},\"primaryImageOfPage\":{\"@id\":\"https:\\\/\\\/visitemporda.com\\\/fr\\\/recomenacions\\\/mal-temps\\\/pluja\\\/#primaryimage\"},\"image\":{\"@id\":\"https:\\\/\\\/visitemporda.com\\\/fr\\\/recomenacions\\\/mal-temps\\\/pluja\\\/#primaryimage\"},\"thumbnailUrl\":\"https:\\\/\\\/visitemporda.com\\\/wp-content\\\/uploads\\\/2019\\\/12\\\/20190313_121055.jpg\",\"datePublished\":\"2019-12-31T08:10:56+00:00\",\"dateModified\":\"2021-08-03T10:49:15+00:00\",\"breadcrumb\":{\"@id\":\"https:\\\/\\\/visitemporda.com\\\/fr\\\/recomenacions\\\/mal-temps\\\/pluja\\\/#breadcrumb\"},\"inLanguage\":\"fr-FR\",\"potentialAction\":[{\"@type\":\"ReadAction\",\"target\":[\"https:\\\/\\\/visitemporda.com\\\/fr\\\/recomenacions\\\/mal-temps\\\/pluja\\\/\"]}]},{\"@type\":\"ImageObject\",\"inLanguage\":\"fr-FR\",\"@id\":\"https:\\\/\\\/visitemporda.com\\\/fr\\\/recomenacions\\\/mal-temps\\\/pluja\\\/#primaryimage\",\"url\":\"https:\\\/\\\/visitemporda.com\\\/wp-content\\\/uploads\\\/2019\\\/12\\\/20190313_121055.jpg\",\"contentUrl\":\"https:\\\/\\\/visitemporda.com\\\/wp-content\\\/uploads\\\/2019\\\/12\\\/20190313_121055.jpg\",\"width\":4608,\"height\":3456,\"caption\":\"sorra a proimer pla, el mar i a la dreta una part de costa urbanitzada\"},{\"@type\":\"BreadcrumbList\",\"@id\":\"https:\\\/\\\/visitemporda.com\\\/fr\\\/recomenacions\\\/mal-temps\\\/pluja\\\/#breadcrumb\",\"itemListElement\":[{\"@type\":\"ListItem\",\"position\":1,\"name\":\"Inici\",\"item\":\"https:\\\/\\\/visitemporda.com\\\/fr\\\/\"},{\"@type\":\"ListItem\",\"position\":2,\"name\":\"Recommandations\",\"item\":\"https:\\\/\\\/visitemporda.com\\\/fr\\\/recomenacions\\\/\"},{\"@type\":\"ListItem\",\"position\":3,\"name\":\"Mauvais temps\",\"item\":\"https:\\\/\\\/visitemporda.com\\\/fr\\\/recomenacions\\\/mal-temps\\\/\"},{\"@type\":\"ListItem\",\"position\":4,\"name\":\"Pluie\"}]},{\"@type\":\"WebSite\",\"@id\":\"https:\\\/\\\/visitemporda.com\\\/fr\\\/#website\",\"url\":\"https:\\\/\\\/visitemporda.com\\\/fr\\\/\",\"name\":\"Visit Empord\u00e0\",\"description\":\"Site officiel du tourisme du Baix Empord\u00e0\",\"publisher\":{\"@id\":\"https:\\\/\\\/visitemporda.com\\\/fr\\\/#organization\"},\"potentialAction\":[{\"@type\":\"SearchAction\",\"target\":{\"@type\":\"EntryPoint\",\"urlTemplate\":\"https:\\\/\\\/visitemporda.com\\\/fr\\\/?s={search_term_string}\"},\"query-input\":{\"@type\":\"PropertyValueSpecification\",\"valueRequired\":true,\"valueName\":\"search_term_string\"}}],\"inLanguage\":\"fr-FR\"},{\"@type\":\"Organization\",\"@id\":\"https:\\\/\\\/visitemporda.com\\\/fr\\\/#organization\",\"name\":\"Consell Comarcal del Baix Empord\u00e0\",\"url\":\"https:\\\/\\\/visitemporda.com\\\/fr\\\/\",\"logo\":{\"@type\":\"ImageObject\",\"inLanguage\":\"fr-FR\",\"@id\":\"https:\\\/\\\/visitemporda.com\\\/fr\\\/#\\\/schema\\\/logo\\\/image\\\/\",\"url\":\"https:\\\/\\\/visitemporda.com\\\/wp-content\\\/uploads\\\/2024\\\/11\\\/Logotip_CCBE.png\",\"contentUrl\":\"https:\\\/\\\/visitemporda.com\\\/wp-content\\\/uploads\\\/2024\\\/11\\\/Logotip_CCBE.png\",\"width\":3617,\"height\":3617,\"caption\":\"Consell Comarcal del Baix Empord\u00e0\"},\"image\":{\"@id\":\"https:\\\/\\\/visitemporda.com\\\/fr\\\/#\\\/schema\\\/logo\\\/image\\\/\"},\"sameAs\":[\"https:\\\/\\\/www.facebook.com\\\/baixempordaturisme\",\"https:\\\/\\\/x.com\\\/baixemporda_tur\",\"https:\\\/\\\/www.instagram.com\\\/visitemporda\"]}]}<\/script>\n<!-- \/ Yoast SEO plugin. -->","yoast_head_json":{"title":"Pluie - Visit Empord\u00e0","robots":{"index":"index","follow":"follow","max-snippet":"max-snippet:-1","max-image-preview":"max-image-preview:large","max-video-preview":"max-video-preview:-1"},"canonical":"https:\/\/visitemporda.com\/fr\/recomenacions\/mal-temps\/pluja\/","og_locale":"fr_FR","og_type":"article","og_title":"Pluie - Visit Empord\u00e0","og_description":"Il arrive que la pluie s\u2019invite. L\u2019\u00e9t\u00e9, elle peut faire acte de pr\u00e9sence sous forme de temp\u00eates, intenses mais br\u00e8ves.\u00a0 Alors, abritez-vous sans tarder mais, pas pour longtemps, rassurez-vous\u00a0! Vous pourrez reprendre votre activit\u00e9 tout de suite apr\u00e8s. En cas de pluie l\u00e9g\u00e8re, il est possible de s&rsquo;adonner \u00e0 la plupart des activit\u00e9s d\u00e9crites par [&hellip;]","og_url":"https:\/\/visitemporda.com\/fr\/recomenacions\/mal-temps\/pluja\/","og_site_name":"Visit Empord\u00e0","article_publisher":"https:\/\/www.facebook.com\/baixempordaturisme","article_modified_time":"2021-08-03T10:49:15+00:00","og_image":[{"width":1024,"height":768,"url":"https:\/\/visitemporda.com\/wp-content\/uploads\/2019\/12\/20190313_121055-1024x768.jpg","type":"image\/jpeg"}],"twitter_card":"summary_large_image","twitter_site":"@baixemporda_tur","twitter_misc":{"Dur\u00e9e de lecture estim\u00e9e":"1 minute"},"schema":{"@context":"https:\/\/schema.org","@graph":[{"@type":"WebPage","@id":"https:\/\/visitemporda.com\/fr\/recomenacions\/mal-temps\/pluja\/","url":"https:\/\/visitemporda.com\/fr\/recomenacions\/mal-temps\/pluja\/","name":"Pluie - Visit Empord\u00e0","isPartOf":{"@id":"https:\/\/visitemporda.com\/fr\/#website"},"primaryImageOfPage":{"@id":"https:\/\/visitemporda.com\/fr\/recomenacions\/mal-temps\/pluja\/#primaryimage"},"image":{"@id":"https:\/\/visitemporda.com\/fr\/recomenacions\/mal-temps\/pluja\/#primaryimage"},"thumbnailUrl":"https:\/\/visitemporda.com\/wp-content\/uploads\/2019\/12\/20190313_121055.jpg","datePublished":"2019-12-31T08:10:56+00:00","dateModified":"2021-08-03T10:49:15+00:00","breadcrumb":{"@id":"https:\/\/visitemporda.com\/fr\/recomenacions\/mal-temps\/pluja\/#breadcrumb"},"inLanguage":"fr-FR","potentialAction":[{"@type":"ReadAction","target":["https:\/\/visitemporda.com\/fr\/recomenacions\/mal-temps\/pluja\/"]}]},{"@type":"ImageObject","inLanguage":"fr-FR","@id":"https:\/\/visitemporda.com\/fr\/recomenacions\/mal-temps\/pluja\/#primaryimage","url":"https:\/\/visitemporda.com\/wp-content\/uploads\/2019\/12\/20190313_121055.jpg","contentUrl":"https:\/\/visitemporda.com\/wp-content\/uploads\/2019\/12\/20190313_121055.jpg","width":4608,"height":3456,"caption":"sorra a proimer pla, el mar i a la dreta una part de costa urbanitzada"},{"@type":"BreadcrumbList","@id":"https:\/\/visitemporda.com\/fr\/recomenacions\/mal-temps\/pluja\/#breadcrumb","itemListElement":[{"@type":"ListItem","position":1,"name":"Inici","item":"https:\/\/visitemporda.com\/fr\/"},{"@type":"ListItem","position":2,"name":"Recommandations","item":"https:\/\/visitemporda.com\/fr\/recomenacions\/"},{"@type":"ListItem","position":3,"name":"Mauvais temps","item":"https:\/\/visitemporda.com\/fr\/recomenacions\/mal-temps\/"},{"@type":"ListItem","position":4,"name":"Pluie"}]},{"@type":"WebSite","@id":"https:\/\/visitemporda.com\/fr\/#website","url":"https:\/\/visitemporda.com\/fr\/","name":"Visit Empord\u00e0","description":"Site officiel du tourisme du Baix Empord\u00e0","publisher":{"@id":"https:\/\/visitemporda.com\/fr\/#organization"},"potentialAction":[{"@type":"SearchAction","target":{"@type":"EntryPoint","urlTemplate":"https:\/\/visitemporda.com\/fr\/?s={search_term_string}"},"query-input":{"@type":"PropertyValueSpecification","valueRequired":true,"valueName":"search_term_string"}}],"inLanguage":"fr-FR"},{"@type":"Organization","@id":"https:\/\/visitemporda.com\/fr\/#organization","name":"Consell Comarcal del Baix Empord\u00e0","url":"https:\/\/visitemporda.com\/fr\/","logo":{"@type":"ImageObject","inLanguage":"fr-FR","@id":"https:\/\/visitemporda.com\/fr\/#\/schema\/logo\/image\/","url":"https:\/\/visitemporda.com\/wp-content\/uploads\/2024\/11\/Logotip_CCBE.png","contentUrl":"https:\/\/visitemporda.com\/wp-content\/uploads\/2024\/11\/Logotip_CCBE.png","width":3617,"height":3617,"caption":"Consell Comarcal del Baix Empord\u00e0"},"image":{"@id":"https:\/\/visitemporda.com\/fr\/#\/schema\/logo\/image\/"},"sameAs":["https:\/\/www.facebook.com\/baixempordaturisme","https:\/\/x.com\/baixemporda_tur","https:\/\/www.instagram.com\/visitemporda"]}]}},"_links":{"self":[{"href":"https:\/\/visitemporda.com\/fr\/wp-json\/wp\/v2\/pages\/19531","targetHints":{"allow":["GET"]}}],"collection":[{"href":"https:\/\/visitemporda.com\/fr\/wp-json\/wp\/v2\/pages"}],"about":[{"href":"https:\/\/visitemporda.com\/fr\/wp-json\/wp\/v2\/types\/page"}],"author":[{"embeddable":true,"href":"https:\/\/visitemporda.com\/fr\/wp-json\/wp\/v2\/users\/2"}],"replies":[{"embeddable":true,"href":"https:\/\/visitemporda.com\/fr\/wp-json\/wp\/v2\/comments?post=19531"}],"version-history":[{"count":3,"href":"https:\/\/visitemporda.com\/fr\/wp-json\/wp\/v2\/pages\/19531\/revisions"}],"predecessor-version":[{"id":34944,"href":"https:\/\/visitemporda.com\/fr\/wp-json\/wp\/v2\/pages\/19531\/revisions\/34944"}],"up":[{"embeddable":true,"href":"https:\/\/visitemporda.com\/fr\/wp-json\/wp\/v2\/pages\/19511"}],"wp:featuredmedia":[{"embeddable":true,"href":"https:\/\/visitemporda.com\/fr\/wp-json\/wp\/v2\/media\/13690"}],"wp:attachment":[{"href":"https:\/\/visitemporda.com\/fr\/wp-json\/wp\/v2\/media?parent=19531"}],"curies":[{"name":"wp","href":"https:\/\/api.w.org\/{rel}","templated":true}]}}