

{"id":19525,"date":"2019-12-31T08:55:50","date_gmt":"2019-12-31T07:55:50","guid":{"rendered":"http:\/\/visitemporda.com\/emporda\/pobles-medievals\/"},"modified":"2021-05-30T11:06:33","modified_gmt":"2021-05-30T09:06:33","slug":"pobles-medievals","status":"publish","type":"page","link":"https:\/\/visitemporda.com\/fr\/emporda\/pobles-medievals\/","title":{"rendered":"Villages m\u00e9di\u00e9vaux"},"content":{"rendered":"<p>En traversant le territoire ampourdanais, on peut apercevoir de-ci de-l\u00e0, des clochers, des tours, des fragments de murailles&#8230; Il s&rsquo;agit d\u2019\u00e9l\u00e9ments caract\u00e9ristiques des villages m\u00e9di\u00e9vaux qui s\u2019\u00e9tendaient entre les cultures et les for\u00eats du Baix Empord\u00e0.<br \/>\nLes pierres centenaires de ces villes abritent l\u2019h\u00e9ritage du canton et t\u00e9moignent d\u2019une mani\u00e8re de vivre en communion avec le paysage qui demeure encore aujourd\u2019hui dans cette contr\u00e9e.<\/p>\n","protected":false},"excerpt":{"rendered":"<p>En traversant le territoire ampourdanais, on peut apercevoir de-ci de-l\u00e0, des clochers, des tours, des fragments de murailles&#8230; Il s&rsquo;agit d\u2019\u00e9l\u00e9ments caract\u00e9ristiques des villages m\u00e9di\u00e9vaux qui s\u2019\u00e9tendaient entre les cultures et les for\u00eats du Baix Empord\u00e0. Les pierres centenaires de ces villes abritent l\u2019h\u00e9ritage du canton et t\u00e9moignent d\u2019une mani\u00e8re de vivre en communion avec [&hellip;]<\/p>\n","protected":false},"author":2,"featured_media":13754,"parent":19484,"menu_order":0,"comment_status":"closed","ping_status":"closed","template":"page-templates\/vivencies.php","meta":{"_acf_changed":false,"footnotes":""},"class_list":["post-19525","page","type-page","status-publish","has-post-thumbnail","hentry"],"acf":[],"yoast_head":"<!-- This site is optimized with the Yoast SEO plugin v27.5 - https:\/\/yoast.com\/product\/yoast-seo-wordpress\/ -->\n<title>Villages m\u00e9di\u00e9vaux - Visit Empord\u00e0<\/title>\n<meta name=\"robots\" content=\"index, follow, max-snippet:-1, max-image-preview:large, max-video-preview:-1\" \/>\n<link rel=\"canonical\" href=\"https:\/\/visitemporda.com\/fr\/emporda\/pobles-medievals\/\" \/>\n<meta property=\"og:locale\" content=\"fr_FR\" \/>\n<meta property=\"og:type\" content=\"article\" \/>\n<meta property=\"og:title\" content=\"Villages m\u00e9di\u00e9vaux - Visit Empord\u00e0\" \/>\n<meta property=\"og:description\" content=\"En traversant le territoire ampourdanais, on peut apercevoir de-ci de-l\u00e0, des clochers, des tours, des fragments de murailles&#8230; Il s&rsquo;agit d\u2019\u00e9l\u00e9ments caract\u00e9ristiques des villages m\u00e9di\u00e9vaux qui s\u2019\u00e9tendaient entre les cultures et les for\u00eats du Baix Empord\u00e0. Les pierres centenaires de ces villes abritent l\u2019h\u00e9ritage du canton et t\u00e9moignent d\u2019une mani\u00e8re de vivre en communion avec [&hellip;]\" \/>\n<meta property=\"og:url\" content=\"https:\/\/visitemporda.com\/fr\/emporda\/pobles-medievals\/\" \/>\n<meta property=\"og:site_name\" content=\"Visit Empord\u00e0\" \/>\n<meta property=\"article:publisher\" content=\"https:\/\/www.facebook.com\/baixempordaturisme\" \/>\n<meta property=\"article:modified_time\" content=\"2021-05-30T09:06:33+00:00\" \/>\n<meta property=\"og:image\" content=\"https:\/\/visitemporda.com\/wp-content\/uploads\/2019\/03\/Palau-sator-1.jpg\" \/>\n\t<meta property=\"og:image:width\" content=\"1920\" \/>\n\t<meta property=\"og:image:height\" content=\"1080\" \/>\n\t<meta property=\"og:image:type\" content=\"image\/jpeg\" \/>\n<meta name=\"twitter:card\" content=\"summary_large_image\" \/>\n<meta name=\"twitter:site\" content=\"@baixemporda_tur\" \/>\n<script type=\"application\/ld+json\" class=\"yoast-schema-graph\">{\"@context\":\"https:\\\/\\\/schema.org\",\"@graph\":[{\"@type\":\"WebPage\",\"@id\":\"https:\\\/\\\/visitemporda.com\\\/fr\\\/emporda\\\/pobles-medievals\\\/\",\"url\":\"https:\\\/\\\/visitemporda.com\\\/fr\\\/emporda\\\/pobles-medievals\\\/\",\"name\":\"Villages m\u00e9di\u00e9vaux - Visit Empord\u00e0\",\"isPartOf\":{\"@id\":\"https:\\\/\\\/visitemporda.com\\\/fr\\\/#website\"},\"primaryImageOfPage\":{\"@id\":\"https:\\\/\\\/visitemporda.com\\\/fr\\\/emporda\\\/pobles-medievals\\\/#primaryimage\"},\"image\":{\"@id\":\"https:\\\/\\\/visitemporda.com\\\/fr\\\/emporda\\\/pobles-medievals\\\/#primaryimage\"},\"thumbnailUrl\":\"https:\\\/\\\/visitemporda.com\\\/wp-content\\\/uploads\\\/2019\\\/03\\\/Palau-sator-1.jpg\",\"datePublished\":\"2019-12-31T07:55:50+00:00\",\"dateModified\":\"2021-05-30T09:06:33+00:00\",\"breadcrumb\":{\"@id\":\"https:\\\/\\\/visitemporda.com\\\/fr\\\/emporda\\\/pobles-medievals\\\/#breadcrumb\"},\"inLanguage\":\"fr-FR\",\"potentialAction\":[{\"@type\":\"ReadAction\",\"target\":[\"https:\\\/\\\/visitemporda.com\\\/fr\\\/emporda\\\/pobles-medievals\\\/\"]}]},{\"@type\":\"ImageObject\",\"inLanguage\":\"fr-FR\",\"@id\":\"https:\\\/\\\/visitemporda.com\\\/fr\\\/emporda\\\/pobles-medievals\\\/#primaryimage\",\"url\":\"https:\\\/\\\/visitemporda.com\\\/wp-content\\\/uploads\\\/2019\\\/03\\\/Palau-sator-1.jpg\",\"contentUrl\":\"https:\\\/\\\/visitemporda.com\\\/wp-content\\\/uploads\\\/2019\\\/03\\\/Palau-sator-1.jpg\",\"width\":1920,\"height\":1080,\"caption\":\"poble de Palau-sator. Camp a primer pla de color groc, poble i darrera el Montgr\u00ed\"},{\"@type\":\"BreadcrumbList\",\"@id\":\"https:\\\/\\\/visitemporda.com\\\/fr\\\/emporda\\\/pobles-medievals\\\/#breadcrumb\",\"itemListElement\":[{\"@type\":\"ListItem\",\"position\":1,\"name\":\"Inici\",\"item\":\"https:\\\/\\\/visitemporda.com\\\/fr\\\/\"},{\"@type\":\"ListItem\",\"position\":2,\"name\":\"L&rsquo;Empord\u00e0\",\"item\":\"https:\\\/\\\/visitemporda.com\\\/fr\\\/emporda\\\/\"},{\"@type\":\"ListItem\",\"position\":3,\"name\":\"Villages m\u00e9di\u00e9vaux\"}]},{\"@type\":\"WebSite\",\"@id\":\"https:\\\/\\\/visitemporda.com\\\/fr\\\/#website\",\"url\":\"https:\\\/\\\/visitemporda.com\\\/fr\\\/\",\"name\":\"Visit Empord\u00e0\",\"description\":\"Site officiel du tourisme du Baix Empord\u00e0\",\"publisher\":{\"@id\":\"https:\\\/\\\/visitemporda.com\\\/fr\\\/#organization\"},\"potentialAction\":[{\"@type\":\"SearchAction\",\"target\":{\"@type\":\"EntryPoint\",\"urlTemplate\":\"https:\\\/\\\/visitemporda.com\\\/fr\\\/?s={search_term_string}\"},\"query-input\":{\"@type\":\"PropertyValueSpecification\",\"valueRequired\":true,\"valueName\":\"search_term_string\"}}],\"inLanguage\":\"fr-FR\"},{\"@type\":\"Organization\",\"@id\":\"https:\\\/\\\/visitemporda.com\\\/fr\\\/#organization\",\"name\":\"Consell Comarcal del Baix Empord\u00e0\",\"url\":\"https:\\\/\\\/visitemporda.com\\\/fr\\\/\",\"logo\":{\"@type\":\"ImageObject\",\"inLanguage\":\"fr-FR\",\"@id\":\"https:\\\/\\\/visitemporda.com\\\/fr\\\/#\\\/schema\\\/logo\\\/image\\\/\",\"url\":\"https:\\\/\\\/visitemporda.com\\\/wp-content\\\/uploads\\\/2024\\\/11\\\/Logotip_CCBE.png\",\"contentUrl\":\"https:\\\/\\\/visitemporda.com\\\/wp-content\\\/uploads\\\/2024\\\/11\\\/Logotip_CCBE.png\",\"width\":3617,\"height\":3617,\"caption\":\"Consell Comarcal del Baix Empord\u00e0\"},\"image\":{\"@id\":\"https:\\\/\\\/visitemporda.com\\\/fr\\\/#\\\/schema\\\/logo\\\/image\\\/\"},\"sameAs\":[\"https:\\\/\\\/www.facebook.com\\\/baixempordaturisme\",\"https:\\\/\\\/x.com\\\/baixemporda_tur\",\"https:\\\/\\\/www.instagram.com\\\/visitemporda\"]}]}<\/script>\n<!-- \/ Yoast SEO plugin. -->","yoast_head_json":{"title":"Villages m\u00e9di\u00e9vaux - Visit Empord\u00e0","robots":{"index":"index","follow":"follow","max-snippet":"max-snippet:-1","max-image-preview":"max-image-preview:large","max-video-preview":"max-video-preview:-1"},"canonical":"https:\/\/visitemporda.com\/fr\/emporda\/pobles-medievals\/","og_locale":"fr_FR","og_type":"article","og_title":"Villages m\u00e9di\u00e9vaux - Visit Empord\u00e0","og_description":"En traversant le territoire ampourdanais, on peut apercevoir de-ci de-l\u00e0, des clochers, des tours, des fragments de murailles&#8230; Il s&rsquo;agit d\u2019\u00e9l\u00e9ments caract\u00e9ristiques des villages m\u00e9di\u00e9vaux qui s\u2019\u00e9tendaient entre les cultures et les for\u00eats du Baix Empord\u00e0. Les pierres centenaires de ces villes abritent l\u2019h\u00e9ritage du canton et t\u00e9moignent d\u2019une mani\u00e8re de vivre en communion avec [&hellip;]","og_url":"https:\/\/visitemporda.com\/fr\/emporda\/pobles-medievals\/","og_site_name":"Visit Empord\u00e0","article_publisher":"https:\/\/www.facebook.com\/baixempordaturisme","article_modified_time":"2021-05-30T09:06:33+00:00","og_image":[{"width":1920,"height":1080,"url":"https:\/\/visitemporda.com\/wp-content\/uploads\/2019\/03\/Palau-sator-1.jpg","type":"image\/jpeg"}],"twitter_card":"summary_large_image","twitter_site":"@baixemporda_tur","schema":{"@context":"https:\/\/schema.org","@graph":[{"@type":"WebPage","@id":"https:\/\/visitemporda.com\/fr\/emporda\/pobles-medievals\/","url":"https:\/\/visitemporda.com\/fr\/emporda\/pobles-medievals\/","name":"Villages m\u00e9di\u00e9vaux - Visit Empord\u00e0","isPartOf":{"@id":"https:\/\/visitemporda.com\/fr\/#website"},"primaryImageOfPage":{"@id":"https:\/\/visitemporda.com\/fr\/emporda\/pobles-medievals\/#primaryimage"},"image":{"@id":"https:\/\/visitemporda.com\/fr\/emporda\/pobles-medievals\/#primaryimage"},"thumbnailUrl":"https:\/\/visitemporda.com\/wp-content\/uploads\/2019\/03\/Palau-sator-1.jpg","datePublished":"2019-12-31T07:55:50+00:00","dateModified":"2021-05-30T09:06:33+00:00","breadcrumb":{"@id":"https:\/\/visitemporda.com\/fr\/emporda\/pobles-medievals\/#breadcrumb"},"inLanguage":"fr-FR","potentialAction":[{"@type":"ReadAction","target":["https:\/\/visitemporda.com\/fr\/emporda\/pobles-medievals\/"]}]},{"@type":"ImageObject","inLanguage":"fr-FR","@id":"https:\/\/visitemporda.com\/fr\/emporda\/pobles-medievals\/#primaryimage","url":"https:\/\/visitemporda.com\/wp-content\/uploads\/2019\/03\/Palau-sator-1.jpg","contentUrl":"https:\/\/visitemporda.com\/wp-content\/uploads\/2019\/03\/Palau-sator-1.jpg","width":1920,"height":1080,"caption":"poble de Palau-sator. Camp a primer pla de color groc, poble i darrera el Montgr\u00ed"},{"@type":"BreadcrumbList","@id":"https:\/\/visitemporda.com\/fr\/emporda\/pobles-medievals\/#breadcrumb","itemListElement":[{"@type":"ListItem","position":1,"name":"Inici","item":"https:\/\/visitemporda.com\/fr\/"},{"@type":"ListItem","position":2,"name":"L&rsquo;Empord\u00e0","item":"https:\/\/visitemporda.com\/fr\/emporda\/"},{"@type":"ListItem","position":3,"name":"Villages m\u00e9di\u00e9vaux"}]},{"@type":"WebSite","@id":"https:\/\/visitemporda.com\/fr\/#website","url":"https:\/\/visitemporda.com\/fr\/","name":"Visit Empord\u00e0","description":"Site officiel du tourisme du Baix Empord\u00e0","publisher":{"@id":"https:\/\/visitemporda.com\/fr\/#organization"},"potentialAction":[{"@type":"SearchAction","target":{"@type":"EntryPoint","urlTemplate":"https:\/\/visitemporda.com\/fr\/?s={search_term_string}"},"query-input":{"@type":"PropertyValueSpecification","valueRequired":true,"valueName":"search_term_string"}}],"inLanguage":"fr-FR"},{"@type":"Organization","@id":"https:\/\/visitemporda.com\/fr\/#organization","name":"Consell Comarcal del Baix Empord\u00e0","url":"https:\/\/visitemporda.com\/fr\/","logo":{"@type":"ImageObject","inLanguage":"fr-FR","@id":"https:\/\/visitemporda.com\/fr\/#\/schema\/logo\/image\/","url":"https:\/\/visitemporda.com\/wp-content\/uploads\/2024\/11\/Logotip_CCBE.png","contentUrl":"https:\/\/visitemporda.com\/wp-content\/uploads\/2024\/11\/Logotip_CCBE.png","width":3617,"height":3617,"caption":"Consell Comarcal del Baix Empord\u00e0"},"image":{"@id":"https:\/\/visitemporda.com\/fr\/#\/schema\/logo\/image\/"},"sameAs":["https:\/\/www.facebook.com\/baixempordaturisme","https:\/\/x.com\/baixemporda_tur","https:\/\/www.instagram.com\/visitemporda"]}]}},"_links":{"self":[{"href":"https:\/\/visitemporda.com\/fr\/wp-json\/wp\/v2\/pages\/19525","targetHints":{"allow":["GET"]}}],"collection":[{"href":"https:\/\/visitemporda.com\/fr\/wp-json\/wp\/v2\/pages"}],"about":[{"href":"https:\/\/visitemporda.com\/fr\/wp-json\/wp\/v2\/types\/page"}],"author":[{"embeddable":true,"href":"https:\/\/visitemporda.com\/fr\/wp-json\/wp\/v2\/users\/2"}],"replies":[{"embeddable":true,"href":"https:\/\/visitemporda.com\/fr\/wp-json\/wp\/v2\/comments?post=19525"}],"version-history":[{"count":3,"href":"https:\/\/visitemporda.com\/fr\/wp-json\/wp\/v2\/pages\/19525\/revisions"}],"predecessor-version":[{"id":22493,"href":"https:\/\/visitemporda.com\/fr\/wp-json\/wp\/v2\/pages\/19525\/revisions\/22493"}],"up":[{"embeddable":true,"href":"https:\/\/visitemporda.com\/fr\/wp-json\/wp\/v2\/pages\/19484"}],"wp:featuredmedia":[{"embeddable":true,"href":"https:\/\/visitemporda.com\/fr\/wp-json\/wp\/v2\/media\/13754"}],"wp:attachment":[{"href":"https:\/\/visitemporda.com\/fr\/wp-json\/wp\/v2\/media?parent=19525"}],"curies":[{"name":"wp","href":"https:\/\/api.w.org\/{rel}","templated":true}]}}