

{"version":"1.0","provider_name":"Visit Empord\u00e0","provider_url":"https:\/\/visitemporda.com\/fr\/","title":"La mer et la c\u00f4te - Visit Empord\u00e0","type":"rich","width":600,"height":338,"html":"<blockquote class=\"wp-embedded-content\" data-secret=\"otsSHwYEpA\"><a href=\"https:\/\/visitemporda.com\/fr\/recomenacions\/propostes\/territori-i-natura\/el-mar-i-la-costa\/\">La mer et la c\u00f4te<\/a><\/blockquote><iframe sandbox=\"allow-scripts\" security=\"restricted\" src=\"https:\/\/visitemporda.com\/fr\/recomenacions\/propostes\/territori-i-natura\/el-mar-i-la-costa\/embed\/#?secret=otsSHwYEpA\" width=\"600\" height=\"338\" title=\"\u00ab\u00a0La mer et la c\u00f4te\u00a0\u00bb &#8212; Visit Empord\u00e0\" data-secret=\"otsSHwYEpA\" frameborder=\"0\" marginwidth=\"0\" marginheight=\"0\" scrolling=\"no\" class=\"wp-embedded-content\"><\/iframe><script type=\"text\/javascript\">\n\/* <![CDATA[ *\/\n\/*! This file is auto-generated *\/\n!function(d,l){\"use strict\";l.querySelector&&d.addEventListener&&\"undefined\"!=typeof URL&&(d.wp=d.wp||{},d.wp.receiveEmbedMessage||(d.wp.receiveEmbedMessage=function(e){var t=e.data;if((t||t.secret||t.message||t.value)&&!\/[^a-zA-Z0-9]\/.test(t.secret)){for(var s,r,n,a=l.querySelectorAll('iframe[data-secret=\"'+t.secret+'\"]'),o=l.querySelectorAll('blockquote[data-secret=\"'+t.secret+'\"]'),c=new RegExp(\"^https?:$\",\"i\"),i=0;i<o.length;i++)o[i].style.display=\"none\";for(i=0;i<a.length;i++)s=a[i],e.source===s.contentWindow&&(s.removeAttribute(\"style\"),\"height\"===t.message?(1e3<(r=parseInt(t.value,10))?r=1e3:~~r<200&&(r=200),s.height=r):\"link\"===t.message&&(r=new URL(s.getAttribute(\"src\")),n=new URL(t.value),c.test(n.protocol))&&n.host===r.host&&l.activeElement===s&&(d.top.location.href=t.value))}},d.addEventListener(\"message\",d.wp.receiveEmbedMessage,!1),l.addEventListener(\"DOMContentLoaded\",function(){for(var e,t,s=l.querySelectorAll(\"iframe.wp-embedded-content\"),r=0;r<s.length;r++)(t=(e=s[r]).getAttribute(\"data-secret\"))||(t=Math.random().toString(36).substring(2,12),e.src+=\"#?secret=\"+t,e.setAttribute(\"data-secret\",t)),e.contentWindow.postMessage({message:\"ready\",secret:t},\"*\")},!1)))}(window,document);\n\/\/# sourceURL=https:\/\/visitemporda.com\/wp-includes\/js\/wp-embed.min.js\n\/* ]]> *\/\n<\/script>\n","thumbnail_url":"https:\/\/visitemporda.com\/wp-content\/uploads\/2019\/12\/Illes-Medes-3-Montse-Nualart-1024x683.jpg","thumbnail_width":1024,"thumbnail_height":683,"description":"Le Baix Empord\u00e0 respire la mer, une ressource naturelle qui accompagne le visiteur et habille en permanence notre littoral, parfois de calme, parfois de fureur. Mais quand elle visite notre c\u00f4te et s&rsquo;\u00e9choue contre les rochers, les \u00eelots, les falaises, les plages ou les calanques, elle cr\u00e9e une fusion qui enfante l\u2019un des paysages les [&hellip;]"}