

{"version":"1.0","provider_name":"Visit Empord\u00e0","provider_url":"https:\/\/visitemporda.com\/fr\/","title":"Pujada de Sant Grau d\u2019Ardenya (Mont\u00e9e de Sant Grau d\u2019Ardenya) (la Selva) - Visit Empord\u00e0","type":"rich","width":600,"height":338,"html":"<blockquote class=\"wp-embedded-content\" data-secret=\"iLVauDAUNq\"><a href=\"https:\/\/visitemporda.com\/fr\/cicloturisme\/pujada-de-sant-grau-dardenya-la-selva\/\">Pujada de Sant Grau d\u2019Ardenya (Mont\u00e9e de Sant Grau d\u2019Ardenya) (la Selva)<\/a><\/blockquote><iframe sandbox=\"allow-scripts\" security=\"restricted\" src=\"https:\/\/visitemporda.com\/fr\/cicloturisme\/pujada-de-sant-grau-dardenya-la-selva\/embed\/#?secret=iLVauDAUNq\" width=\"600\" height=\"338\" title=\"\u00ab\u00a0Pujada de Sant Grau d\u2019Ardenya (Mont\u00e9e de Sant Grau d\u2019Ardenya) (la Selva)\u00a0\u00bb &#8212; Visit Empord\u00e0\" data-secret=\"iLVauDAUNq\" frameborder=\"0\" marginwidth=\"0\" marginheight=\"0\" scrolling=\"no\" class=\"wp-embedded-content\"><\/iframe><script type=\"text\/javascript\">\n\/* <![CDATA[ *\/\n\/*! This file is auto-generated *\/\n!function(d,l){\"use strict\";l.querySelector&&d.addEventListener&&\"undefined\"!=typeof URL&&(d.wp=d.wp||{},d.wp.receiveEmbedMessage||(d.wp.receiveEmbedMessage=function(e){var t=e.data;if((t||t.secret||t.message||t.value)&&!\/[^a-zA-Z0-9]\/.test(t.secret)){for(var s,r,n,a=l.querySelectorAll('iframe[data-secret=\"'+t.secret+'\"]'),o=l.querySelectorAll('blockquote[data-secret=\"'+t.secret+'\"]'),c=new RegExp(\"^https?:$\",\"i\"),i=0;i<o.length;i++)o[i].style.display=\"none\";for(i=0;i<a.length;i++)s=a[i],e.source===s.contentWindow&&(s.removeAttribute(\"style\"),\"height\"===t.message?(1e3<(r=parseInt(t.value,10))?r=1e3:~~r<200&&(r=200),s.height=r):\"link\"===t.message&&(r=new URL(s.getAttribute(\"src\")),n=new URL(t.value),c.test(n.protocol))&&n.host===r.host&&l.activeElement===s&&(d.top.location.href=t.value))}},d.addEventListener(\"message\",d.wp.receiveEmbedMessage,!1),l.addEventListener(\"DOMContentLoaded\",function(){for(var e,t,s=l.querySelectorAll(\"iframe.wp-embedded-content\"),r=0;r<s.length;r++)(t=(e=s[r]).getAttribute(\"data-secret\"))||(t=Math.random().toString(36).substring(2,12),e.src+=\"#?secret=\"+t,e.setAttribute(\"data-secret\",t)),e.contentWindow.postMessage({message:\"ready\",secret:t},\"*\")},!1)))}(window,document);\n\/\/# sourceURL=https:\/\/visitemporda.com\/wp-includes\/js\/wp-embed.min.js\n\/* ]]> *\/\n<\/script>\n","description":"Ce circuit commence \u00e0 Sant Feliu de Gu\u00edxols, commune c\u00f4ti\u00e8re. Suivez-le pour profiter des vues exceptionnelles sur la Costa Brava ainsi que sur les massifs montagneux, en passant par des c\u00f4tes et des routes secondaires. En outre, vous aurez l\u2019opportunit\u00e9 d\u2019admirer une grande vari\u00e9t\u00e9 de paysages, en passant par le Coll de Sant Grau, Romany\u00e0 [&hellip;]"}