

{"version":"1.0","provider_name":"Visit Empord\u00e0","provider_url":"https:\/\/visitemporda.com\/fr\/","title":"De Torre Valentina \u00e0 cala Belladona - Visit Empord\u00e0","type":"rich","width":600,"height":338,"html":"<blockquote class=\"wp-embedded-content\" data-secret=\"CaAVPXq6iD\"><a href=\"https:\/\/visitemporda.com\/fr\/camins-de-ronda\/de-torre-valentina-a-cala-belladona\/\">De Torre Valentina \u00e0 cala Belladona<\/a><\/blockquote><iframe sandbox=\"allow-scripts\" security=\"restricted\" src=\"https:\/\/visitemporda.com\/fr\/camins-de-ronda\/de-torre-valentina-a-cala-belladona\/embed\/#?secret=CaAVPXq6iD\" width=\"600\" height=\"338\" title=\"\u00ab\u00a0De Torre Valentina \u00e0 cala Belladona\u00a0\u00bb &#8212; Visit Empord\u00e0\" data-secret=\"CaAVPXq6iD\" frameborder=\"0\" marginwidth=\"0\" marginheight=\"0\" scrolling=\"no\" class=\"wp-embedded-content\"><\/iframe><script type=\"text\/javascript\">\n\/* <![CDATA[ *\/\n\/*! This file is auto-generated *\/\n!function(d,l){\"use strict\";l.querySelector&&d.addEventListener&&\"undefined\"!=typeof URL&&(d.wp=d.wp||{},d.wp.receiveEmbedMessage||(d.wp.receiveEmbedMessage=function(e){var t=e.data;if((t||t.secret||t.message||t.value)&&!\/[^a-zA-Z0-9]\/.test(t.secret)){for(var s,r,n,a=l.querySelectorAll('iframe[data-secret=\"'+t.secret+'\"]'),o=l.querySelectorAll('blockquote[data-secret=\"'+t.secret+'\"]'),c=new RegExp(\"^https?:$\",\"i\"),i=0;i<o.length;i++)o[i].style.display=\"none\";for(i=0;i<a.length;i++)s=a[i],e.source===s.contentWindow&&(s.removeAttribute(\"style\"),\"height\"===t.message?(1e3<(r=parseInt(t.value,10))?r=1e3:~~r<200&&(r=200),s.height=r):\"link\"===t.message&&(r=new URL(s.getAttribute(\"src\")),n=new URL(t.value),c.test(n.protocol))&&n.host===r.host&&l.activeElement===s&&(d.top.location.href=t.value))}},d.addEventListener(\"message\",d.wp.receiveEmbedMessage,!1),l.addEventListener(\"DOMContentLoaded\",function(){for(var e,t,s=l.querySelectorAll(\"iframe.wp-embedded-content\"),r=0;r<s.length;r++)(t=(e=s[r]).getAttribute(\"data-secret\"))||(t=Math.random().toString(36).substring(2,12),e.src+=\"#?secret=\"+t,e.setAttribute(\"data-secret\",t)),e.contentWindow.postMessage({message:\"ready\",secret:t},\"*\")},!1)))}(window,document);\n\/\/# sourceURL=https:\/\/visitemporda.com\/wp-includes\/js\/wp-embed.min.js\n\/* ]]> *\/\n<\/script>\n","thumbnail_url":"https:\/\/visitemporda.com\/wp-content\/uploads\/2019\/10\/Cala-Cap-Roig-Calonge.-Alex-Tremps.-Arxiu-Imatges-PTCBG_G.jpg","thumbnail_width":2480,"thumbnail_height":1653,"description":"Ces tra\u00e7age ont \u00e9t\u00e9 dessin\u00e9s par les gens il y a plus de cinq si\u00e8cles, lorsque le danger venait de la mer, guid\u00e9 par les pirates et les corsaires. \u00c0 cette \u00e9poque, les tours de guet ou de d\u00e9fense se construisent. Des points d\u2019int\u00e9r\u00eat: Torre Valentina \/ Torre dels Perpiny\u00e0 \/ Castell Madeleine Point de [&hellip;]"}