

{"id":20131,"date":"2019-10-08T15:53:02","date_gmt":"2019-10-08T13:53:02","guid":{"rendered":"http:\/\/visitemporda.com\/festes-i-tradicions\/altres-festivitats\/"},"modified":"2021-07-30T12:09:22","modified_gmt":"2021-07-30T10:09:22","slug":"altres-festivitats","status":"publish","type":"page","link":"https:\/\/visitemporda.com\/es\/recomendaciones\/propostes\/patrimoni-cultural\/festes-i-tradicions\/altres-festivitats\/","title":{"rendered":"Otras festividades"},"content":{"rendered":"<p>El Baix Empord\u00e0 no es alieno a otras celebraciones catalanas, entre las cuales destaca Sant Jordi, patr\u00f3n de Catalu\u00f1a, que es la diada del libro y la rosa. La festividad, que se celebra el 23 de abril, se basa en la leyenda de Sant Jordi, caballero que salv\u00f3 una princesa de ser sacrificada para un drag\u00f3n. Este d\u00eda las calles y plazas de los pueblos del Baix Empord\u00e0 se llenan de gente, paseando, regalando libros y rosas en uno de los d\u00edas m\u00e1s especiales del a\u00f1o.<\/p>\n<p>La tradici\u00f3n de Sant Joan tiene las ra\u00edces en los rituales paganos del solsticio de verano y se celebra el 24 de junio, aunque los actos m\u00e1s representativos tienen lugar durante la vigilia, la tarde y noche del 23. Las hogueras y los petardos son los protagonistas de la que es la noche m\u00e1s corta del a\u00f1o, que tambi\u00e9n se anima con m\u00fasica y la tradicional coca de fruta confitada. Es uno de los actos de salida del verano en toda la comarca y es destacable los fuegos artificiales que tienen lugar en Platja d\u2019Aro.<\/p>\n<p>Sant Antoni Abat es considerado el patr\u00f3n de los animales y cada a\u00f1o se organizan actos y celebraciones cerca del 17 de enero. Es tradici\u00f3n bendecir los animales, con la voluntad de obtener fertilidad de los animales y de los alimentos. Antiguamente, los animales eran esenciales para llevar a cabo los trabajos del campo. Muchos municipios de la comarca celebran esta festividad y muchos bajo-ampurdaneses bendicen tambi\u00e9n sus mascotas.<\/p>\n<p>La Castanyada es otra fiesta catalana que se celebra por elD\u00eda de Todos los Santos (1 de noviembre), aunque \u00faltimamente tiene m\u00e1s importancia la vigilia (31 de octubre). Es una tradici\u00f3n que deriva de la celebraci\u00f3n de comidas funerarias que buscaban estar en comuni\u00f3n con las almas de los difuntos. En estas fiestas se comen casta\u00f1as, panellets, boniatos y fruta confitada. Es importante la figura de la casta\u00f1era, una mujer vieja vestida con ropa pobre que tuesta casta\u00f1as para venderlas en alg\u00fan punto de la calle. Aunque coincide con otras celebraciones importantes de pa\u00edses anglosajones es una tradici\u00f3n que muchos bajo-ampurdaneses celebran. Incluso en Begur se celebra la Fira de la Castanyera.<\/p>\n","protected":false},"excerpt":{"rendered":"<p>El Baix Empord\u00e0 no es alieno a otras celebraciones catalanas, entre las cuales destaca Sant Jordi, patr\u00f3n de Catalu\u00f1a, que es la diada del libro y la rosa. La festividad, que se celebra el 23 de abril, se basa en la leyenda de Sant Jordi, caballero que salv\u00f3 una princesa de ser sacrificada para un [&hellip;]<\/p>\n","protected":false},"author":2,"featured_media":7593,"parent":20071,"menu_order":0,"comment_status":"closed","ping_status":"closed","template":"page-templates\/fitxa-campanyes-gastronomiques.php","meta":{"_acf_changed":false,"footnotes":""},"class_list":["post-20131","page","type-page","status-publish","has-post-thumbnail","hentry"],"acf":[],"yoast_head":"<!-- This site is optimized with the Yoast SEO plugin v27.5 - https:\/\/yoast.com\/product\/yoast-seo-wordpress\/ -->\n<title>Otras festividades - Visit Empord\u00e0<\/title>\n<meta name=\"robots\" content=\"index, follow, max-snippet:-1, max-image-preview:large, max-video-preview:-1\" \/>\n<link rel=\"canonical\" href=\"https:\/\/visitemporda.com\/es\/recomendaciones\/propostes\/patrimoni-cultural\/festes-i-tradicions\/altres-festivitats\/\" \/>\n<meta property=\"og:locale\" content=\"es_ES\" \/>\n<meta property=\"og:type\" content=\"article\" \/>\n<meta property=\"og:title\" content=\"Otras festividades - Visit Empord\u00e0\" \/>\n<meta property=\"og:description\" content=\"El Baix Empord\u00e0 no es alieno a otras celebraciones catalanas, entre las cuales destaca Sant Jordi, patr\u00f3n de Catalu\u00f1a, que es la diada del libro y la rosa. La festividad, que se celebra el 23 de abril, se basa en la leyenda de Sant Jordi, caballero que salv\u00f3 una princesa de ser sacrificada para un [&hellip;]\" \/>\n<meta property=\"og:url\" content=\"https:\/\/visitemporda.com\/es\/recomendaciones\/propostes\/patrimoni-cultural\/festes-i-tradicions\/altres-festivitats\/\" \/>\n<meta property=\"og:site_name\" content=\"Visit Empord\u00e0\" \/>\n<meta property=\"article:publisher\" content=\"https:\/\/www.facebook.com\/baixempordaturisme\" \/>\n<meta property=\"article:modified_time\" content=\"2021-07-30T10:09:22+00:00\" \/>\n<meta property=\"og:image\" content=\"https:\/\/visitemporda.com\/wp-content\/uploads\/2019\/10\/Focs-artificials.jpg\" \/>\n\t<meta property=\"og:image:width\" content=\"1200\" \/>\n\t<meta property=\"og:image:height\" content=\"1600\" \/>\n\t<meta property=\"og:image:type\" content=\"image\/jpeg\" \/>\n<meta name=\"twitter:card\" content=\"summary_large_image\" \/>\n<meta name=\"twitter:site\" content=\"@baixemporda_tur\" \/>\n<meta name=\"twitter:label1\" content=\"Tiempo de lectura\" \/>\n\t<meta name=\"twitter:data1\" content=\"2 minutos\" \/>\n<script type=\"application\/ld+json\" class=\"yoast-schema-graph\">{\"@context\":\"https:\\\/\\\/schema.org\",\"@graph\":[{\"@type\":\"WebPage\",\"@id\":\"https:\\\/\\\/visitemporda.com\\\/es\\\/recomendaciones\\\/propostes\\\/patrimoni-cultural\\\/festes-i-tradicions\\\/altres-festivitats\\\/\",\"url\":\"https:\\\/\\\/visitemporda.com\\\/es\\\/recomendaciones\\\/propostes\\\/patrimoni-cultural\\\/festes-i-tradicions\\\/altres-festivitats\\\/\",\"name\":\"Otras festividades - Visit Empord\u00e0\",\"isPartOf\":{\"@id\":\"https:\\\/\\\/visitemporda.com\\\/es\\\/#website\"},\"primaryImageOfPage\":{\"@id\":\"https:\\\/\\\/visitemporda.com\\\/es\\\/recomendaciones\\\/propostes\\\/patrimoni-cultural\\\/festes-i-tradicions\\\/altres-festivitats\\\/#primaryimage\"},\"image\":{\"@id\":\"https:\\\/\\\/visitemporda.com\\\/es\\\/recomendaciones\\\/propostes\\\/patrimoni-cultural\\\/festes-i-tradicions\\\/altres-festivitats\\\/#primaryimage\"},\"thumbnailUrl\":\"https:\\\/\\\/visitemporda.com\\\/wp-content\\\/uploads\\\/2019\\\/10\\\/Focs-artificials.jpg\",\"datePublished\":\"2019-10-08T13:53:02+00:00\",\"dateModified\":\"2021-07-30T10:09:22+00:00\",\"breadcrumb\":{\"@id\":\"https:\\\/\\\/visitemporda.com\\\/es\\\/recomendaciones\\\/propostes\\\/patrimoni-cultural\\\/festes-i-tradicions\\\/altres-festivitats\\\/#breadcrumb\"},\"inLanguage\":\"es\",\"potentialAction\":[{\"@type\":\"ReadAction\",\"target\":[\"https:\\\/\\\/visitemporda.com\\\/es\\\/recomendaciones\\\/propostes\\\/patrimoni-cultural\\\/festes-i-tradicions\\\/altres-festivitats\\\/\"]}]},{\"@type\":\"ImageObject\",\"inLanguage\":\"es\",\"@id\":\"https:\\\/\\\/visitemporda.com\\\/es\\\/recomendaciones\\\/propostes\\\/patrimoni-cultural\\\/festes-i-tradicions\\\/altres-festivitats\\\/#primaryimage\",\"url\":\"https:\\\/\\\/visitemporda.com\\\/wp-content\\\/uploads\\\/2019\\\/10\\\/Focs-artificials.jpg\",\"contentUrl\":\"https:\\\/\\\/visitemporda.com\\\/wp-content\\\/uploads\\\/2019\\\/10\\\/Focs-artificials.jpg\",\"width\":1200,\"height\":1600,\"caption\":\"Focs artificials\"},{\"@type\":\"BreadcrumbList\",\"@id\":\"https:\\\/\\\/visitemporda.com\\\/es\\\/recomendaciones\\\/propostes\\\/patrimoni-cultural\\\/festes-i-tradicions\\\/altres-festivitats\\\/#breadcrumb\",\"itemListElement\":[{\"@type\":\"ListItem\",\"position\":1,\"name\":\"Inici\",\"item\":\"https:\\\/\\\/visitemporda.com\\\/es\\\/\"},{\"@type\":\"ListItem\",\"position\":2,\"name\":\"Recomendaciones\",\"item\":\"https:\\\/\\\/visitemporda.com\\\/es\\\/recomendaciones\\\/\"},{\"@type\":\"ListItem\",\"position\":3,\"name\":\"Qu\u00e9 hacer\",\"item\":\"https:\\\/\\\/visitemporda.com\\\/es\\\/recomendaciones\\\/propostes\\\/\"},{\"@type\":\"ListItem\",\"position\":4,\"name\":\"Patrimonio cultural\",\"item\":\"https:\\\/\\\/visitemporda.com\\\/es\\\/recomendaciones\\\/propostes\\\/patrimoni-cultural\\\/\"},{\"@type\":\"ListItem\",\"position\":5,\"name\":\"Fiestas y tradiciones\",\"item\":\"https:\\\/\\\/visitemporda.com\\\/es\\\/recomendaciones\\\/propostes\\\/patrimoni-cultural\\\/festes-i-tradicions\\\/\"},{\"@type\":\"ListItem\",\"position\":6,\"name\":\"Otras festividades\"}]},{\"@type\":\"WebSite\",\"@id\":\"https:\\\/\\\/visitemporda.com\\\/es\\\/#website\",\"url\":\"https:\\\/\\\/visitemporda.com\\\/es\\\/\",\"name\":\"Visit Empord\u00e0\",\"description\":\"Web tur\u00edstica oficial del Baix Empord\u00e0\",\"publisher\":{\"@id\":\"https:\\\/\\\/visitemporda.com\\\/es\\\/#organization\"},\"potentialAction\":[{\"@type\":\"SearchAction\",\"target\":{\"@type\":\"EntryPoint\",\"urlTemplate\":\"https:\\\/\\\/visitemporda.com\\\/es\\\/?s={search_term_string}\"},\"query-input\":{\"@type\":\"PropertyValueSpecification\",\"valueRequired\":true,\"valueName\":\"search_term_string\"}}],\"inLanguage\":\"es\"},{\"@type\":\"Organization\",\"@id\":\"https:\\\/\\\/visitemporda.com\\\/es\\\/#organization\",\"name\":\"Consell Comarcal del Baix Empord\u00e0\",\"url\":\"https:\\\/\\\/visitemporda.com\\\/es\\\/\",\"logo\":{\"@type\":\"ImageObject\",\"inLanguage\":\"es\",\"@id\":\"https:\\\/\\\/visitemporda.com\\\/es\\\/#\\\/schema\\\/logo\\\/image\\\/\",\"url\":\"https:\\\/\\\/visitemporda.com\\\/wp-content\\\/uploads\\\/2024\\\/11\\\/Logotip_CCBE.png\",\"contentUrl\":\"https:\\\/\\\/visitemporda.com\\\/wp-content\\\/uploads\\\/2024\\\/11\\\/Logotip_CCBE.png\",\"width\":3617,\"height\":3617,\"caption\":\"Consell Comarcal del Baix Empord\u00e0\"},\"image\":{\"@id\":\"https:\\\/\\\/visitemporda.com\\\/es\\\/#\\\/schema\\\/logo\\\/image\\\/\"},\"sameAs\":[\"https:\\\/\\\/www.facebook.com\\\/baixempordaturisme\",\"https:\\\/\\\/x.com\\\/baixemporda_tur\",\"https:\\\/\\\/www.instagram.com\\\/visitemporda\"]}]}<\/script>\n<!-- \/ Yoast SEO plugin. -->","yoast_head_json":{"title":"Otras festividades - Visit Empord\u00e0","robots":{"index":"index","follow":"follow","max-snippet":"max-snippet:-1","max-image-preview":"max-image-preview:large","max-video-preview":"max-video-preview:-1"},"canonical":"https:\/\/visitemporda.com\/es\/recomendaciones\/propostes\/patrimoni-cultural\/festes-i-tradicions\/altres-festivitats\/","og_locale":"es_ES","og_type":"article","og_title":"Otras festividades - Visit Empord\u00e0","og_description":"El Baix Empord\u00e0 no es alieno a otras celebraciones catalanas, entre las cuales destaca Sant Jordi, patr\u00f3n de Catalu\u00f1a, que es la diada del libro y la rosa. La festividad, que se celebra el 23 de abril, se basa en la leyenda de Sant Jordi, caballero que salv\u00f3 una princesa de ser sacrificada para un [&hellip;]","og_url":"https:\/\/visitemporda.com\/es\/recomendaciones\/propostes\/patrimoni-cultural\/festes-i-tradicions\/altres-festivitats\/","og_site_name":"Visit Empord\u00e0","article_publisher":"https:\/\/www.facebook.com\/baixempordaturisme","article_modified_time":"2021-07-30T10:09:22+00:00","og_image":[{"width":1200,"height":1600,"url":"https:\/\/visitemporda.com\/wp-content\/uploads\/2019\/10\/Focs-artificials.jpg","type":"image\/jpeg"}],"twitter_card":"summary_large_image","twitter_site":"@baixemporda_tur","twitter_misc":{"Tiempo de lectura":"2 minutos"},"schema":{"@context":"https:\/\/schema.org","@graph":[{"@type":"WebPage","@id":"https:\/\/visitemporda.com\/es\/recomendaciones\/propostes\/patrimoni-cultural\/festes-i-tradicions\/altres-festivitats\/","url":"https:\/\/visitemporda.com\/es\/recomendaciones\/propostes\/patrimoni-cultural\/festes-i-tradicions\/altres-festivitats\/","name":"Otras festividades - Visit Empord\u00e0","isPartOf":{"@id":"https:\/\/visitemporda.com\/es\/#website"},"primaryImageOfPage":{"@id":"https:\/\/visitemporda.com\/es\/recomendaciones\/propostes\/patrimoni-cultural\/festes-i-tradicions\/altres-festivitats\/#primaryimage"},"image":{"@id":"https:\/\/visitemporda.com\/es\/recomendaciones\/propostes\/patrimoni-cultural\/festes-i-tradicions\/altres-festivitats\/#primaryimage"},"thumbnailUrl":"https:\/\/visitemporda.com\/wp-content\/uploads\/2019\/10\/Focs-artificials.jpg","datePublished":"2019-10-08T13:53:02+00:00","dateModified":"2021-07-30T10:09:22+00:00","breadcrumb":{"@id":"https:\/\/visitemporda.com\/es\/recomendaciones\/propostes\/patrimoni-cultural\/festes-i-tradicions\/altres-festivitats\/#breadcrumb"},"inLanguage":"es","potentialAction":[{"@type":"ReadAction","target":["https:\/\/visitemporda.com\/es\/recomendaciones\/propostes\/patrimoni-cultural\/festes-i-tradicions\/altres-festivitats\/"]}]},{"@type":"ImageObject","inLanguage":"es","@id":"https:\/\/visitemporda.com\/es\/recomendaciones\/propostes\/patrimoni-cultural\/festes-i-tradicions\/altres-festivitats\/#primaryimage","url":"https:\/\/visitemporda.com\/wp-content\/uploads\/2019\/10\/Focs-artificials.jpg","contentUrl":"https:\/\/visitemporda.com\/wp-content\/uploads\/2019\/10\/Focs-artificials.jpg","width":1200,"height":1600,"caption":"Focs artificials"},{"@type":"BreadcrumbList","@id":"https:\/\/visitemporda.com\/es\/recomendaciones\/propostes\/patrimoni-cultural\/festes-i-tradicions\/altres-festivitats\/#breadcrumb","itemListElement":[{"@type":"ListItem","position":1,"name":"Inici","item":"https:\/\/visitemporda.com\/es\/"},{"@type":"ListItem","position":2,"name":"Recomendaciones","item":"https:\/\/visitemporda.com\/es\/recomendaciones\/"},{"@type":"ListItem","position":3,"name":"Qu\u00e9 hacer","item":"https:\/\/visitemporda.com\/es\/recomendaciones\/propostes\/"},{"@type":"ListItem","position":4,"name":"Patrimonio cultural","item":"https:\/\/visitemporda.com\/es\/recomendaciones\/propostes\/patrimoni-cultural\/"},{"@type":"ListItem","position":5,"name":"Fiestas y tradiciones","item":"https:\/\/visitemporda.com\/es\/recomendaciones\/propostes\/patrimoni-cultural\/festes-i-tradicions\/"},{"@type":"ListItem","position":6,"name":"Otras festividades"}]},{"@type":"WebSite","@id":"https:\/\/visitemporda.com\/es\/#website","url":"https:\/\/visitemporda.com\/es\/","name":"Visit Empord\u00e0","description":"Web tur\u00edstica oficial del Baix Empord\u00e0","publisher":{"@id":"https:\/\/visitemporda.com\/es\/#organization"},"potentialAction":[{"@type":"SearchAction","target":{"@type":"EntryPoint","urlTemplate":"https:\/\/visitemporda.com\/es\/?s={search_term_string}"},"query-input":{"@type":"PropertyValueSpecification","valueRequired":true,"valueName":"search_term_string"}}],"inLanguage":"es"},{"@type":"Organization","@id":"https:\/\/visitemporda.com\/es\/#organization","name":"Consell Comarcal del Baix Empord\u00e0","url":"https:\/\/visitemporda.com\/es\/","logo":{"@type":"ImageObject","inLanguage":"es","@id":"https:\/\/visitemporda.com\/es\/#\/schema\/logo\/image\/","url":"https:\/\/visitemporda.com\/wp-content\/uploads\/2024\/11\/Logotip_CCBE.png","contentUrl":"https:\/\/visitemporda.com\/wp-content\/uploads\/2024\/11\/Logotip_CCBE.png","width":3617,"height":3617,"caption":"Consell Comarcal del Baix Empord\u00e0"},"image":{"@id":"https:\/\/visitemporda.com\/es\/#\/schema\/logo\/image\/"},"sameAs":["https:\/\/www.facebook.com\/baixempordaturisme","https:\/\/x.com\/baixemporda_tur","https:\/\/www.instagram.com\/visitemporda"]}]}},"_links":{"self":[{"href":"https:\/\/visitemporda.com\/es\/wp-json\/wp\/v2\/pages\/20131","targetHints":{"allow":["GET"]}}],"collection":[{"href":"https:\/\/visitemporda.com\/es\/wp-json\/wp\/v2\/pages"}],"about":[{"href":"https:\/\/visitemporda.com\/es\/wp-json\/wp\/v2\/types\/page"}],"author":[{"embeddable":true,"href":"https:\/\/visitemporda.com\/es\/wp-json\/wp\/v2\/users\/2"}],"replies":[{"embeddable":true,"href":"https:\/\/visitemporda.com\/es\/wp-json\/wp\/v2\/comments?post=20131"}],"version-history":[{"count":5,"href":"https:\/\/visitemporda.com\/es\/wp-json\/wp\/v2\/pages\/20131\/revisions"}],"predecessor-version":[{"id":34851,"href":"https:\/\/visitemporda.com\/es\/wp-json\/wp\/v2\/pages\/20131\/revisions\/34851"}],"up":[{"embeddable":true,"href":"https:\/\/visitemporda.com\/es\/wp-json\/wp\/v2\/pages\/20071"}],"wp:featuredmedia":[{"embeddable":true,"href":"https:\/\/visitemporda.com\/es\/wp-json\/wp\/v2\/media\/7593"}],"wp:attachment":[{"href":"https:\/\/visitemporda.com\/es\/wp-json\/wp\/v2\/media?parent=20131"}],"curies":[{"name":"wp","href":"https:\/\/api.w.org\/{rel}","templated":true}]}}