

{"id":20106,"date":"2019-10-08T15:51:04","date_gmt":"2019-10-08T13:51:04","guid":{"rendered":"http:\/\/visitemporda.com\/festes-i-tradicions\/setmana-santa\/"},"modified":"2021-07-30T12:11:47","modified_gmt":"2021-07-30T10:11:47","slug":"setmana-santa","status":"publish","type":"page","link":"https:\/\/visitemporda.com\/es\/recomendaciones\/propostes\/patrimoni-cultural\/festes-i-tradicions\/setmana-santa\/","title":{"rendered":"Semana Santa"},"content":{"rendered":"<p>La Semana Santa es la principal festividad de la religi\u00f3n cristiana, en que se recuerdan los \u00faltimos d\u00edas de la vida de Jesucristo y su muerte y posterior resurrecci\u00f3n. Los actos empiezan el Viernes de los Dolores y el Domingo de Ramos, aunque el plato fuerte es la semana siguiente. El Jueves Santo, el jueves de Semana Santa, se conmemora la Santa Cena y se celebran diferentes festividades por toda la comarca como la Danza de la muerte de Verges. Seguidamente hay el Viernes Santo, d\u00eda en que se celebran gran parte de las procesiones. Tres d\u00edas despu\u00e9s, se cierra la Semana Santa con la celebraci\u00f3n de Domingo y Lunes de Pasqua, que simboliza la Resurrecci\u00f3n de Cristo.<\/p>\n<p>Los actos t\u00edpicos de la Semana Santa, aparte de las misas espec\u00edficas, son las procesiones, durante las cuales las cofrad\u00edas de religiosos transportan figuras religiosas. A menudo, las procesiones se acompa\u00f1an de desfiladas de \u201cmanaies\u201d, que recrean los soldados romanos. Tambi\u00e9n se representan por todo, obras de teatro lit\u00fargico que retratan los \u00faltimos d\u00edas de Cristo, conocidas como Pasiones.<\/p>\n<p>Otro elemento caracter\u00edstico de la Semana Santa es la mona de Pascua, dulce que los padrinos regalan a los ahijados y que se consume el \u00faltimo d\u00eda del per\u00edodo festivo.<br \/>\nLa celebraci\u00f3n de la Semana Santa presenta algunos elementos propios en el Baix Empord\u00e0. Por ejemplo, es tradicional la elaboraci\u00f3n y consumo de brunyols (bu\u00f1uelos)durante la Cuaresma y especialmente por Semana Santa. Se trata de unas pastas dulces, con forma de esfera aplastada y de textura compacta, que tienen como caracter\u00edsticas diferenciales el aroma de matalah\u00faga y la ausencia de agujero \u2013en contraste con otros dulces similares\u2013 su rasgo diferencial.<\/p>\n<p>Entre las tradiciones aut\u00f3ctonas del Baix Empord\u00e0 destaca la Procesi\u00f3n de Verges, que transcurre por las calles del n\u00facleo antiguo de este pueblo. Se ha vuelto famosa gracias a uno de sus pasos, la Dansa de la Mort, donde cinco personajes vestidos de esqueletos bailan al sonido de un tambor y simbolizan, con diversos atributos, la implacabilidad y finitud del tiempo. La singularidad de esta danza macabra, de origen medieval, le ha valido la consideraci\u00f3n de Fiesta Patrimonial de Inter\u00e9s Nacional.<\/p>\n<p>Por otro lado, en el pueblo de Bellcaire d\u2019Empord\u00e0, se organiza durante la Semana Santa el espect\u00e1culo Bandera de Catalunya, basado en la obra hom\u00f3nima escrita por Esteve Albert y representado por primera vez en 1979. El evento recrea el fin del condado d\u2019Emp\u00faries.<\/p>\n","protected":false},"excerpt":{"rendered":"<p>La Semana Santa es la principal festividad de la religi\u00f3n cristiana, en que se recuerdan los \u00faltimos d\u00edas de la vida de Jesucristo y su muerte y posterior resurrecci\u00f3n. Los actos empiezan el Viernes de los Dolores y el Domingo de Ramos, aunque el plato fuerte es la semana siguiente. El Jueves Santo, el jueves [&hellip;]<\/p>\n","protected":false},"author":2,"featured_media":7581,"parent":20071,"menu_order":0,"comment_status":"closed","ping_status":"closed","template":"page-templates\/fitxa-campanyes-gastronomiques.php","meta":{"_acf_changed":false,"footnotes":""},"class_list":["post-20106","page","type-page","status-publish","has-post-thumbnail","hentry"],"acf":[],"yoast_head":"<!-- This site is optimized with the Yoast SEO plugin v27.5 - https:\/\/yoast.com\/product\/yoast-seo-wordpress\/ -->\n<title>Semana Santa - Visit Empord\u00e0<\/title>\n<meta name=\"robots\" content=\"index, follow, max-snippet:-1, max-image-preview:large, max-video-preview:-1\" \/>\n<link rel=\"canonical\" href=\"https:\/\/visitemporda.com\/es\/recomendaciones\/propostes\/patrimoni-cultural\/festes-i-tradicions\/setmana-santa\/\" \/>\n<meta property=\"og:locale\" content=\"es_ES\" \/>\n<meta property=\"og:type\" content=\"article\" \/>\n<meta property=\"og:title\" content=\"Semana Santa - Visit Empord\u00e0\" \/>\n<meta property=\"og:description\" content=\"La Semana Santa es la principal festividad de la religi\u00f3n cristiana, en que se recuerdan los \u00faltimos d\u00edas de la vida de Jesucristo y su muerte y posterior resurrecci\u00f3n. Los actos empiezan el Viernes de los Dolores y el Domingo de Ramos, aunque el plato fuerte es la semana siguiente. El Jueves Santo, el jueves [&hellip;]\" \/>\n<meta property=\"og:url\" content=\"https:\/\/visitemporda.com\/es\/recomendaciones\/propostes\/patrimoni-cultural\/festes-i-tradicions\/setmana-santa\/\" \/>\n<meta property=\"og:site_name\" content=\"Visit Empord\u00e0\" \/>\n<meta property=\"article:publisher\" content=\"https:\/\/www.facebook.com\/baixempordaturisme\" \/>\n<meta property=\"article:modified_time\" content=\"2021-07-30T10:11:47+00:00\" \/>\n<meta property=\"og:image\" content=\"https:\/\/visitemporda.com\/wp-content\/uploads\/2019\/10\/ladansadelamort_xavicalzada-1024x681.jpg\" \/>\n\t<meta property=\"og:image:width\" content=\"1024\" \/>\n\t<meta property=\"og:image:height\" content=\"681\" \/>\n\t<meta property=\"og:image:type\" content=\"image\/jpeg\" \/>\n<meta name=\"twitter:card\" content=\"summary_large_image\" \/>\n<meta name=\"twitter:site\" content=\"@baixemporda_tur\" \/>\n<meta name=\"twitter:label1\" content=\"Tiempo de lectura\" \/>\n\t<meta name=\"twitter:data1\" content=\"2 minutos\" \/>\n<script type=\"application\/ld+json\" class=\"yoast-schema-graph\">{\"@context\":\"https:\\\/\\\/schema.org\",\"@graph\":[{\"@type\":\"WebPage\",\"@id\":\"https:\\\/\\\/visitemporda.com\\\/es\\\/recomendaciones\\\/propostes\\\/patrimoni-cultural\\\/festes-i-tradicions\\\/setmana-santa\\\/\",\"url\":\"https:\\\/\\\/visitemporda.com\\\/es\\\/recomendaciones\\\/propostes\\\/patrimoni-cultural\\\/festes-i-tradicions\\\/setmana-santa\\\/\",\"name\":\"Semana Santa - Visit Empord\u00e0\",\"isPartOf\":{\"@id\":\"https:\\\/\\\/visitemporda.com\\\/es\\\/#website\"},\"primaryImageOfPage\":{\"@id\":\"https:\\\/\\\/visitemporda.com\\\/es\\\/recomendaciones\\\/propostes\\\/patrimoni-cultural\\\/festes-i-tradicions\\\/setmana-santa\\\/#primaryimage\"},\"image\":{\"@id\":\"https:\\\/\\\/visitemporda.com\\\/es\\\/recomendaciones\\\/propostes\\\/patrimoni-cultural\\\/festes-i-tradicions\\\/setmana-santa\\\/#primaryimage\"},\"thumbnailUrl\":\"https:\\\/\\\/visitemporda.com\\\/wp-content\\\/uploads\\\/2019\\\/10\\\/ladansadelamort_xavicalzada.jpg\",\"datePublished\":\"2019-10-08T13:51:04+00:00\",\"dateModified\":\"2021-07-30T10:11:47+00:00\",\"breadcrumb\":{\"@id\":\"https:\\\/\\\/visitemporda.com\\\/es\\\/recomendaciones\\\/propostes\\\/patrimoni-cultural\\\/festes-i-tradicions\\\/setmana-santa\\\/#breadcrumb\"},\"inLanguage\":\"es\",\"potentialAction\":[{\"@type\":\"ReadAction\",\"target\":[\"https:\\\/\\\/visitemporda.com\\\/es\\\/recomendaciones\\\/propostes\\\/patrimoni-cultural\\\/festes-i-tradicions\\\/setmana-santa\\\/\"]}]},{\"@type\":\"ImageObject\",\"inLanguage\":\"es\",\"@id\":\"https:\\\/\\\/visitemporda.com\\\/es\\\/recomendaciones\\\/propostes\\\/patrimoni-cultural\\\/festes-i-tradicions\\\/setmana-santa\\\/#primaryimage\",\"url\":\"https:\\\/\\\/visitemporda.com\\\/wp-content\\\/uploads\\\/2019\\\/10\\\/ladansadelamort_xavicalzada.jpg\",\"contentUrl\":\"https:\\\/\\\/visitemporda.com\\\/wp-content\\\/uploads\\\/2019\\\/10\\\/ladansadelamort_xavicalzada.jpg\",\"width\":4256,\"height\":2832,\"caption\":\"la dansa de la mort. Els quatre esquelets que ballen\"},{\"@type\":\"BreadcrumbList\",\"@id\":\"https:\\\/\\\/visitemporda.com\\\/es\\\/recomendaciones\\\/propostes\\\/patrimoni-cultural\\\/festes-i-tradicions\\\/setmana-santa\\\/#breadcrumb\",\"itemListElement\":[{\"@type\":\"ListItem\",\"position\":1,\"name\":\"Inici\",\"item\":\"https:\\\/\\\/visitemporda.com\\\/es\\\/\"},{\"@type\":\"ListItem\",\"position\":2,\"name\":\"Recomendaciones\",\"item\":\"https:\\\/\\\/visitemporda.com\\\/es\\\/recomendaciones\\\/\"},{\"@type\":\"ListItem\",\"position\":3,\"name\":\"Qu\u00e9 hacer\",\"item\":\"https:\\\/\\\/visitemporda.com\\\/es\\\/recomendaciones\\\/propostes\\\/\"},{\"@type\":\"ListItem\",\"position\":4,\"name\":\"Patrimonio cultural\",\"item\":\"https:\\\/\\\/visitemporda.com\\\/es\\\/recomendaciones\\\/propostes\\\/patrimoni-cultural\\\/\"},{\"@type\":\"ListItem\",\"position\":5,\"name\":\"Fiestas y tradiciones\",\"item\":\"https:\\\/\\\/visitemporda.com\\\/es\\\/recomendaciones\\\/propostes\\\/patrimoni-cultural\\\/festes-i-tradicions\\\/\"},{\"@type\":\"ListItem\",\"position\":6,\"name\":\"Semana Santa\"}]},{\"@type\":\"WebSite\",\"@id\":\"https:\\\/\\\/visitemporda.com\\\/es\\\/#website\",\"url\":\"https:\\\/\\\/visitemporda.com\\\/es\\\/\",\"name\":\"Visit Empord\u00e0\",\"description\":\"Web tur\u00edstica oficial del Baix Empord\u00e0\",\"publisher\":{\"@id\":\"https:\\\/\\\/visitemporda.com\\\/es\\\/#organization\"},\"potentialAction\":[{\"@type\":\"SearchAction\",\"target\":{\"@type\":\"EntryPoint\",\"urlTemplate\":\"https:\\\/\\\/visitemporda.com\\\/es\\\/?s={search_term_string}\"},\"query-input\":{\"@type\":\"PropertyValueSpecification\",\"valueRequired\":true,\"valueName\":\"search_term_string\"}}],\"inLanguage\":\"es\"},{\"@type\":\"Organization\",\"@id\":\"https:\\\/\\\/visitemporda.com\\\/es\\\/#organization\",\"name\":\"Consell Comarcal del Baix Empord\u00e0\",\"url\":\"https:\\\/\\\/visitemporda.com\\\/es\\\/\",\"logo\":{\"@type\":\"ImageObject\",\"inLanguage\":\"es\",\"@id\":\"https:\\\/\\\/visitemporda.com\\\/es\\\/#\\\/schema\\\/logo\\\/image\\\/\",\"url\":\"https:\\\/\\\/visitemporda.com\\\/wp-content\\\/uploads\\\/2024\\\/11\\\/Logotip_CCBE.png\",\"contentUrl\":\"https:\\\/\\\/visitemporda.com\\\/wp-content\\\/uploads\\\/2024\\\/11\\\/Logotip_CCBE.png\",\"width\":3617,\"height\":3617,\"caption\":\"Consell Comarcal del Baix Empord\u00e0\"},\"image\":{\"@id\":\"https:\\\/\\\/visitemporda.com\\\/es\\\/#\\\/schema\\\/logo\\\/image\\\/\"},\"sameAs\":[\"https:\\\/\\\/www.facebook.com\\\/baixempordaturisme\",\"https:\\\/\\\/x.com\\\/baixemporda_tur\",\"https:\\\/\\\/www.instagram.com\\\/visitemporda\"]}]}<\/script>\n<!-- \/ Yoast SEO plugin. -->","yoast_head_json":{"title":"Semana Santa - Visit Empord\u00e0","robots":{"index":"index","follow":"follow","max-snippet":"max-snippet:-1","max-image-preview":"max-image-preview:large","max-video-preview":"max-video-preview:-1"},"canonical":"https:\/\/visitemporda.com\/es\/recomendaciones\/propostes\/patrimoni-cultural\/festes-i-tradicions\/setmana-santa\/","og_locale":"es_ES","og_type":"article","og_title":"Semana Santa - Visit Empord\u00e0","og_description":"La Semana Santa es la principal festividad de la religi\u00f3n cristiana, en que se recuerdan los \u00faltimos d\u00edas de la vida de Jesucristo y su muerte y posterior resurrecci\u00f3n. Los actos empiezan el Viernes de los Dolores y el Domingo de Ramos, aunque el plato fuerte es la semana siguiente. El Jueves Santo, el jueves [&hellip;]","og_url":"https:\/\/visitemporda.com\/es\/recomendaciones\/propostes\/patrimoni-cultural\/festes-i-tradicions\/setmana-santa\/","og_site_name":"Visit Empord\u00e0","article_publisher":"https:\/\/www.facebook.com\/baixempordaturisme","article_modified_time":"2021-07-30T10:11:47+00:00","og_image":[{"width":1024,"height":681,"url":"https:\/\/visitemporda.com\/wp-content\/uploads\/2019\/10\/ladansadelamort_xavicalzada-1024x681.jpg","type":"image\/jpeg"}],"twitter_card":"summary_large_image","twitter_site":"@baixemporda_tur","twitter_misc":{"Tiempo de lectura":"2 minutos"},"schema":{"@context":"https:\/\/schema.org","@graph":[{"@type":"WebPage","@id":"https:\/\/visitemporda.com\/es\/recomendaciones\/propostes\/patrimoni-cultural\/festes-i-tradicions\/setmana-santa\/","url":"https:\/\/visitemporda.com\/es\/recomendaciones\/propostes\/patrimoni-cultural\/festes-i-tradicions\/setmana-santa\/","name":"Semana Santa - Visit Empord\u00e0","isPartOf":{"@id":"https:\/\/visitemporda.com\/es\/#website"},"primaryImageOfPage":{"@id":"https:\/\/visitemporda.com\/es\/recomendaciones\/propostes\/patrimoni-cultural\/festes-i-tradicions\/setmana-santa\/#primaryimage"},"image":{"@id":"https:\/\/visitemporda.com\/es\/recomendaciones\/propostes\/patrimoni-cultural\/festes-i-tradicions\/setmana-santa\/#primaryimage"},"thumbnailUrl":"https:\/\/visitemporda.com\/wp-content\/uploads\/2019\/10\/ladansadelamort_xavicalzada.jpg","datePublished":"2019-10-08T13:51:04+00:00","dateModified":"2021-07-30T10:11:47+00:00","breadcrumb":{"@id":"https:\/\/visitemporda.com\/es\/recomendaciones\/propostes\/patrimoni-cultural\/festes-i-tradicions\/setmana-santa\/#breadcrumb"},"inLanguage":"es","potentialAction":[{"@type":"ReadAction","target":["https:\/\/visitemporda.com\/es\/recomendaciones\/propostes\/patrimoni-cultural\/festes-i-tradicions\/setmana-santa\/"]}]},{"@type":"ImageObject","inLanguage":"es","@id":"https:\/\/visitemporda.com\/es\/recomendaciones\/propostes\/patrimoni-cultural\/festes-i-tradicions\/setmana-santa\/#primaryimage","url":"https:\/\/visitemporda.com\/wp-content\/uploads\/2019\/10\/ladansadelamort_xavicalzada.jpg","contentUrl":"https:\/\/visitemporda.com\/wp-content\/uploads\/2019\/10\/ladansadelamort_xavicalzada.jpg","width":4256,"height":2832,"caption":"la dansa de la mort. Els quatre esquelets que ballen"},{"@type":"BreadcrumbList","@id":"https:\/\/visitemporda.com\/es\/recomendaciones\/propostes\/patrimoni-cultural\/festes-i-tradicions\/setmana-santa\/#breadcrumb","itemListElement":[{"@type":"ListItem","position":1,"name":"Inici","item":"https:\/\/visitemporda.com\/es\/"},{"@type":"ListItem","position":2,"name":"Recomendaciones","item":"https:\/\/visitemporda.com\/es\/recomendaciones\/"},{"@type":"ListItem","position":3,"name":"Qu\u00e9 hacer","item":"https:\/\/visitemporda.com\/es\/recomendaciones\/propostes\/"},{"@type":"ListItem","position":4,"name":"Patrimonio cultural","item":"https:\/\/visitemporda.com\/es\/recomendaciones\/propostes\/patrimoni-cultural\/"},{"@type":"ListItem","position":5,"name":"Fiestas y tradiciones","item":"https:\/\/visitemporda.com\/es\/recomendaciones\/propostes\/patrimoni-cultural\/festes-i-tradicions\/"},{"@type":"ListItem","position":6,"name":"Semana Santa"}]},{"@type":"WebSite","@id":"https:\/\/visitemporda.com\/es\/#website","url":"https:\/\/visitemporda.com\/es\/","name":"Visit Empord\u00e0","description":"Web tur\u00edstica oficial del Baix Empord\u00e0","publisher":{"@id":"https:\/\/visitemporda.com\/es\/#organization"},"potentialAction":[{"@type":"SearchAction","target":{"@type":"EntryPoint","urlTemplate":"https:\/\/visitemporda.com\/es\/?s={search_term_string}"},"query-input":{"@type":"PropertyValueSpecification","valueRequired":true,"valueName":"search_term_string"}}],"inLanguage":"es"},{"@type":"Organization","@id":"https:\/\/visitemporda.com\/es\/#organization","name":"Consell Comarcal del Baix Empord\u00e0","url":"https:\/\/visitemporda.com\/es\/","logo":{"@type":"ImageObject","inLanguage":"es","@id":"https:\/\/visitemporda.com\/es\/#\/schema\/logo\/image\/","url":"https:\/\/visitemporda.com\/wp-content\/uploads\/2024\/11\/Logotip_CCBE.png","contentUrl":"https:\/\/visitemporda.com\/wp-content\/uploads\/2024\/11\/Logotip_CCBE.png","width":3617,"height":3617,"caption":"Consell Comarcal del Baix Empord\u00e0"},"image":{"@id":"https:\/\/visitemporda.com\/es\/#\/schema\/logo\/image\/"},"sameAs":["https:\/\/www.facebook.com\/baixempordaturisme","https:\/\/x.com\/baixemporda_tur","https:\/\/www.instagram.com\/visitemporda"]}]}},"_links":{"self":[{"href":"https:\/\/visitemporda.com\/es\/wp-json\/wp\/v2\/pages\/20106","targetHints":{"allow":["GET"]}}],"collection":[{"href":"https:\/\/visitemporda.com\/es\/wp-json\/wp\/v2\/pages"}],"about":[{"href":"https:\/\/visitemporda.com\/es\/wp-json\/wp\/v2\/types\/page"}],"author":[{"embeddable":true,"href":"https:\/\/visitemporda.com\/es\/wp-json\/wp\/v2\/users\/2"}],"replies":[{"embeddable":true,"href":"https:\/\/visitemporda.com\/es\/wp-json\/wp\/v2\/comments?post=20106"}],"version-history":[{"count":15,"href":"https:\/\/visitemporda.com\/es\/wp-json\/wp\/v2\/pages\/20106\/revisions"}],"predecessor-version":[{"id":34861,"href":"https:\/\/visitemporda.com\/es\/wp-json\/wp\/v2\/pages\/20106\/revisions\/34861"}],"up":[{"embeddable":true,"href":"https:\/\/visitemporda.com\/es\/wp-json\/wp\/v2\/pages\/20071"}],"wp:featuredmedia":[{"embeddable":true,"href":"https:\/\/visitemporda.com\/es\/wp-json\/wp\/v2\/media\/7581"}],"wp:attachment":[{"href":"https:\/\/visitemporda.com\/es\/wp-json\/wp\/v2\/media?parent=20106"}],"curies":[{"name":"wp","href":"https:\/\/api.w.org\/{rel}","templated":true}]}}