

{"id":20098,"date":"2019-10-08T15:49:13","date_gmt":"2019-10-08T13:49:13","guid":{"rendered":"http:\/\/visitemporda.com\/festes-i-tradicions\/carnaval\/"},"modified":"2021-07-30T12:10:53","modified_gmt":"2021-07-30T10:10:53","slug":"carnaval","status":"publish","type":"page","link":"https:\/\/visitemporda.com\/es\/recomendaciones\/propostes\/patrimoni-cultural\/festes-i-tradicions\/carnaval\/","title":{"rendered":"Carnaval"},"content":{"rendered":"<p>La fiesta m\u00e1s alocada del a\u00f1o, el Carnaval, tiene las ra\u00edces en las fiestas romanas de las Saturnales y en la tradici\u00f3n judeocristiana. Se trata de un per\u00edodo festivo, previo a la austeridad de la Cuaresma, en que se desdibujan las normas sociales y parece que todos los excesos est\u00e9n permitidos. Empieza habitualmente con el jueves gordo o el jueves lardero y se caracteriza por el hecho de comer alimentos que combinen la carne y los huevos (ej. Butifarra de huevo).<\/p>\n<p>En Nuestra casa, el carnaval es presidido por el Rey Carnestoltes, personaje ficticio que inaugura la fiesta del s\u00e1bado y que es juzgado y condenado el martes siguiente. Con su muerte y entierro, acto que se conoce como el entierro de la sardina se pone fin al carnaval (mi\u00e9rcoles de ceniza) y se da paso a la Cuaresma. El otro elemento destacado de la fiesta son las desfiladas de carrozas y comparsas, todo un espect\u00e1culo de dise\u00f1o, coreograf\u00eda y m\u00fasica.<\/p>\n<p>En el Baix Empord\u00e0 hay desfiladas de carnaval que han alcanzado un gran \u00e9xito, sobretodo en la costa, en poblaciones como Sant Feliu de Gu\u00edxols, Platja d\u2019Aro, Palam\u00f3s, Sant Antoni de Calonge o Santa Cristina d\u2019Aro, que atraen p\u00fablico y gruposde todas partes.<\/p>\n","protected":false},"excerpt":{"rendered":"<p>La fiesta m\u00e1s alocada del a\u00f1o, el Carnaval, tiene las ra\u00edces en las fiestas romanas de las Saturnales y en la tradici\u00f3n judeocristiana. Se trata de un per\u00edodo festivo, previo a la austeridad de la Cuaresma, en que se desdibujan las normas sociales y parece que todos los excesos est\u00e9n permitidos. Empieza habitualmente con el [&hellip;]<\/p>\n","protected":false},"author":2,"featured_media":14162,"parent":20071,"menu_order":0,"comment_status":"closed","ping_status":"closed","template":"page-templates\/fitxa-campanyes-gastronomiques.php","meta":{"_acf_changed":false,"footnotes":""},"class_list":["post-20098","page","type-page","status-publish","has-post-thumbnail","hentry"],"acf":[],"yoast_head":"<!-- This site is optimized with the Yoast SEO plugin v27.5 - https:\/\/yoast.com\/product\/yoast-seo-wordpress\/ -->\n<title>Carnaval - Visit Empord\u00e0<\/title>\n<meta name=\"robots\" content=\"index, follow, max-snippet:-1, max-image-preview:large, max-video-preview:-1\" \/>\n<link rel=\"canonical\" href=\"https:\/\/visitemporda.com\/es\/recomendaciones\/propostes\/patrimoni-cultural\/festes-i-tradicions\/carnaval\/\" \/>\n<meta property=\"og:locale\" content=\"es_ES\" \/>\n<meta property=\"og:type\" content=\"article\" \/>\n<meta property=\"og:title\" content=\"Carnaval - Visit Empord\u00e0\" \/>\n<meta property=\"og:description\" content=\"La fiesta m\u00e1s alocada del a\u00f1o, el Carnaval, tiene las ra\u00edces en las fiestas romanas de las Saturnales y en la tradici\u00f3n judeocristiana. Se trata de un per\u00edodo festivo, previo a la austeridad de la Cuaresma, en que se desdibujan las normas sociales y parece que todos los excesos est\u00e9n permitidos. Empieza habitualmente con el [&hellip;]\" \/>\n<meta property=\"og:url\" content=\"https:\/\/visitemporda.com\/es\/recomendaciones\/propostes\/patrimoni-cultural\/festes-i-tradicions\/carnaval\/\" \/>\n<meta property=\"og:site_name\" content=\"Visit Empord\u00e0\" \/>\n<meta property=\"article:publisher\" content=\"https:\/\/www.facebook.com\/baixempordaturisme\" \/>\n<meta property=\"article:modified_time\" content=\"2021-07-30T10:10:53+00:00\" \/>\n<meta property=\"og:image\" content=\"https:\/\/visitemporda.com\/wp-content\/uploads\/2019\/12\/Platja-dAro.-Jordi-Geli.-Ajuntament-Castell-Platja-dAro.-Arxiu-Imatges-PTCBG_G-2.jpg\" \/>\n\t<meta property=\"og:image:width\" content=\"2480\" \/>\n\t<meta property=\"og:image:height\" content=\"1654\" \/>\n\t<meta property=\"og:image:type\" content=\"image\/jpeg\" \/>\n<meta name=\"twitter:card\" content=\"summary_large_image\" \/>\n<meta name=\"twitter:site\" content=\"@baixemporda_tur\" \/>\n<meta name=\"twitter:label1\" content=\"Tiempo de lectura\" \/>\n\t<meta name=\"twitter:data1\" content=\"1 minuto\" \/>\n<script type=\"application\/ld+json\" class=\"yoast-schema-graph\">{\"@context\":\"https:\\\/\\\/schema.org\",\"@graph\":[{\"@type\":\"WebPage\",\"@id\":\"https:\\\/\\\/visitemporda.com\\\/es\\\/recomendaciones\\\/propostes\\\/patrimoni-cultural\\\/festes-i-tradicions\\\/carnaval\\\/\",\"url\":\"https:\\\/\\\/visitemporda.com\\\/es\\\/recomendaciones\\\/propostes\\\/patrimoni-cultural\\\/festes-i-tradicions\\\/carnaval\\\/\",\"name\":\"Carnaval - Visit Empord\u00e0\",\"isPartOf\":{\"@id\":\"https:\\\/\\\/visitemporda.com\\\/es\\\/#website\"},\"primaryImageOfPage\":{\"@id\":\"https:\\\/\\\/visitemporda.com\\\/es\\\/recomendaciones\\\/propostes\\\/patrimoni-cultural\\\/festes-i-tradicions\\\/carnaval\\\/#primaryimage\"},\"image\":{\"@id\":\"https:\\\/\\\/visitemporda.com\\\/es\\\/recomendaciones\\\/propostes\\\/patrimoni-cultural\\\/festes-i-tradicions\\\/carnaval\\\/#primaryimage\"},\"thumbnailUrl\":\"https:\\\/\\\/visitemporda.com\\\/wp-content\\\/uploads\\\/2019\\\/12\\\/Platja-dAro.-Jordi-Geli.-Ajuntament-Castell-Platja-dAro.-Arxiu-Imatges-PTCBG_G-2.jpg\",\"datePublished\":\"2019-10-08T13:49:13+00:00\",\"dateModified\":\"2021-07-30T10:10:53+00:00\",\"breadcrumb\":{\"@id\":\"https:\\\/\\\/visitemporda.com\\\/es\\\/recomendaciones\\\/propostes\\\/patrimoni-cultural\\\/festes-i-tradicions\\\/carnaval\\\/#breadcrumb\"},\"inLanguage\":\"es\",\"potentialAction\":[{\"@type\":\"ReadAction\",\"target\":[\"https:\\\/\\\/visitemporda.com\\\/es\\\/recomendaciones\\\/propostes\\\/patrimoni-cultural\\\/festes-i-tradicions\\\/carnaval\\\/\"]}]},{\"@type\":\"ImageObject\",\"inLanguage\":\"es\",\"@id\":\"https:\\\/\\\/visitemporda.com\\\/es\\\/recomendaciones\\\/propostes\\\/patrimoni-cultural\\\/festes-i-tradicions\\\/carnaval\\\/#primaryimage\",\"url\":\"https:\\\/\\\/visitemporda.com\\\/wp-content\\\/uploads\\\/2019\\\/12\\\/Platja-dAro.-Jordi-Geli.-Ajuntament-Castell-Platja-dAro.-Arxiu-Imatges-PTCBG_G-2.jpg\",\"contentUrl\":\"https:\\\/\\\/visitemporda.com\\\/wp-content\\\/uploads\\\/2019\\\/12\\\/Platja-dAro.-Jordi-Geli.-Ajuntament-Castell-Platja-dAro.-Arxiu-Imatges-PTCBG_G-2.jpg\",\"width\":2480,\"height\":1654,\"caption\":\"Carnaval de Platja d'Aro. 3 persones disfressades d'\u00e8poca\"},{\"@type\":\"BreadcrumbList\",\"@id\":\"https:\\\/\\\/visitemporda.com\\\/es\\\/recomendaciones\\\/propostes\\\/patrimoni-cultural\\\/festes-i-tradicions\\\/carnaval\\\/#breadcrumb\",\"itemListElement\":[{\"@type\":\"ListItem\",\"position\":1,\"name\":\"Inici\",\"item\":\"https:\\\/\\\/visitemporda.com\\\/es\\\/\"},{\"@type\":\"ListItem\",\"position\":2,\"name\":\"Recomendaciones\",\"item\":\"https:\\\/\\\/visitemporda.com\\\/es\\\/recomendaciones\\\/\"},{\"@type\":\"ListItem\",\"position\":3,\"name\":\"Qu\u00e9 hacer\",\"item\":\"https:\\\/\\\/visitemporda.com\\\/es\\\/recomendaciones\\\/propostes\\\/\"},{\"@type\":\"ListItem\",\"position\":4,\"name\":\"Patrimonio cultural\",\"item\":\"https:\\\/\\\/visitemporda.com\\\/es\\\/recomendaciones\\\/propostes\\\/patrimoni-cultural\\\/\"},{\"@type\":\"ListItem\",\"position\":5,\"name\":\"Fiestas y tradiciones\",\"item\":\"https:\\\/\\\/visitemporda.com\\\/es\\\/recomendaciones\\\/propostes\\\/patrimoni-cultural\\\/festes-i-tradicions\\\/\"},{\"@type\":\"ListItem\",\"position\":6,\"name\":\"Carnaval\"}]},{\"@type\":\"WebSite\",\"@id\":\"https:\\\/\\\/visitemporda.com\\\/es\\\/#website\",\"url\":\"https:\\\/\\\/visitemporda.com\\\/es\\\/\",\"name\":\"Visit Empord\u00e0\",\"description\":\"Web tur\u00edstica oficial del Baix Empord\u00e0\",\"publisher\":{\"@id\":\"https:\\\/\\\/visitemporda.com\\\/es\\\/#organization\"},\"potentialAction\":[{\"@type\":\"SearchAction\",\"target\":{\"@type\":\"EntryPoint\",\"urlTemplate\":\"https:\\\/\\\/visitemporda.com\\\/es\\\/?s={search_term_string}\"},\"query-input\":{\"@type\":\"PropertyValueSpecification\",\"valueRequired\":true,\"valueName\":\"search_term_string\"}}],\"inLanguage\":\"es\"},{\"@type\":\"Organization\",\"@id\":\"https:\\\/\\\/visitemporda.com\\\/es\\\/#organization\",\"name\":\"Consell Comarcal del Baix Empord\u00e0\",\"url\":\"https:\\\/\\\/visitemporda.com\\\/es\\\/\",\"logo\":{\"@type\":\"ImageObject\",\"inLanguage\":\"es\",\"@id\":\"https:\\\/\\\/visitemporda.com\\\/es\\\/#\\\/schema\\\/logo\\\/image\\\/\",\"url\":\"https:\\\/\\\/visitemporda.com\\\/wp-content\\\/uploads\\\/2024\\\/11\\\/Logotip_CCBE.png\",\"contentUrl\":\"https:\\\/\\\/visitemporda.com\\\/wp-content\\\/uploads\\\/2024\\\/11\\\/Logotip_CCBE.png\",\"width\":3617,\"height\":3617,\"caption\":\"Consell Comarcal del Baix Empord\u00e0\"},\"image\":{\"@id\":\"https:\\\/\\\/visitemporda.com\\\/es\\\/#\\\/schema\\\/logo\\\/image\\\/\"},\"sameAs\":[\"https:\\\/\\\/www.facebook.com\\\/baixempordaturisme\",\"https:\\\/\\\/x.com\\\/baixemporda_tur\",\"https:\\\/\\\/www.instagram.com\\\/visitemporda\"]}]}<\/script>\n<!-- \/ Yoast SEO plugin. -->","yoast_head_json":{"title":"Carnaval - Visit Empord\u00e0","robots":{"index":"index","follow":"follow","max-snippet":"max-snippet:-1","max-image-preview":"max-image-preview:large","max-video-preview":"max-video-preview:-1"},"canonical":"https:\/\/visitemporda.com\/es\/recomendaciones\/propostes\/patrimoni-cultural\/festes-i-tradicions\/carnaval\/","og_locale":"es_ES","og_type":"article","og_title":"Carnaval - Visit Empord\u00e0","og_description":"La fiesta m\u00e1s alocada del a\u00f1o, el Carnaval, tiene las ra\u00edces en las fiestas romanas de las Saturnales y en la tradici\u00f3n judeocristiana. Se trata de un per\u00edodo festivo, previo a la austeridad de la Cuaresma, en que se desdibujan las normas sociales y parece que todos los excesos est\u00e9n permitidos. Empieza habitualmente con el [&hellip;]","og_url":"https:\/\/visitemporda.com\/es\/recomendaciones\/propostes\/patrimoni-cultural\/festes-i-tradicions\/carnaval\/","og_site_name":"Visit Empord\u00e0","article_publisher":"https:\/\/www.facebook.com\/baixempordaturisme","article_modified_time":"2021-07-30T10:10:53+00:00","og_image":[{"width":2480,"height":1654,"url":"https:\/\/visitemporda.com\/wp-content\/uploads\/2019\/12\/Platja-dAro.-Jordi-Geli.-Ajuntament-Castell-Platja-dAro.-Arxiu-Imatges-PTCBG_G-2.jpg","type":"image\/jpeg"}],"twitter_card":"summary_large_image","twitter_site":"@baixemporda_tur","twitter_misc":{"Tiempo de lectura":"1 minuto"},"schema":{"@context":"https:\/\/schema.org","@graph":[{"@type":"WebPage","@id":"https:\/\/visitemporda.com\/es\/recomendaciones\/propostes\/patrimoni-cultural\/festes-i-tradicions\/carnaval\/","url":"https:\/\/visitemporda.com\/es\/recomendaciones\/propostes\/patrimoni-cultural\/festes-i-tradicions\/carnaval\/","name":"Carnaval - Visit Empord\u00e0","isPartOf":{"@id":"https:\/\/visitemporda.com\/es\/#website"},"primaryImageOfPage":{"@id":"https:\/\/visitemporda.com\/es\/recomendaciones\/propostes\/patrimoni-cultural\/festes-i-tradicions\/carnaval\/#primaryimage"},"image":{"@id":"https:\/\/visitemporda.com\/es\/recomendaciones\/propostes\/patrimoni-cultural\/festes-i-tradicions\/carnaval\/#primaryimage"},"thumbnailUrl":"https:\/\/visitemporda.com\/wp-content\/uploads\/2019\/12\/Platja-dAro.-Jordi-Geli.-Ajuntament-Castell-Platja-dAro.-Arxiu-Imatges-PTCBG_G-2.jpg","datePublished":"2019-10-08T13:49:13+00:00","dateModified":"2021-07-30T10:10:53+00:00","breadcrumb":{"@id":"https:\/\/visitemporda.com\/es\/recomendaciones\/propostes\/patrimoni-cultural\/festes-i-tradicions\/carnaval\/#breadcrumb"},"inLanguage":"es","potentialAction":[{"@type":"ReadAction","target":["https:\/\/visitemporda.com\/es\/recomendaciones\/propostes\/patrimoni-cultural\/festes-i-tradicions\/carnaval\/"]}]},{"@type":"ImageObject","inLanguage":"es","@id":"https:\/\/visitemporda.com\/es\/recomendaciones\/propostes\/patrimoni-cultural\/festes-i-tradicions\/carnaval\/#primaryimage","url":"https:\/\/visitemporda.com\/wp-content\/uploads\/2019\/12\/Platja-dAro.-Jordi-Geli.-Ajuntament-Castell-Platja-dAro.-Arxiu-Imatges-PTCBG_G-2.jpg","contentUrl":"https:\/\/visitemporda.com\/wp-content\/uploads\/2019\/12\/Platja-dAro.-Jordi-Geli.-Ajuntament-Castell-Platja-dAro.-Arxiu-Imatges-PTCBG_G-2.jpg","width":2480,"height":1654,"caption":"Carnaval de Platja d'Aro. 3 persones disfressades d'\u00e8poca"},{"@type":"BreadcrumbList","@id":"https:\/\/visitemporda.com\/es\/recomendaciones\/propostes\/patrimoni-cultural\/festes-i-tradicions\/carnaval\/#breadcrumb","itemListElement":[{"@type":"ListItem","position":1,"name":"Inici","item":"https:\/\/visitemporda.com\/es\/"},{"@type":"ListItem","position":2,"name":"Recomendaciones","item":"https:\/\/visitemporda.com\/es\/recomendaciones\/"},{"@type":"ListItem","position":3,"name":"Qu\u00e9 hacer","item":"https:\/\/visitemporda.com\/es\/recomendaciones\/propostes\/"},{"@type":"ListItem","position":4,"name":"Patrimonio cultural","item":"https:\/\/visitemporda.com\/es\/recomendaciones\/propostes\/patrimoni-cultural\/"},{"@type":"ListItem","position":5,"name":"Fiestas y tradiciones","item":"https:\/\/visitemporda.com\/es\/recomendaciones\/propostes\/patrimoni-cultural\/festes-i-tradicions\/"},{"@type":"ListItem","position":6,"name":"Carnaval"}]},{"@type":"WebSite","@id":"https:\/\/visitemporda.com\/es\/#website","url":"https:\/\/visitemporda.com\/es\/","name":"Visit Empord\u00e0","description":"Web tur\u00edstica oficial del Baix Empord\u00e0","publisher":{"@id":"https:\/\/visitemporda.com\/es\/#organization"},"potentialAction":[{"@type":"SearchAction","target":{"@type":"EntryPoint","urlTemplate":"https:\/\/visitemporda.com\/es\/?s={search_term_string}"},"query-input":{"@type":"PropertyValueSpecification","valueRequired":true,"valueName":"search_term_string"}}],"inLanguage":"es"},{"@type":"Organization","@id":"https:\/\/visitemporda.com\/es\/#organization","name":"Consell Comarcal del Baix Empord\u00e0","url":"https:\/\/visitemporda.com\/es\/","logo":{"@type":"ImageObject","inLanguage":"es","@id":"https:\/\/visitemporda.com\/es\/#\/schema\/logo\/image\/","url":"https:\/\/visitemporda.com\/wp-content\/uploads\/2024\/11\/Logotip_CCBE.png","contentUrl":"https:\/\/visitemporda.com\/wp-content\/uploads\/2024\/11\/Logotip_CCBE.png","width":3617,"height":3617,"caption":"Consell Comarcal del Baix Empord\u00e0"},"image":{"@id":"https:\/\/visitemporda.com\/es\/#\/schema\/logo\/image\/"},"sameAs":["https:\/\/www.facebook.com\/baixempordaturisme","https:\/\/x.com\/baixemporda_tur","https:\/\/www.instagram.com\/visitemporda"]}]}},"_links":{"self":[{"href":"https:\/\/visitemporda.com\/es\/wp-json\/wp\/v2\/pages\/20098","targetHints":{"allow":["GET"]}}],"collection":[{"href":"https:\/\/visitemporda.com\/es\/wp-json\/wp\/v2\/pages"}],"about":[{"href":"https:\/\/visitemporda.com\/es\/wp-json\/wp\/v2\/types\/page"}],"author":[{"embeddable":true,"href":"https:\/\/visitemporda.com\/es\/wp-json\/wp\/v2\/users\/2"}],"replies":[{"embeddable":true,"href":"https:\/\/visitemporda.com\/es\/wp-json\/wp\/v2\/comments?post=20098"}],"version-history":[{"count":11,"href":"https:\/\/visitemporda.com\/es\/wp-json\/wp\/v2\/pages\/20098\/revisions"}],"predecessor-version":[{"id":34855,"href":"https:\/\/visitemporda.com\/es\/wp-json\/wp\/v2\/pages\/20098\/revisions\/34855"}],"up":[{"embeddable":true,"href":"https:\/\/visitemporda.com\/es\/wp-json\/wp\/v2\/pages\/20071"}],"wp:featuredmedia":[{"embeddable":true,"href":"https:\/\/visitemporda.com\/es\/wp-json\/wp\/v2\/media\/14162"}],"wp:attachment":[{"href":"https:\/\/visitemporda.com\/es\/wp-json\/wp\/v2\/media?parent=20098"}],"curies":[{"name":"wp","href":"https:\/\/api.w.org\/{rel}","templated":true}]}}