

{"id":20090,"date":"2019-10-08T15:46:24","date_gmt":"2019-10-08T13:46:24","guid":{"rendered":"http:\/\/visitemporda.com\/festes-i-tradicions\/nadal\/"},"modified":"2023-04-27T13:24:27","modified_gmt":"2023-04-27T11:24:27","slug":"nadal","status":"publish","type":"page","link":"https:\/\/visitemporda.com\/es\/recomendaciones\/propostes\/patrimoni-cultural\/festes-i-tradicions\/nadal\/","title":{"rendered":"Navidad"},"content":{"rendered":"<p>Una de las fiestas m\u00e1s antiguas de Catalunya es la Navidad, que naci\u00f3 en la antigua Roma como substituci\u00f3n cristiana de la festividad del solsticio de invierno. La Navidad celebra el nacimiento y primeros d\u00edas de vida de Jesucristo, que culmina con la llegada de los Reyes de Oriente para adorar al infante. Por otra parte, entremedias tambi\u00e9n se celebra el cambio de a\u00f1o, el 31 de diciembre. Con el paso del tiempo, la Navidad ha adquirido un tono menos lit\u00fargico y se centra en las reuniones de familiares y amistades, el sentimiento de bonhom\u00eda y la ofrenda de regalos.<\/p>\n<p>En los territorios de lengua catalana, la Navidad cuenta con algunas tradiciones propias. La m\u00e1s sorprendente es el cagati\u00f3, una cerem\u00f3nia casera que consiste en dar golpes de bast\u00f3n a un tronco ornamentado. Al d\u00eda siguiente de Navidad, en Catalu\u00f1a se celebra Sant Esteve, que en muchas casas es sin\u00f3nimo de comer canelones. Durante los d\u00edas de Navidad, tambi\u00e9n son caracter\u00edsticos los pesebres vivientes \u2013 representaciones de este episodio b\u00edblico y su contexto hist\u00f3rico con actores de carne y huesos por las calles y plazas de los n\u00facleos antiguos \u2013 y losPastorets, obra de teatro c\u00f3mica y popular que recoge las vicisitudes de los pastores que van a adorar al ni\u00f1o Jes\u00fas y topan con los demonios del infierno. El evento de clausura del per\u00edodo navide\u00f1o son las cabalgatas de losReyes de Oriente que recorren las calles y plazas de las poblaciones catalanas cada tarde del 5 de enero, previas al repartimiento de regalos que hacen Sus Majestades entre las casas.<\/p>\n<p>Al Baix Empord\u00e0, algunas de estas tradiciones han alcanzado un arraigo y eco destacables. En Sant Feliu de Gu\u00edxols, Palafrugell y Palam\u00f3s se hacen representaciones dels Pastorets, mientras que de pesebres vivientes se pueden ver en Pals, Calonge, Palafrugell y Castell d\u2019Aro \u2013 donde se representa el m\u00e1s antiguo de Catalu\u00f1a-. En el monasterio de Santa Maria de Solius (Santa Cristina d\u2019Aro) se puede contemplar la colecci\u00f3n de dioramas navide\u00f1os del hermano Gilbert Galceran, y en Mont-ras y Platja d\u2019Aro se organizan muestras y exposiciones de pesebres. De ferias de Navidad, en que se pueden encontrar productos t\u00edpicos de la festividad y artesan\u00eda distinta, hay en poblaciones como Calonge, Begur, La Bisbal d\u2019Empord\u00e0, Sant Feliu de Gu\u00edxols (Feria de Santa Ll\u00facia) y Palafrugell.<\/p>\n","protected":false},"excerpt":{"rendered":"<p>Una de las fiestas m\u00e1s antiguas de Catalunya es la Navidad, que naci\u00f3 en la antigua Roma como substituci\u00f3n cristiana de la festividad del solsticio de invierno. La Navidad celebra el nacimiento y primeros d\u00edas de vida de Jesucristo, que culmina con la llegada de los Reyes de Oriente para adorar al infante. Por otra [&hellip;]<\/p>\n","protected":false},"author":2,"featured_media":7568,"parent":20071,"menu_order":0,"comment_status":"closed","ping_status":"closed","template":"page-templates\/fitxa-campanyes-gastronomiques.php","meta":{"_acf_changed":false,"footnotes":""},"class_list":["post-20090","page","type-page","status-publish","has-post-thumbnail","hentry"],"acf":[],"yoast_head":"<!-- This site is optimized with the Yoast SEO plugin v27.5 - https:\/\/yoast.com\/product\/yoast-seo-wordpress\/ -->\n<title>Navidad - Visit Empord\u00e0<\/title>\n<meta name=\"robots\" content=\"index, follow, max-snippet:-1, max-image-preview:large, max-video-preview:-1\" \/>\n<link rel=\"canonical\" href=\"https:\/\/visitemporda.com\/es\/recomendaciones\/propostes\/patrimoni-cultural\/festes-i-tradicions\/nadal\/\" \/>\n<meta property=\"og:locale\" content=\"es_ES\" \/>\n<meta property=\"og:type\" content=\"article\" \/>\n<meta property=\"og:title\" content=\"Navidad - Visit Empord\u00e0\" \/>\n<meta property=\"og:description\" content=\"Una de las fiestas m\u00e1s antiguas de Catalunya es la Navidad, que naci\u00f3 en la antigua Roma como substituci\u00f3n cristiana de la festividad del solsticio de invierno. La Navidad celebra el nacimiento y primeros d\u00edas de vida de Jesucristo, que culmina con la llegada de los Reyes de Oriente para adorar al infante. Por otra [&hellip;]\" \/>\n<meta property=\"og:url\" content=\"https:\/\/visitemporda.com\/es\/recomendaciones\/propostes\/patrimoni-cultural\/festes-i-tradicions\/nadal\/\" \/>\n<meta property=\"og:site_name\" content=\"Visit Empord\u00e0\" \/>\n<meta property=\"article:publisher\" content=\"https:\/\/www.facebook.com\/baixempordaturisme\" \/>\n<meta property=\"article:modified_time\" content=\"2023-04-27T11:24:27+00:00\" \/>\n<meta property=\"og:image\" content=\"https:\/\/visitemporda.com\/wp-content\/uploads\/2019\/10\/Nadal-II.jpg\" \/>\n\t<meta property=\"og:image:width\" content=\"3696\" \/>\n\t<meta property=\"og:image:height\" content=\"2448\" \/>\n\t<meta property=\"og:image:type\" content=\"image\/jpeg\" \/>\n<meta name=\"twitter:card\" content=\"summary_large_image\" \/>\n<meta name=\"twitter:site\" content=\"@baixemporda_tur\" \/>\n<meta name=\"twitter:label1\" content=\"Tiempo de lectura\" \/>\n\t<meta name=\"twitter:data1\" content=\"2 minutos\" \/>\n<script type=\"application\/ld+json\" class=\"yoast-schema-graph\">{\"@context\":\"https:\\\/\\\/schema.org\",\"@graph\":[{\"@type\":\"WebPage\",\"@id\":\"https:\\\/\\\/visitemporda.com\\\/es\\\/recomendaciones\\\/propostes\\\/patrimoni-cultural\\\/festes-i-tradicions\\\/nadal\\\/\",\"url\":\"https:\\\/\\\/visitemporda.com\\\/es\\\/recomendaciones\\\/propostes\\\/patrimoni-cultural\\\/festes-i-tradicions\\\/nadal\\\/\",\"name\":\"Navidad - Visit Empord\u00e0\",\"isPartOf\":{\"@id\":\"https:\\\/\\\/visitemporda.com\\\/es\\\/#website\"},\"primaryImageOfPage\":{\"@id\":\"https:\\\/\\\/visitemporda.com\\\/es\\\/recomendaciones\\\/propostes\\\/patrimoni-cultural\\\/festes-i-tradicions\\\/nadal\\\/#primaryimage\"},\"image\":{\"@id\":\"https:\\\/\\\/visitemporda.com\\\/es\\\/recomendaciones\\\/propostes\\\/patrimoni-cultural\\\/festes-i-tradicions\\\/nadal\\\/#primaryimage\"},\"thumbnailUrl\":\"https:\\\/\\\/visitemporda.com\\\/wp-content\\\/uploads\\\/2019\\\/10\\\/Nadal-II.jpg\",\"datePublished\":\"2019-10-08T13:46:24+00:00\",\"dateModified\":\"2023-04-27T11:24:27+00:00\",\"breadcrumb\":{\"@id\":\"https:\\\/\\\/visitemporda.com\\\/es\\\/recomendaciones\\\/propostes\\\/patrimoni-cultural\\\/festes-i-tradicions\\\/nadal\\\/#breadcrumb\"},\"inLanguage\":\"es\",\"potentialAction\":[{\"@type\":\"ReadAction\",\"target\":[\"https:\\\/\\\/visitemporda.com\\\/es\\\/recomendaciones\\\/propostes\\\/patrimoni-cultural\\\/festes-i-tradicions\\\/nadal\\\/\"]}]},{\"@type\":\"ImageObject\",\"inLanguage\":\"es\",\"@id\":\"https:\\\/\\\/visitemporda.com\\\/es\\\/recomendaciones\\\/propostes\\\/patrimoni-cultural\\\/festes-i-tradicions\\\/nadal\\\/#primaryimage\",\"url\":\"https:\\\/\\\/visitemporda.com\\\/wp-content\\\/uploads\\\/2019\\\/10\\\/Nadal-II.jpg\",\"contentUrl\":\"https:\\\/\\\/visitemporda.com\\\/wp-content\\\/uploads\\\/2019\\\/10\\\/Nadal-II.jpg\",\"width\":3696,\"height\":2448,\"caption\":\"escena de pessebre vivent, fam\u00edlia cosint\"},{\"@type\":\"BreadcrumbList\",\"@id\":\"https:\\\/\\\/visitemporda.com\\\/es\\\/recomendaciones\\\/propostes\\\/patrimoni-cultural\\\/festes-i-tradicions\\\/nadal\\\/#breadcrumb\",\"itemListElement\":[{\"@type\":\"ListItem\",\"position\":1,\"name\":\"Inici\",\"item\":\"https:\\\/\\\/visitemporda.com\\\/es\\\/\"},{\"@type\":\"ListItem\",\"position\":2,\"name\":\"Recomendaciones\",\"item\":\"https:\\\/\\\/visitemporda.com\\\/es\\\/recomendaciones\\\/\"},{\"@type\":\"ListItem\",\"position\":3,\"name\":\"Qu\u00e9 hacer\",\"item\":\"https:\\\/\\\/visitemporda.com\\\/es\\\/recomendaciones\\\/propostes\\\/\"},{\"@type\":\"ListItem\",\"position\":4,\"name\":\"Patrimonio cultural\",\"item\":\"https:\\\/\\\/visitemporda.com\\\/es\\\/recomendaciones\\\/propostes\\\/patrimoni-cultural\\\/\"},{\"@type\":\"ListItem\",\"position\":5,\"name\":\"Fiestas y tradiciones\",\"item\":\"https:\\\/\\\/visitemporda.com\\\/es\\\/recomendaciones\\\/propostes\\\/patrimoni-cultural\\\/festes-i-tradicions\\\/\"},{\"@type\":\"ListItem\",\"position\":6,\"name\":\"Navidad\"}]},{\"@type\":\"WebSite\",\"@id\":\"https:\\\/\\\/visitemporda.com\\\/es\\\/#website\",\"url\":\"https:\\\/\\\/visitemporda.com\\\/es\\\/\",\"name\":\"Visit Empord\u00e0\",\"description\":\"Web tur\u00edstica oficial del Baix Empord\u00e0\",\"publisher\":{\"@id\":\"https:\\\/\\\/visitemporda.com\\\/es\\\/#organization\"},\"potentialAction\":[{\"@type\":\"SearchAction\",\"target\":{\"@type\":\"EntryPoint\",\"urlTemplate\":\"https:\\\/\\\/visitemporda.com\\\/es\\\/?s={search_term_string}\"},\"query-input\":{\"@type\":\"PropertyValueSpecification\",\"valueRequired\":true,\"valueName\":\"search_term_string\"}}],\"inLanguage\":\"es\"},{\"@type\":\"Organization\",\"@id\":\"https:\\\/\\\/visitemporda.com\\\/es\\\/#organization\",\"name\":\"Consell Comarcal del Baix Empord\u00e0\",\"url\":\"https:\\\/\\\/visitemporda.com\\\/es\\\/\",\"logo\":{\"@type\":\"ImageObject\",\"inLanguage\":\"es\",\"@id\":\"https:\\\/\\\/visitemporda.com\\\/es\\\/#\\\/schema\\\/logo\\\/image\\\/\",\"url\":\"https:\\\/\\\/visitemporda.com\\\/wp-content\\\/uploads\\\/2024\\\/11\\\/Logotip_CCBE.png\",\"contentUrl\":\"https:\\\/\\\/visitemporda.com\\\/wp-content\\\/uploads\\\/2024\\\/11\\\/Logotip_CCBE.png\",\"width\":3617,\"height\":3617,\"caption\":\"Consell Comarcal del Baix Empord\u00e0\"},\"image\":{\"@id\":\"https:\\\/\\\/visitemporda.com\\\/es\\\/#\\\/schema\\\/logo\\\/image\\\/\"},\"sameAs\":[\"https:\\\/\\\/www.facebook.com\\\/baixempordaturisme\",\"https:\\\/\\\/x.com\\\/baixemporda_tur\",\"https:\\\/\\\/www.instagram.com\\\/visitemporda\"]}]}<\/script>\n<!-- \/ Yoast SEO plugin. -->","yoast_head_json":{"title":"Navidad - Visit Empord\u00e0","robots":{"index":"index","follow":"follow","max-snippet":"max-snippet:-1","max-image-preview":"max-image-preview:large","max-video-preview":"max-video-preview:-1"},"canonical":"https:\/\/visitemporda.com\/es\/recomendaciones\/propostes\/patrimoni-cultural\/festes-i-tradicions\/nadal\/","og_locale":"es_ES","og_type":"article","og_title":"Navidad - Visit Empord\u00e0","og_description":"Una de las fiestas m\u00e1s antiguas de Catalunya es la Navidad, que naci\u00f3 en la antigua Roma como substituci\u00f3n cristiana de la festividad del solsticio de invierno. La Navidad celebra el nacimiento y primeros d\u00edas de vida de Jesucristo, que culmina con la llegada de los Reyes de Oriente para adorar al infante. Por otra [&hellip;]","og_url":"https:\/\/visitemporda.com\/es\/recomendaciones\/propostes\/patrimoni-cultural\/festes-i-tradicions\/nadal\/","og_site_name":"Visit Empord\u00e0","article_publisher":"https:\/\/www.facebook.com\/baixempordaturisme","article_modified_time":"2023-04-27T11:24:27+00:00","og_image":[{"width":3696,"height":2448,"url":"https:\/\/visitemporda.com\/wp-content\/uploads\/2019\/10\/Nadal-II.jpg","type":"image\/jpeg"}],"twitter_card":"summary_large_image","twitter_site":"@baixemporda_tur","twitter_misc":{"Tiempo de lectura":"2 minutos"},"schema":{"@context":"https:\/\/schema.org","@graph":[{"@type":"WebPage","@id":"https:\/\/visitemporda.com\/es\/recomendaciones\/propostes\/patrimoni-cultural\/festes-i-tradicions\/nadal\/","url":"https:\/\/visitemporda.com\/es\/recomendaciones\/propostes\/patrimoni-cultural\/festes-i-tradicions\/nadal\/","name":"Navidad - Visit Empord\u00e0","isPartOf":{"@id":"https:\/\/visitemporda.com\/es\/#website"},"primaryImageOfPage":{"@id":"https:\/\/visitemporda.com\/es\/recomendaciones\/propostes\/patrimoni-cultural\/festes-i-tradicions\/nadal\/#primaryimage"},"image":{"@id":"https:\/\/visitemporda.com\/es\/recomendaciones\/propostes\/patrimoni-cultural\/festes-i-tradicions\/nadal\/#primaryimage"},"thumbnailUrl":"https:\/\/visitemporda.com\/wp-content\/uploads\/2019\/10\/Nadal-II.jpg","datePublished":"2019-10-08T13:46:24+00:00","dateModified":"2023-04-27T11:24:27+00:00","breadcrumb":{"@id":"https:\/\/visitemporda.com\/es\/recomendaciones\/propostes\/patrimoni-cultural\/festes-i-tradicions\/nadal\/#breadcrumb"},"inLanguage":"es","potentialAction":[{"@type":"ReadAction","target":["https:\/\/visitemporda.com\/es\/recomendaciones\/propostes\/patrimoni-cultural\/festes-i-tradicions\/nadal\/"]}]},{"@type":"ImageObject","inLanguage":"es","@id":"https:\/\/visitemporda.com\/es\/recomendaciones\/propostes\/patrimoni-cultural\/festes-i-tradicions\/nadal\/#primaryimage","url":"https:\/\/visitemporda.com\/wp-content\/uploads\/2019\/10\/Nadal-II.jpg","contentUrl":"https:\/\/visitemporda.com\/wp-content\/uploads\/2019\/10\/Nadal-II.jpg","width":3696,"height":2448,"caption":"escena de pessebre vivent, fam\u00edlia cosint"},{"@type":"BreadcrumbList","@id":"https:\/\/visitemporda.com\/es\/recomendaciones\/propostes\/patrimoni-cultural\/festes-i-tradicions\/nadal\/#breadcrumb","itemListElement":[{"@type":"ListItem","position":1,"name":"Inici","item":"https:\/\/visitemporda.com\/es\/"},{"@type":"ListItem","position":2,"name":"Recomendaciones","item":"https:\/\/visitemporda.com\/es\/recomendaciones\/"},{"@type":"ListItem","position":3,"name":"Qu\u00e9 hacer","item":"https:\/\/visitemporda.com\/es\/recomendaciones\/propostes\/"},{"@type":"ListItem","position":4,"name":"Patrimonio cultural","item":"https:\/\/visitemporda.com\/es\/recomendaciones\/propostes\/patrimoni-cultural\/"},{"@type":"ListItem","position":5,"name":"Fiestas y tradiciones","item":"https:\/\/visitemporda.com\/es\/recomendaciones\/propostes\/patrimoni-cultural\/festes-i-tradicions\/"},{"@type":"ListItem","position":6,"name":"Navidad"}]},{"@type":"WebSite","@id":"https:\/\/visitemporda.com\/es\/#website","url":"https:\/\/visitemporda.com\/es\/","name":"Visit Empord\u00e0","description":"Web tur\u00edstica oficial del Baix Empord\u00e0","publisher":{"@id":"https:\/\/visitemporda.com\/es\/#organization"},"potentialAction":[{"@type":"SearchAction","target":{"@type":"EntryPoint","urlTemplate":"https:\/\/visitemporda.com\/es\/?s={search_term_string}"},"query-input":{"@type":"PropertyValueSpecification","valueRequired":true,"valueName":"search_term_string"}}],"inLanguage":"es"},{"@type":"Organization","@id":"https:\/\/visitemporda.com\/es\/#organization","name":"Consell Comarcal del Baix Empord\u00e0","url":"https:\/\/visitemporda.com\/es\/","logo":{"@type":"ImageObject","inLanguage":"es","@id":"https:\/\/visitemporda.com\/es\/#\/schema\/logo\/image\/","url":"https:\/\/visitemporda.com\/wp-content\/uploads\/2024\/11\/Logotip_CCBE.png","contentUrl":"https:\/\/visitemporda.com\/wp-content\/uploads\/2024\/11\/Logotip_CCBE.png","width":3617,"height":3617,"caption":"Consell Comarcal del Baix Empord\u00e0"},"image":{"@id":"https:\/\/visitemporda.com\/es\/#\/schema\/logo\/image\/"},"sameAs":["https:\/\/www.facebook.com\/baixempordaturisme","https:\/\/x.com\/baixemporda_tur","https:\/\/www.instagram.com\/visitemporda"]}]}},"_links":{"self":[{"href":"https:\/\/visitemporda.com\/es\/wp-json\/wp\/v2\/pages\/20090","targetHints":{"allow":["GET"]}}],"collection":[{"href":"https:\/\/visitemporda.com\/es\/wp-json\/wp\/v2\/pages"}],"about":[{"href":"https:\/\/visitemporda.com\/es\/wp-json\/wp\/v2\/types\/page"}],"author":[{"embeddable":true,"href":"https:\/\/visitemporda.com\/es\/wp-json\/wp\/v2\/users\/2"}],"replies":[{"embeddable":true,"href":"https:\/\/visitemporda.com\/es\/wp-json\/wp\/v2\/comments?post=20090"}],"version-history":[{"count":10,"href":"https:\/\/visitemporda.com\/es\/wp-json\/wp\/v2\/pages\/20090\/revisions"}],"predecessor-version":[{"id":43484,"href":"https:\/\/visitemporda.com\/es\/wp-json\/wp\/v2\/pages\/20090\/revisions\/43484"}],"up":[{"embeddable":true,"href":"https:\/\/visitemporda.com\/es\/wp-json\/wp\/v2\/pages\/20071"}],"wp:featuredmedia":[{"embeddable":true,"href":"https:\/\/visitemporda.com\/es\/wp-json\/wp\/v2\/media\/7568"}],"wp:attachment":[{"href":"https:\/\/visitemporda.com\/es\/wp-json\/wp\/v2\/media?parent=20090"}],"curies":[{"name":"wp","href":"https:\/\/api.w.org\/{rel}","templated":true}]}}