

{"id":30411,"date":"2019-10-08T15:46:24","date_gmt":"2019-10-08T13:46:24","guid":{"rendered":"http:\/\/visitemporda.com\/recomenacions\/propostes\/patrimoni-cultural\/festes-i-tradicions\/nadal\/"},"modified":"2023-04-27T13:24:56","modified_gmt":"2023-04-27T11:24:56","slug":"nadal","status":"publish","type":"page","link":"https:\/\/visitemporda.com\/en\/recomenacions\/propostes\/patrimoni-cultural\/festes-i-tradicions\/nadal\/","title":{"rendered":"Christmas"},"content":{"rendered":"<p>One of the oldest festivals in Catalonia is Christmas, which developed in ancient Rome as a Christian replacement for the celebration of the winter solstice. Christmas celebrates the birth and first days of life of Jesus Christ, culminating with arrival of the Three Kings from the Orient to worship the infant. In addition, New Year\u2019s Eve is celebrated part way through it on 31 December. Over time, Christmas has acquired a less religious tone and focusses on gatherings of family and friends, good cheer and giving presents.<\/p>\n<p>The Catalan-speaking lands have their own Christmas traditions. The most surprising is the <strong>cagati\u00f3<\/strong>, a domestic ceremony that involves hitting a decorated log with a stick. On the day after Christmas, in Catalonia people celebrate <strong>Sant Esteve<\/strong>, which in many homes is synonymous with eating cannelloni. Other characteristic features of Christmas time are the <strong><em>pessebres vivents<\/em><\/strong> \u2013 living nativity scenes that depict this biblical episode and its historical context with real life actors in the streets and squares of the old towns \u2013 and <em>pastorets<\/em>, popular comic theatrical works that depict the mishaps affecting the shepherds who go to adore the baby Jesus and run into devils from hell. The event that brings the Christmas period to a close are the <strong>processions of the Three Kings from the Orient<\/strong>that pass through the streets and squares of Catalonia\u2019s centres of population every year on the evening of the 5th of January, before the kings distribute gifts among the houses.<\/p>\n<p>In the Baix Empord\u00e0, some of these traditions have become well-established and very popular. <em>Pastorets<\/em> are performed in Sant Feliu de Gu\u00edxols, Palafrugell and Palam\u00f3s, while <strong>living nativities <\/strong>can be seen in Pals, Calonge, Palafrugell and Castell d\u2019Aro, which has the oldest one in Catalonia. At the monastery of Santa Maria de Solius (Santa Cristina d\u2019Aro) you can see the <strong>collection of Christmas dioramas<\/strong> by Brother Gilbert Galceran, and at Mont-ras and Platja d\u2019Aro, displays and exhibitions of nativity scenes are organised. At <strong>Christmas fairs<\/strong>, you can find typical products from the festive season and a variety of artisanal products in towns and villages like Calonge, Begur, La Bisbal d\u2019Empord\u00e0, Sant Feliu de Gu\u00edxols (Fira de Santa Ll\u00facia) and Palafrugell.<\/p>\n","protected":false},"excerpt":{"rendered":"<p>One of the oldest festivals in Catalonia is Christmas, which developed in ancient Rome as a Christian replacement for the celebration of the winter solstice. Christmas celebrates the birth and first days of life of Jesus Christ, culminating with arrival of the Three Kings from the Orient to worship the infant. In addition, New Year\u2019s [&hellip;]<\/p>\n","protected":false},"author":2,"featured_media":7566,"parent":21331,"menu_order":0,"comment_status":"closed","ping_status":"closed","template":"page-templates\/fitxa-campanyes-gastronomiques.php","meta":{"_acf_changed":false,"footnotes":""},"class_list":["post-30411","page","type-page","status-publish","has-post-thumbnail","hentry"],"acf":[],"yoast_head":"<!-- This site is optimized with the Yoast SEO plugin v27.5 - https:\/\/yoast.com\/product\/yoast-seo-wordpress\/ -->\n<title>Christmas - Visit Empord\u00e0<\/title>\n<meta name=\"robots\" content=\"index, follow, max-snippet:-1, max-image-preview:large, max-video-preview:-1\" \/>\n<link rel=\"canonical\" href=\"https:\/\/visitemporda.com\/en\/recomenacions\/propostes\/patrimoni-cultural\/festes-i-tradicions\/nadal\/\" \/>\n<meta property=\"og:locale\" content=\"en_US\" \/>\n<meta property=\"og:type\" content=\"article\" \/>\n<meta property=\"og:title\" content=\"Christmas - Visit Empord\u00e0\" \/>\n<meta property=\"og:description\" content=\"One of the oldest festivals in Catalonia is Christmas, which developed in ancient Rome as a Christian replacement for the celebration of the winter solstice. Christmas celebrates the birth and first days of life of Jesus Christ, culminating with arrival of the Three Kings from the Orient to worship the infant. In addition, New Year\u2019s [&hellip;]\" \/>\n<meta property=\"og:url\" content=\"https:\/\/visitemporda.com\/en\/recomenacions\/propostes\/patrimoni-cultural\/festes-i-tradicions\/nadal\/\" \/>\n<meta property=\"og:site_name\" content=\"Visit Empord\u00e0\" \/>\n<meta property=\"article:publisher\" content=\"https:\/\/www.facebook.com\/baixempordaturisme\" \/>\n<meta property=\"article:modified_time\" content=\"2023-04-27T11:24:56+00:00\" \/>\n<meta property=\"og:image\" content=\"https:\/\/visitemporda.com\/wp-content\/uploads\/2019\/10\/Nadal-II.jpg\" \/>\n\t<meta property=\"og:image:width\" content=\"3696\" \/>\n\t<meta property=\"og:image:height\" content=\"2448\" \/>\n\t<meta property=\"og:image:type\" content=\"image\/jpeg\" \/>\n<meta name=\"twitter:card\" content=\"summary_large_image\" \/>\n<meta name=\"twitter:site\" content=\"@baixemporda_tur\" \/>\n<meta name=\"twitter:label1\" content=\"Est. reading time\" \/>\n\t<meta name=\"twitter:data1\" content=\"2 minutes\" \/>\n<script type=\"application\/ld+json\" class=\"yoast-schema-graph\">{\"@context\":\"https:\\\/\\\/schema.org\",\"@graph\":[{\"@type\":\"WebPage\",\"@id\":\"https:\\\/\\\/visitemporda.com\\\/en\\\/recomenacions\\\/propostes\\\/patrimoni-cultural\\\/festes-i-tradicions\\\/nadal\\\/\",\"url\":\"https:\\\/\\\/visitemporda.com\\\/en\\\/recomenacions\\\/propostes\\\/patrimoni-cultural\\\/festes-i-tradicions\\\/nadal\\\/\",\"name\":\"Christmas - Visit Empord\u00e0\",\"isPartOf\":{\"@id\":\"https:\\\/\\\/visitemporda.com\\\/en\\\/#website\"},\"primaryImageOfPage\":{\"@id\":\"https:\\\/\\\/visitemporda.com\\\/en\\\/recomenacions\\\/propostes\\\/patrimoni-cultural\\\/festes-i-tradicions\\\/nadal\\\/#primaryimage\"},\"image\":{\"@id\":\"https:\\\/\\\/visitemporda.com\\\/en\\\/recomenacions\\\/propostes\\\/patrimoni-cultural\\\/festes-i-tradicions\\\/nadal\\\/#primaryimage\"},\"thumbnailUrl\":\"https:\\\/\\\/visitemporda.com\\\/wp-content\\\/uploads\\\/2019\\\/10\\\/Nadal-II.jpg\",\"datePublished\":\"2019-10-08T13:46:24+00:00\",\"dateModified\":\"2023-04-27T11:24:56+00:00\",\"breadcrumb\":{\"@id\":\"https:\\\/\\\/visitemporda.com\\\/en\\\/recomenacions\\\/propostes\\\/patrimoni-cultural\\\/festes-i-tradicions\\\/nadal\\\/#breadcrumb\"},\"inLanguage\":\"en-US\",\"potentialAction\":[{\"@type\":\"ReadAction\",\"target\":[\"https:\\\/\\\/visitemporda.com\\\/en\\\/recomenacions\\\/propostes\\\/patrimoni-cultural\\\/festes-i-tradicions\\\/nadal\\\/\"]}]},{\"@type\":\"ImageObject\",\"inLanguage\":\"en-US\",\"@id\":\"https:\\\/\\\/visitemporda.com\\\/en\\\/recomenacions\\\/propostes\\\/patrimoni-cultural\\\/festes-i-tradicions\\\/nadal\\\/#primaryimage\",\"url\":\"https:\\\/\\\/visitemporda.com\\\/wp-content\\\/uploads\\\/2019\\\/10\\\/Nadal-II.jpg\",\"contentUrl\":\"https:\\\/\\\/visitemporda.com\\\/wp-content\\\/uploads\\\/2019\\\/10\\\/Nadal-II.jpg\",\"width\":3696,\"height\":2448,\"caption\":\"escena de pessebre vivent, fam\u00edlia cosint\"},{\"@type\":\"BreadcrumbList\",\"@id\":\"https:\\\/\\\/visitemporda.com\\\/en\\\/recomenacions\\\/propostes\\\/patrimoni-cultural\\\/festes-i-tradicions\\\/nadal\\\/#breadcrumb\",\"itemListElement\":[{\"@type\":\"ListItem\",\"position\":1,\"name\":\"Inici\",\"item\":\"https:\\\/\\\/visitemporda.com\\\/en\\\/\"},{\"@type\":\"ListItem\",\"position\":2,\"name\":\"Recommendations\",\"item\":\"https:\\\/\\\/visitemporda.com\\\/en\\\/recomenacions\\\/\"},{\"@type\":\"ListItem\",\"position\":3,\"name\":\"What to do\",\"item\":\"https:\\\/\\\/visitemporda.com\\\/en\\\/recomenacions\\\/propostes\\\/\"},{\"@type\":\"ListItem\",\"position\":4,\"name\":\"Cultural heritage\",\"item\":\"https:\\\/\\\/visitemporda.com\\\/en\\\/recomenacions\\\/propostes\\\/patrimoni-cultural\\\/\"},{\"@type\":\"ListItem\",\"position\":5,\"name\":\"Festivals and traditions\",\"item\":\"https:\\\/\\\/visitemporda.com\\\/en\\\/recomenacions\\\/propostes\\\/patrimoni-cultural\\\/festes-i-tradicions\\\/\"},{\"@type\":\"ListItem\",\"position\":6,\"name\":\"Christmas\"}]},{\"@type\":\"WebSite\",\"@id\":\"https:\\\/\\\/visitemporda.com\\\/en\\\/#website\",\"url\":\"https:\\\/\\\/visitemporda.com\\\/en\\\/\",\"name\":\"Visit Empord\u00e0\",\"description\":\"The Official Site of the Baix Empord\u00e0 region\",\"publisher\":{\"@id\":\"https:\\\/\\\/visitemporda.com\\\/en\\\/#organization\"},\"potentialAction\":[{\"@type\":\"SearchAction\",\"target\":{\"@type\":\"EntryPoint\",\"urlTemplate\":\"https:\\\/\\\/visitemporda.com\\\/en\\\/?s={search_term_string}\"},\"query-input\":{\"@type\":\"PropertyValueSpecification\",\"valueRequired\":true,\"valueName\":\"search_term_string\"}}],\"inLanguage\":\"en-US\"},{\"@type\":\"Organization\",\"@id\":\"https:\\\/\\\/visitemporda.com\\\/en\\\/#organization\",\"name\":\"Consell Comarcal del Baix Empord\u00e0\",\"url\":\"https:\\\/\\\/visitemporda.com\\\/en\\\/\",\"logo\":{\"@type\":\"ImageObject\",\"inLanguage\":\"en-US\",\"@id\":\"https:\\\/\\\/visitemporda.com\\\/en\\\/#\\\/schema\\\/logo\\\/image\\\/\",\"url\":\"https:\\\/\\\/visitemporda.com\\\/wp-content\\\/uploads\\\/2024\\\/11\\\/Logotip_CCBE.png\",\"contentUrl\":\"https:\\\/\\\/visitemporda.com\\\/wp-content\\\/uploads\\\/2024\\\/11\\\/Logotip_CCBE.png\",\"width\":3617,\"height\":3617,\"caption\":\"Consell Comarcal del Baix Empord\u00e0\"},\"image\":{\"@id\":\"https:\\\/\\\/visitemporda.com\\\/en\\\/#\\\/schema\\\/logo\\\/image\\\/\"},\"sameAs\":[\"https:\\\/\\\/www.facebook.com\\\/baixempordaturisme\",\"https:\\\/\\\/x.com\\\/baixemporda_tur\",\"https:\\\/\\\/www.instagram.com\\\/visitemporda\"]}]}<\/script>\n<!-- \/ Yoast SEO plugin. -->","yoast_head_json":{"title":"Christmas - Visit Empord\u00e0","robots":{"index":"index","follow":"follow","max-snippet":"max-snippet:-1","max-image-preview":"max-image-preview:large","max-video-preview":"max-video-preview:-1"},"canonical":"https:\/\/visitemporda.com\/en\/recomenacions\/propostes\/patrimoni-cultural\/festes-i-tradicions\/nadal\/","og_locale":"en_US","og_type":"article","og_title":"Christmas - Visit Empord\u00e0","og_description":"One of the oldest festivals in Catalonia is Christmas, which developed in ancient Rome as a Christian replacement for the celebration of the winter solstice. Christmas celebrates the birth and first days of life of Jesus Christ, culminating with arrival of the Three Kings from the Orient to worship the infant. In addition, New Year\u2019s [&hellip;]","og_url":"https:\/\/visitemporda.com\/en\/recomenacions\/propostes\/patrimoni-cultural\/festes-i-tradicions\/nadal\/","og_site_name":"Visit Empord\u00e0","article_publisher":"https:\/\/www.facebook.com\/baixempordaturisme","article_modified_time":"2023-04-27T11:24:56+00:00","og_image":[{"width":3696,"height":2448,"url":"https:\/\/visitemporda.com\/wp-content\/uploads\/2019\/10\/Nadal-II.jpg","type":"image\/jpeg"}],"twitter_card":"summary_large_image","twitter_site":"@baixemporda_tur","twitter_misc":{"Est. reading time":"2 minutes"},"schema":{"@context":"https:\/\/schema.org","@graph":[{"@type":"WebPage","@id":"https:\/\/visitemporda.com\/en\/recomenacions\/propostes\/patrimoni-cultural\/festes-i-tradicions\/nadal\/","url":"https:\/\/visitemporda.com\/en\/recomenacions\/propostes\/patrimoni-cultural\/festes-i-tradicions\/nadal\/","name":"Christmas - Visit Empord\u00e0","isPartOf":{"@id":"https:\/\/visitemporda.com\/en\/#website"},"primaryImageOfPage":{"@id":"https:\/\/visitemporda.com\/en\/recomenacions\/propostes\/patrimoni-cultural\/festes-i-tradicions\/nadal\/#primaryimage"},"image":{"@id":"https:\/\/visitemporda.com\/en\/recomenacions\/propostes\/patrimoni-cultural\/festes-i-tradicions\/nadal\/#primaryimage"},"thumbnailUrl":"https:\/\/visitemporda.com\/wp-content\/uploads\/2019\/10\/Nadal-II.jpg","datePublished":"2019-10-08T13:46:24+00:00","dateModified":"2023-04-27T11:24:56+00:00","breadcrumb":{"@id":"https:\/\/visitemporda.com\/en\/recomenacions\/propostes\/patrimoni-cultural\/festes-i-tradicions\/nadal\/#breadcrumb"},"inLanguage":"en-US","potentialAction":[{"@type":"ReadAction","target":["https:\/\/visitemporda.com\/en\/recomenacions\/propostes\/patrimoni-cultural\/festes-i-tradicions\/nadal\/"]}]},{"@type":"ImageObject","inLanguage":"en-US","@id":"https:\/\/visitemporda.com\/en\/recomenacions\/propostes\/patrimoni-cultural\/festes-i-tradicions\/nadal\/#primaryimage","url":"https:\/\/visitemporda.com\/wp-content\/uploads\/2019\/10\/Nadal-II.jpg","contentUrl":"https:\/\/visitemporda.com\/wp-content\/uploads\/2019\/10\/Nadal-II.jpg","width":3696,"height":2448,"caption":"escena de pessebre vivent, fam\u00edlia cosint"},{"@type":"BreadcrumbList","@id":"https:\/\/visitemporda.com\/en\/recomenacions\/propostes\/patrimoni-cultural\/festes-i-tradicions\/nadal\/#breadcrumb","itemListElement":[{"@type":"ListItem","position":1,"name":"Inici","item":"https:\/\/visitemporda.com\/en\/"},{"@type":"ListItem","position":2,"name":"Recommendations","item":"https:\/\/visitemporda.com\/en\/recomenacions\/"},{"@type":"ListItem","position":3,"name":"What to do","item":"https:\/\/visitemporda.com\/en\/recomenacions\/propostes\/"},{"@type":"ListItem","position":4,"name":"Cultural heritage","item":"https:\/\/visitemporda.com\/en\/recomenacions\/propostes\/patrimoni-cultural\/"},{"@type":"ListItem","position":5,"name":"Festivals and traditions","item":"https:\/\/visitemporda.com\/en\/recomenacions\/propostes\/patrimoni-cultural\/festes-i-tradicions\/"},{"@type":"ListItem","position":6,"name":"Christmas"}]},{"@type":"WebSite","@id":"https:\/\/visitemporda.com\/en\/#website","url":"https:\/\/visitemporda.com\/en\/","name":"Visit Empord\u00e0","description":"The Official Site of the Baix Empord\u00e0 region","publisher":{"@id":"https:\/\/visitemporda.com\/en\/#organization"},"potentialAction":[{"@type":"SearchAction","target":{"@type":"EntryPoint","urlTemplate":"https:\/\/visitemporda.com\/en\/?s={search_term_string}"},"query-input":{"@type":"PropertyValueSpecification","valueRequired":true,"valueName":"search_term_string"}}],"inLanguage":"en-US"},{"@type":"Organization","@id":"https:\/\/visitemporda.com\/en\/#organization","name":"Consell Comarcal del Baix Empord\u00e0","url":"https:\/\/visitemporda.com\/en\/","logo":{"@type":"ImageObject","inLanguage":"en-US","@id":"https:\/\/visitemporda.com\/en\/#\/schema\/logo\/image\/","url":"https:\/\/visitemporda.com\/wp-content\/uploads\/2024\/11\/Logotip_CCBE.png","contentUrl":"https:\/\/visitemporda.com\/wp-content\/uploads\/2024\/11\/Logotip_CCBE.png","width":3617,"height":3617,"caption":"Consell Comarcal del Baix Empord\u00e0"},"image":{"@id":"https:\/\/visitemporda.com\/en\/#\/schema\/logo\/image\/"},"sameAs":["https:\/\/www.facebook.com\/baixempordaturisme","https:\/\/x.com\/baixemporda_tur","https:\/\/www.instagram.com\/visitemporda"]}]}},"_links":{"self":[{"href":"https:\/\/visitemporda.com\/en\/wp-json\/wp\/v2\/pages\/30411","targetHints":{"allow":["GET"]}}],"collection":[{"href":"https:\/\/visitemporda.com\/en\/wp-json\/wp\/v2\/pages"}],"about":[{"href":"https:\/\/visitemporda.com\/en\/wp-json\/wp\/v2\/types\/page"}],"author":[{"embeddable":true,"href":"https:\/\/visitemporda.com\/en\/wp-json\/wp\/v2\/users\/2"}],"replies":[{"embeddable":true,"href":"https:\/\/visitemporda.com\/en\/wp-json\/wp\/v2\/comments?post=30411"}],"version-history":[{"count":11,"href":"https:\/\/visitemporda.com\/en\/wp-json\/wp\/v2\/pages\/30411\/revisions"}],"predecessor-version":[{"id":43485,"href":"https:\/\/visitemporda.com\/en\/wp-json\/wp\/v2\/pages\/30411\/revisions\/43485"}],"up":[{"embeddable":true,"href":"https:\/\/visitemporda.com\/en\/wp-json\/wp\/v2\/pages\/21331"}],"wp:featuredmedia":[{"embeddable":true,"href":"https:\/\/visitemporda.com\/en\/wp-json\/wp\/v2\/media\/7566"}],"wp:attachment":[{"href":"https:\/\/visitemporda.com\/en\/wp-json\/wp\/v2\/media?parent=30411"}],"curies":[{"name":"wp","href":"https:\/\/api.w.org\/{rel}","templated":true}]}}