

{"id":22934,"date":"2020-07-02T14:37:33","date_gmt":"2020-07-02T12:37:33","guid":{"rendered":"http:\/\/visitemporda.com\/professionals\/mitjans-i-operadors-turistics\/dossiers\/"},"modified":"2021-04-19T11:23:15","modified_gmt":"2021-04-19T09:23:15","slug":"dossiers","status":"publish","type":"page","link":"https:\/\/visitemporda.com\/en\/professionals\/mitjans-i-operadors-turistics\/dossiers\/","title":{"rendered":"Dossiers"},"content":{"rendered":"<p>The Tourism Area of the Regional Council of the Baix Empord\u00e0 provides businesses, tour operators and media with tourist information in dossier format on different areas with the aim of promoting improvements to the destination through the tourism professionals that operate there.<\/p>\n","protected":false},"excerpt":{"rendered":"<p>The Tourism Area of the Regional Council of the Baix Empord\u00e0 provides businesses, tour operators and media with tourist information in dossier format on different areas with the aim of promoting improvements to the destination through the tourism professionals that operate there.<\/p>\n","protected":false},"author":5,"featured_media":22734,"parent":22929,"menu_order":0,"comment_status":"closed","ping_status":"closed","template":"page-templates\/fitxa-campanyes-gastronomiques.php","meta":{"_acf_changed":false,"footnotes":""},"class_list":["post-22934","page","type-page","status-publish","has-post-thumbnail","hentry"],"acf":[],"yoast_head":"<!-- This site is optimized with the Yoast SEO plugin v27.5 - https:\/\/yoast.com\/product\/yoast-seo-wordpress\/ -->\n<title>Dossiers - Visit Empord\u00e0<\/title>\n<meta name=\"robots\" content=\"index, follow, max-snippet:-1, max-image-preview:large, max-video-preview:-1\" \/>\n<link rel=\"canonical\" href=\"https:\/\/visitemporda.com\/en\/professionals\/mitjans-i-operadors-turistics\/dossiers\/\" \/>\n<meta property=\"og:locale\" content=\"en_US\" \/>\n<meta property=\"og:type\" content=\"article\" \/>\n<meta property=\"og:title\" content=\"Dossiers - Visit Empord\u00e0\" \/>\n<meta property=\"og:description\" content=\"The Tourism Area of the Regional Council of the Baix Empord\u00e0 provides businesses, tour operators and media with tourist information in dossier format on different areas with the aim of promoting improvements to the destination through the tourism professionals that operate there.\" \/>\n<meta property=\"og:url\" content=\"https:\/\/visitemporda.com\/en\/professionals\/mitjans-i-operadors-turistics\/dossiers\/\" \/>\n<meta property=\"og:site_name\" content=\"Visit Empord\u00e0\" \/>\n<meta property=\"article:publisher\" content=\"https:\/\/www.facebook.com\/baixempordaturisme\" \/>\n<meta property=\"article:modified_time\" content=\"2021-04-19T09:23:15+00:00\" \/>\n<meta property=\"og:image\" content=\"https:\/\/visitemporda.com\/wp-content\/uploads\/2021\/04\/DOSSIER_CAT_P\u00e1gina_01-c\u00f2pia.jpg\" \/>\n\t<meta property=\"og:image:width\" content=\"1653\" \/>\n\t<meta property=\"og:image:height\" content=\"1261\" \/>\n\t<meta property=\"og:image:type\" content=\"image\/jpeg\" \/>\n<meta name=\"twitter:card\" content=\"summary_large_image\" \/>\n<meta name=\"twitter:site\" content=\"@baixemporda_tur\" \/>\n<script type=\"application\/ld+json\" class=\"yoast-schema-graph\">{\"@context\":\"https:\\\/\\\/schema.org\",\"@graph\":[{\"@type\":\"WebPage\",\"@id\":\"https:\\\/\\\/visitemporda.com\\\/en\\\/professionals\\\/mitjans-i-operadors-turistics\\\/dossiers\\\/\",\"url\":\"https:\\\/\\\/visitemporda.com\\\/en\\\/professionals\\\/mitjans-i-operadors-turistics\\\/dossiers\\\/\",\"name\":\"Dossiers - Visit Empord\u00e0\",\"isPartOf\":{\"@id\":\"https:\\\/\\\/visitemporda.com\\\/en\\\/#website\"},\"primaryImageOfPage\":{\"@id\":\"https:\\\/\\\/visitemporda.com\\\/en\\\/professionals\\\/mitjans-i-operadors-turistics\\\/dossiers\\\/#primaryimage\"},\"image\":{\"@id\":\"https:\\\/\\\/visitemporda.com\\\/en\\\/professionals\\\/mitjans-i-operadors-turistics\\\/dossiers\\\/#primaryimage\"},\"thumbnailUrl\":\"https:\\\/\\\/visitemporda.com\\\/wp-content\\\/uploads\\\/2021\\\/04\\\/DOSSIER_CAT_P\u00e1gina_01-c\u00f2pia.jpg\",\"datePublished\":\"2020-07-02T12:37:33+00:00\",\"dateModified\":\"2021-04-19T09:23:15+00:00\",\"breadcrumb\":{\"@id\":\"https:\\\/\\\/visitemporda.com\\\/en\\\/professionals\\\/mitjans-i-operadors-turistics\\\/dossiers\\\/#breadcrumb\"},\"inLanguage\":\"en-US\",\"potentialAction\":[{\"@type\":\"ReadAction\",\"target\":[\"https:\\\/\\\/visitemporda.com\\\/en\\\/professionals\\\/mitjans-i-operadors-turistics\\\/dossiers\\\/\"]}]},{\"@type\":\"ImageObject\",\"inLanguage\":\"en-US\",\"@id\":\"https:\\\/\\\/visitemporda.com\\\/en\\\/professionals\\\/mitjans-i-operadors-turistics\\\/dossiers\\\/#primaryimage\",\"url\":\"https:\\\/\\\/visitemporda.com\\\/wp-content\\\/uploads\\\/2021\\\/04\\\/DOSSIER_CAT_P\u00e1gina_01-c\u00f2pia.jpg\",\"contentUrl\":\"https:\\\/\\\/visitemporda.com\\\/wp-content\\\/uploads\\\/2021\\\/04\\\/DOSSIER_CAT_P\u00e1gina_01-c\u00f2pia.jpg\",\"width\":1653,\"height\":1261,\"caption\":\"Portada dossier gastronomia en catal\u00e0: diversos productes en un plat: sardines, gambes, escamarlans, bolets, pomes, pr\u00e8ssecs.\"},{\"@type\":\"BreadcrumbList\",\"@id\":\"https:\\\/\\\/visitemporda.com\\\/en\\\/professionals\\\/mitjans-i-operadors-turistics\\\/dossiers\\\/#breadcrumb\",\"itemListElement\":[{\"@type\":\"ListItem\",\"position\":1,\"name\":\"Inici\",\"item\":\"https:\\\/\\\/visitemporda.com\\\/en\\\/\"},{\"@type\":\"ListItem\",\"position\":2,\"name\":\"Professionals\",\"item\":\"https:\\\/\\\/visitemporda.com\\\/en\\\/professionals\\\/\"},{\"@type\":\"ListItem\",\"position\":3,\"name\":\"Tourism media and operators\",\"item\":\"https:\\\/\\\/visitemporda.com\\\/en\\\/professionals\\\/mitjans-i-operadors-turistics\\\/\"},{\"@type\":\"ListItem\",\"position\":4,\"name\":\"Dossiers\"}]},{\"@type\":\"WebSite\",\"@id\":\"https:\\\/\\\/visitemporda.com\\\/en\\\/#website\",\"url\":\"https:\\\/\\\/visitemporda.com\\\/en\\\/\",\"name\":\"Visit Empord\u00e0\",\"description\":\"The Official Site of the Baix Empord\u00e0 region\",\"publisher\":{\"@id\":\"https:\\\/\\\/visitemporda.com\\\/en\\\/#organization\"},\"potentialAction\":[{\"@type\":\"SearchAction\",\"target\":{\"@type\":\"EntryPoint\",\"urlTemplate\":\"https:\\\/\\\/visitemporda.com\\\/en\\\/?s={search_term_string}\"},\"query-input\":{\"@type\":\"PropertyValueSpecification\",\"valueRequired\":true,\"valueName\":\"search_term_string\"}}],\"inLanguage\":\"en-US\"},{\"@type\":\"Organization\",\"@id\":\"https:\\\/\\\/visitemporda.com\\\/en\\\/#organization\",\"name\":\"Consell Comarcal del Baix Empord\u00e0\",\"url\":\"https:\\\/\\\/visitemporda.com\\\/en\\\/\",\"logo\":{\"@type\":\"ImageObject\",\"inLanguage\":\"en-US\",\"@id\":\"https:\\\/\\\/visitemporda.com\\\/en\\\/#\\\/schema\\\/logo\\\/image\\\/\",\"url\":\"https:\\\/\\\/visitemporda.com\\\/wp-content\\\/uploads\\\/2024\\\/11\\\/Logotip_CCBE.png\",\"contentUrl\":\"https:\\\/\\\/visitemporda.com\\\/wp-content\\\/uploads\\\/2024\\\/11\\\/Logotip_CCBE.png\",\"width\":3617,\"height\":3617,\"caption\":\"Consell Comarcal del Baix Empord\u00e0\"},\"image\":{\"@id\":\"https:\\\/\\\/visitemporda.com\\\/en\\\/#\\\/schema\\\/logo\\\/image\\\/\"},\"sameAs\":[\"https:\\\/\\\/www.facebook.com\\\/baixempordaturisme\",\"https:\\\/\\\/x.com\\\/baixemporda_tur\",\"https:\\\/\\\/www.instagram.com\\\/visitemporda\"]}]}<\/script>\n<!-- \/ Yoast SEO plugin. -->","yoast_head_json":{"title":"Dossiers - Visit Empord\u00e0","robots":{"index":"index","follow":"follow","max-snippet":"max-snippet:-1","max-image-preview":"max-image-preview:large","max-video-preview":"max-video-preview:-1"},"canonical":"https:\/\/visitemporda.com\/en\/professionals\/mitjans-i-operadors-turistics\/dossiers\/","og_locale":"en_US","og_type":"article","og_title":"Dossiers - Visit Empord\u00e0","og_description":"The Tourism Area of the Regional Council of the Baix Empord\u00e0 provides businesses, tour operators and media with tourist information in dossier format on different areas with the aim of promoting improvements to the destination through the tourism professionals that operate there.","og_url":"https:\/\/visitemporda.com\/en\/professionals\/mitjans-i-operadors-turistics\/dossiers\/","og_site_name":"Visit Empord\u00e0","article_publisher":"https:\/\/www.facebook.com\/baixempordaturisme","article_modified_time":"2021-04-19T09:23:15+00:00","og_image":[{"width":1653,"height":1261,"url":"https:\/\/visitemporda.com\/wp-content\/uploads\/2021\/04\/DOSSIER_CAT_P\u00e1gina_01-c\u00f2pia.jpg","type":"image\/jpeg"}],"twitter_card":"summary_large_image","twitter_site":"@baixemporda_tur","schema":{"@context":"https:\/\/schema.org","@graph":[{"@type":"WebPage","@id":"https:\/\/visitemporda.com\/en\/professionals\/mitjans-i-operadors-turistics\/dossiers\/","url":"https:\/\/visitemporda.com\/en\/professionals\/mitjans-i-operadors-turistics\/dossiers\/","name":"Dossiers - Visit Empord\u00e0","isPartOf":{"@id":"https:\/\/visitemporda.com\/en\/#website"},"primaryImageOfPage":{"@id":"https:\/\/visitemporda.com\/en\/professionals\/mitjans-i-operadors-turistics\/dossiers\/#primaryimage"},"image":{"@id":"https:\/\/visitemporda.com\/en\/professionals\/mitjans-i-operadors-turistics\/dossiers\/#primaryimage"},"thumbnailUrl":"https:\/\/visitemporda.com\/wp-content\/uploads\/2021\/04\/DOSSIER_CAT_P\u00e1gina_01-c\u00f2pia.jpg","datePublished":"2020-07-02T12:37:33+00:00","dateModified":"2021-04-19T09:23:15+00:00","breadcrumb":{"@id":"https:\/\/visitemporda.com\/en\/professionals\/mitjans-i-operadors-turistics\/dossiers\/#breadcrumb"},"inLanguage":"en-US","potentialAction":[{"@type":"ReadAction","target":["https:\/\/visitemporda.com\/en\/professionals\/mitjans-i-operadors-turistics\/dossiers\/"]}]},{"@type":"ImageObject","inLanguage":"en-US","@id":"https:\/\/visitemporda.com\/en\/professionals\/mitjans-i-operadors-turistics\/dossiers\/#primaryimage","url":"https:\/\/visitemporda.com\/wp-content\/uploads\/2021\/04\/DOSSIER_CAT_P\u00e1gina_01-c\u00f2pia.jpg","contentUrl":"https:\/\/visitemporda.com\/wp-content\/uploads\/2021\/04\/DOSSIER_CAT_P\u00e1gina_01-c\u00f2pia.jpg","width":1653,"height":1261,"caption":"Portada dossier gastronomia en catal\u00e0: diversos productes en un plat: sardines, gambes, escamarlans, bolets, pomes, pr\u00e8ssecs."},{"@type":"BreadcrumbList","@id":"https:\/\/visitemporda.com\/en\/professionals\/mitjans-i-operadors-turistics\/dossiers\/#breadcrumb","itemListElement":[{"@type":"ListItem","position":1,"name":"Inici","item":"https:\/\/visitemporda.com\/en\/"},{"@type":"ListItem","position":2,"name":"Professionals","item":"https:\/\/visitemporda.com\/en\/professionals\/"},{"@type":"ListItem","position":3,"name":"Tourism media and operators","item":"https:\/\/visitemporda.com\/en\/professionals\/mitjans-i-operadors-turistics\/"},{"@type":"ListItem","position":4,"name":"Dossiers"}]},{"@type":"WebSite","@id":"https:\/\/visitemporda.com\/en\/#website","url":"https:\/\/visitemporda.com\/en\/","name":"Visit Empord\u00e0","description":"The Official Site of the Baix Empord\u00e0 region","publisher":{"@id":"https:\/\/visitemporda.com\/en\/#organization"},"potentialAction":[{"@type":"SearchAction","target":{"@type":"EntryPoint","urlTemplate":"https:\/\/visitemporda.com\/en\/?s={search_term_string}"},"query-input":{"@type":"PropertyValueSpecification","valueRequired":true,"valueName":"search_term_string"}}],"inLanguage":"en-US"},{"@type":"Organization","@id":"https:\/\/visitemporda.com\/en\/#organization","name":"Consell Comarcal del Baix Empord\u00e0","url":"https:\/\/visitemporda.com\/en\/","logo":{"@type":"ImageObject","inLanguage":"en-US","@id":"https:\/\/visitemporda.com\/en\/#\/schema\/logo\/image\/","url":"https:\/\/visitemporda.com\/wp-content\/uploads\/2024\/11\/Logotip_CCBE.png","contentUrl":"https:\/\/visitemporda.com\/wp-content\/uploads\/2024\/11\/Logotip_CCBE.png","width":3617,"height":3617,"caption":"Consell Comarcal del Baix Empord\u00e0"},"image":{"@id":"https:\/\/visitemporda.com\/en\/#\/schema\/logo\/image\/"},"sameAs":["https:\/\/www.facebook.com\/baixempordaturisme","https:\/\/x.com\/baixemporda_tur","https:\/\/www.instagram.com\/visitemporda"]}]}},"_links":{"self":[{"href":"https:\/\/visitemporda.com\/en\/wp-json\/wp\/v2\/pages\/22934","targetHints":{"allow":["GET"]}}],"collection":[{"href":"https:\/\/visitemporda.com\/en\/wp-json\/wp\/v2\/pages"}],"about":[{"href":"https:\/\/visitemporda.com\/en\/wp-json\/wp\/v2\/types\/page"}],"author":[{"embeddable":true,"href":"https:\/\/visitemporda.com\/en\/wp-json\/wp\/v2\/users\/5"}],"replies":[{"embeddable":true,"href":"https:\/\/visitemporda.com\/en\/wp-json\/wp\/v2\/comments?post=22934"}],"version-history":[{"count":3,"href":"https:\/\/visitemporda.com\/en\/wp-json\/wp\/v2\/pages\/22934\/revisions"}],"predecessor-version":[{"id":22938,"href":"https:\/\/visitemporda.com\/en\/wp-json\/wp\/v2\/pages\/22934\/revisions\/22938"}],"up":[{"embeddable":true,"href":"https:\/\/visitemporda.com\/en\/wp-json\/wp\/v2\/pages\/22929"}],"wp:featuredmedia":[{"embeddable":true,"href":"https:\/\/visitemporda.com\/en\/wp-json\/wp\/v2\/media\/22734"}],"wp:attachment":[{"href":"https:\/\/visitemporda.com\/en\/wp-json\/wp\/v2\/media?parent=22934"}],"curies":[{"name":"wp","href":"https:\/\/api.w.org\/{rel}","templated":true}]}}